{"id":30,"date":"2022-10-18T10:49:44","date_gmt":"2022-10-18T08:49:44","guid":{"rendered":"http:\/\/serwer2161206.home.pl\/autoinstalator\/wordpress\/index.php\/about\/"},"modified":"2023-01-23T10:23:34","modified_gmt":"2023-01-23T09:23:34","slug":"o-parafii","status":"publish","type":"page","link":"https:\/\/parafiawstarejwsi.pl\/index.php\/o-parafii\/","title":{"rendered":"O Parafii"},"content":{"rendered":"\t\t<div data-elementor-type=\"wp-page\" data-elementor-id=\"30\" class=\"elementor elementor-30\" data-elementor-post-type=\"page\">\n\t\t\t\t\t\t<section class=\"elementor-section elementor-top-section elementor-element elementor-element-2cc7cc1 elementor-section-boxed elementor-section-height-default elementor-section-height-default\" data-id=\"2cc7cc1\" data-element_type=\"section\" data-e-type=\"section\">\n\t\t\t\t\t\t<div class=\"elementor-container elementor-column-gap-default\">\n\t\t\t\t\t<div class=\"elementor-column elementor-col-100 elementor-top-column elementor-element elementor-element-0c833df\" data-id=\"0c833df\" data-element_type=\"column\" data-e-type=\"column\">\n\t\t\t<div class=\"elementor-widget-wrap elementor-element-populated\">\n\t\t\t\t\t\t<div class=\"elementor-element elementor-element-d94ded5 elementor-nav-menu__align-center elementor-nav-menu--dropdown-tablet elementor-nav-menu__text-align-aside elementor-nav-menu--toggle elementor-nav-menu--burger elementor-widget elementor-widget-global elementor-global-276 elementor-widget-nav-menu\" data-id=\"d94ded5\" data-element_type=\"widget\" data-e-type=\"widget\" data-settings=\"{&quot;submenu_icon&quot;:{&quot;value&quot;:&quot;fas fa-chevron-down&quot;,&quot;library&quot;:&quot;fa-solid&quot;},&quot;layout&quot;:&quot;horizontal&quot;,&quot;toggle&quot;:&quot;burger&quot;}\" data-widget_type=\"nav-menu.default\">\n\t\t\t\t<div class=\"elementor-widget-container\">\n\t\t\t\t\t\t\t\t<nav aria-label=\"Menu\" class=\"elementor-nav-menu--main elementor-nav-menu__container elementor-nav-menu--layout-horizontal e--pointer-underline e--animation-fade\">\n\t\t\t\t<ul id=\"menu-1-d94ded5\" class=\"elementor-nav-menu\"><li class=\"menu-item menu-item-type-post_type menu-item-object-page menu-item-home menu-item-64\"><a href=\"https:\/\/parafiawstarejwsi.pl\/\" class=\"elementor-item\">Strona g\u0142\u00f3wna<\/a><\/li>\n<li class=\"menu-item menu-item-type-post_type menu-item-object-page menu-item-65\"><a href=\"https:\/\/parafiawstarejwsi.pl\/index.php\/o-parafii\/\" class=\"elementor-item\">O Parafii<\/a><\/li>\n<li class=\"menu-item menu-item-type-post_type menu-item-object-page menu-item-67\"><a href=\"https:\/\/parafiawstarejwsi.pl\/index.php\/ogloszenia\/\" class=\"elementor-item\">Og\u0142oszenia<\/a><\/li>\n<li class=\"menu-item menu-item-type-post_type menu-item-object-page menu-item-152\"><a href=\"https:\/\/parafiawstarejwsi.pl\/index.php\/intencje-mszy\/\" class=\"elementor-item\">Intencje Mszy \u015bw.<\/a><\/li>\n<li class=\"menu-item menu-item-type-post_type menu-item-object-page menu-item-676\"><a href=\"https:\/\/parafiawstarejwsi.pl\/index.php\/galeria\/\" class=\"elementor-item\">Galeria<\/a><\/li>\n<li class=\"menu-item menu-item-type-custom menu-item-object-custom menu-item-635\"><a href=\"https:\/\/www.youtube.com\/@parafiawstarejwsi\" class=\"elementor-item\">Wideo<\/a><\/li>\n<li class=\"menu-item menu-item-type-post_type menu-item-object-page menu-item-291\"><a href=\"https:\/\/parafiawstarejwsi.pl\/index.php\/kontakt\/\" class=\"elementor-item\">Kontakt<\/a><\/li>\n<li class=\"menu-item menu-item-type-post_type menu-item-object-page menu-item-2897\"><a href=\"https:\/\/parafiawstarejwsi.pl\/index.php\/ochrona-dzieci\/\" class=\"elementor-item\">Ochrona dzieci<\/a><\/li>\n<\/ul>\t\t\t<\/nav>\n\t\t\t\t\t<div class=\"elementor-menu-toggle\" role=\"button\" tabindex=\"0\" aria-label=\"Menu Toggle\" aria-expanded=\"false\">\n\t\t\t<i aria-hidden=\"true\" role=\"presentation\" class=\"elementor-menu-toggle__icon--open eicon-menu-bar\"><\/i><i aria-hidden=\"true\" role=\"presentation\" class=\"elementor-menu-toggle__icon--close eicon-close\"><\/i>\t\t<\/div>\n\t\t\t\t\t<nav class=\"elementor-nav-menu--dropdown elementor-nav-menu__container\" aria-hidden=\"true\">\n\t\t\t\t<ul id=\"menu-2-d94ded5\" class=\"elementor-nav-menu\"><li class=\"menu-item menu-item-type-post_type menu-item-object-page menu-item-home menu-item-64\"><a href=\"https:\/\/parafiawstarejwsi.pl\/\" class=\"elementor-item\" tabindex=\"-1\">Strona g\u0142\u00f3wna<\/a><\/li>\n<li class=\"menu-item menu-item-type-post_type menu-item-object-page menu-item-65\"><a href=\"https:\/\/parafiawstarejwsi.pl\/index.php\/o-parafii\/\" class=\"elementor-item\" tabindex=\"-1\">O Parafii<\/a><\/li>\n<li class=\"menu-item menu-item-type-post_type menu-item-object-page menu-item-67\"><a href=\"https:\/\/parafiawstarejwsi.pl\/index.php\/ogloszenia\/\" class=\"elementor-item\" tabindex=\"-1\">Og\u0142oszenia<\/a><\/li>\n<li class=\"menu-item menu-item-type-post_type menu-item-object-page menu-item-152\"><a href=\"https:\/\/parafiawstarejwsi.pl\/index.php\/intencje-mszy\/\" class=\"elementor-item\" tabindex=\"-1\">Intencje Mszy \u015bw.<\/a><\/li>\n<li class=\"menu-item menu-item-type-post_type menu-item-object-page menu-item-676\"><a href=\"https:\/\/parafiawstarejwsi.pl\/index.php\/galeria\/\" class=\"elementor-item\" tabindex=\"-1\">Galeria<\/a><\/li>\n<li class=\"menu-item menu-item-type-custom menu-item-object-custom menu-item-635\"><a href=\"https:\/\/www.youtube.com\/@parafiawstarejwsi\" class=\"elementor-item\" tabindex=\"-1\">Wideo<\/a><\/li>\n<li class=\"menu-item menu-item-type-post_type menu-item-object-page menu-item-291\"><a href=\"https:\/\/parafiawstarejwsi.pl\/index.php\/kontakt\/\" class=\"elementor-item\" tabindex=\"-1\">Kontakt<\/a><\/li>\n<li class=\"menu-item menu-item-type-post_type menu-item-object-page menu-item-2897\"><a href=\"https:\/\/parafiawstarejwsi.pl\/index.php\/ochrona-dzieci\/\" class=\"elementor-item\" tabindex=\"-1\">Ochrona dzieci<\/a><\/li>\n<\/ul>\t\t\t<\/nav>\n\t\t\t\t\t\t<\/div>\n\t\t\t\t<\/div>\n\t\t\t\t\t<\/div>\n\t\t<\/div>\n\t\t\t\t\t<\/div>\n\t\t<\/section>\n\t\t\t\t<section class=\"elementor-section elementor-top-section elementor-element elementor-element-7e995005 elementor-section-full_width elementor-section-height-min-height elementor-section-items-stretch elementor-section-content-top elementor-reverse-mobile elementor-section-height-default\" data-id=\"7e995005\" data-element_type=\"section\" data-e-type=\"section\" data-settings=\"{&quot;background_background&quot;:&quot;classic&quot;}\">\n\t\t\t\t\t\t<div class=\"elementor-container elementor-column-gap-no\">\n\t\t\t\t\t<div class=\"elementor-column elementor-col-50 elementor-top-column elementor-element elementor-element-6d47c04b\" data-id=\"6d47c04b\" data-element_type=\"column\" data-e-type=\"column\" data-settings=\"{&quot;background_background&quot;:&quot;classic&quot;}\">\n\t\t\t<div class=\"elementor-widget-wrap elementor-element-populated\">\n\t\t\t\t\t\t<div class=\"elementor-element elementor-element-f53d373 elementor-widget elementor-widget-gallery\" data-id=\"f53d373\" data-element_type=\"widget\" data-e-type=\"widget\" data-settings=\"{&quot;columns&quot;:3,&quot;gap&quot;:{&quot;unit&quot;:&quot;px&quot;,&quot;size&quot;:25,&quot;sizes&quot;:[]},&quot;aspect_ratio&quot;:&quot;1:1&quot;,&quot;lazyload&quot;:&quot;yes&quot;,&quot;gallery_layout&quot;:&quot;grid&quot;,&quot;columns_tablet&quot;:2,&quot;columns_mobile&quot;:1,&quot;gap_tablet&quot;:{&quot;unit&quot;:&quot;px&quot;,&quot;size&quot;:10,&quot;sizes&quot;:[]},&quot;gap_mobile&quot;:{&quot;unit&quot;:&quot;px&quot;,&quot;size&quot;:10,&quot;sizes&quot;:[]},&quot;link_to&quot;:&quot;file&quot;,&quot;overlay_background&quot;:&quot;yes&quot;,&quot;content_hover_animation&quot;:&quot;fade-in&quot;}\" data-widget_type=\"gallery.default\">\n\t\t\t\t<div class=\"elementor-widget-container\">\n\t\t\t\t\t\t\t<div class=\"elementor-gallery__container\">\n\t\t\t\t\t\t\t<a class=\"e-gallery-item elementor-gallery-item elementor-animated-content\" href=\"https:\/\/parafiawstarejwsi.pl\/wp-content\/uploads\/2022\/10\/20210608-DJI_0797-HDR.jpg\" data-elementor-open-lightbox=\"yes\" data-elementor-lightbox-slideshow=\"f53d373\" data-elementor-lightbox-title=\"Ko\u015bci\u00f3\u0142 w Starej Wsi\" data-e-action-hash=\"#elementor-action%3Aaction%3Dlightbox%26settings%3DeyJpZCI6MTMzLCJ1cmwiOiJodHRwczpcL1wvcGFyYWZpYXdzdGFyZWp3c2kucGxcL3dwLWNvbnRlbnRcL3VwbG9hZHNcLzIwMjJcLzEwXC8yMDIxMDYwOC1ESklfMDc5Ny1IRFIuanBnIiwic2xpZGVzaG93IjoiZjUzZDM3MyJ9\">\n\t\t\t\t\t<div class=\"e-gallery-image elementor-gallery-item__image\" data-thumbnail=\"https:\/\/parafiawstarejwsi.pl\/wp-content\/uploads\/2022\/10\/20210608-DJI_0797-HDR-768x512.jpg\" data-width=\"768\" data-height=\"512\" aria-label=\"Ko\u015bci\u00f3\u0142 w Starej Wsi\" role=\"img\" ><\/div>\n\t\t\t\t\t\t\t\t\t\t\t<div class=\"elementor-gallery-item__overlay\"><\/div>\n\t\t\t\t\t\t\t\t\t\t\t\t\t\t<\/a>\n\t\t\t\t\t\t\t<a class=\"e-gallery-item elementor-gallery-item elementor-animated-content\" href=\"https:\/\/parafiawstarejwsi.pl\/wp-content\/uploads\/2023\/01\/20210608-IMG_8099.jpg\" data-elementor-open-lightbox=\"yes\" data-elementor-lightbox-slideshow=\"f53d373\" data-elementor-lightbox-title=\"20210608-IMG_8099\" data-e-action-hash=\"#elementor-action%3Aaction%3Dlightbox%26settings%3DeyJpZCI6MzkwLCJ1cmwiOiJodHRwczpcL1wvcGFyYWZpYXdzdGFyZWp3c2kucGxcL3dwLWNvbnRlbnRcL3VwbG9hZHNcLzIwMjNcLzAxXC8yMDIxMDYwOC1JTUdfODA5OS5qcGciLCJzbGlkZXNob3ciOiJmNTNkMzczIn0%3D\">\n\t\t\t\t\t<div class=\"e-gallery-image elementor-gallery-item__image\" data-thumbnail=\"https:\/\/parafiawstarejwsi.pl\/wp-content\/uploads\/2023\/01\/20210608-IMG_8099-768x512.jpg\" data-width=\"768\" data-height=\"512\" aria-label=\"\" role=\"img\" ><\/div>\n\t\t\t\t\t\t\t\t\t\t\t<div class=\"elementor-gallery-item__overlay\"><\/div>\n\t\t\t\t\t\t\t\t\t\t\t\t\t\t<\/a>\n\t\t\t\t\t\t\t<a class=\"e-gallery-item elementor-gallery-item elementor-animated-content\" href=\"https:\/\/parafiawstarejwsi.pl\/wp-content\/uploads\/2023\/01\/20210608-IMG_8127.jpg\" data-elementor-open-lightbox=\"yes\" data-elementor-lightbox-slideshow=\"f53d373\" data-elementor-lightbox-title=\"20210608-IMG_8127\" data-e-action-hash=\"#elementor-action%3Aaction%3Dlightbox%26settings%3DeyJpZCI6Mzk0LCJ1cmwiOiJodHRwczpcL1wvcGFyYWZpYXdzdGFyZWp3c2kucGxcL3dwLWNvbnRlbnRcL3VwbG9hZHNcLzIwMjNcLzAxXC8yMDIxMDYwOC1JTUdfODEyNy5qcGciLCJzbGlkZXNob3ciOiJmNTNkMzczIn0%3D\">\n\t\t\t\t\t<div class=\"e-gallery-image elementor-gallery-item__image\" data-thumbnail=\"https:\/\/parafiawstarejwsi.pl\/wp-content\/uploads\/2023\/01\/20210608-IMG_8127-768x512.jpg\" data-width=\"768\" data-height=\"512\" aria-label=\"\" role=\"img\" ><\/div>\n\t\t\t\t\t\t\t\t\t\t\t<div class=\"elementor-gallery-item__overlay\"><\/div>\n\t\t\t\t\t\t\t\t\t\t\t\t\t\t<\/a>\n\t\t\t\t\t\t\t<a class=\"e-gallery-item elementor-gallery-item elementor-animated-content\" href=\"https:\/\/parafiawstarejwsi.pl\/wp-content\/uploads\/2023\/01\/20210608-IMG_8117.jpg\" data-elementor-open-lightbox=\"yes\" data-elementor-lightbox-slideshow=\"f53d373\" data-elementor-lightbox-title=\"20210608-IMG_8117\" data-e-action-hash=\"#elementor-action%3Aaction%3Dlightbox%26settings%3DeyJpZCI6MzkzLCJ1cmwiOiJodHRwczpcL1wvcGFyYWZpYXdzdGFyZWp3c2kucGxcL3dwLWNvbnRlbnRcL3VwbG9hZHNcLzIwMjNcLzAxXC8yMDIxMDYwOC1JTUdfODExNy5qcGciLCJzbGlkZXNob3ciOiJmNTNkMzczIn0%3D\">\n\t\t\t\t\t<div class=\"e-gallery-image elementor-gallery-item__image\" data-thumbnail=\"https:\/\/parafiawstarejwsi.pl\/wp-content\/uploads\/2023\/01\/20210608-IMG_8117-768x512.jpg\" data-width=\"768\" data-height=\"512\" aria-label=\"\" role=\"img\" ><\/div>\n\t\t\t\t\t\t\t\t\t\t\t<div class=\"elementor-gallery-item__overlay\"><\/div>\n\t\t\t\t\t\t\t\t\t\t\t\t\t\t<\/a>\n\t\t\t\t\t\t\t<a class=\"e-gallery-item elementor-gallery-item elementor-animated-content\" href=\"https:\/\/parafiawstarejwsi.pl\/wp-content\/uploads\/2023\/01\/20210608-IMG_8109.jpg\" data-elementor-open-lightbox=\"yes\" data-elementor-lightbox-slideshow=\"f53d373\" data-elementor-lightbox-title=\"20210608-IMG_8109\" data-e-action-hash=\"#elementor-action%3Aaction%3Dlightbox%26settings%3DeyJpZCI6MzkyLCJ1cmwiOiJodHRwczpcL1wvcGFyYWZpYXdzdGFyZWp3c2kucGxcL3dwLWNvbnRlbnRcL3VwbG9hZHNcLzIwMjNcLzAxXC8yMDIxMDYwOC1JTUdfODEwOS5qcGciLCJzbGlkZXNob3ciOiJmNTNkMzczIn0%3D\">\n\t\t\t\t\t<div class=\"e-gallery-image elementor-gallery-item__image\" data-thumbnail=\"https:\/\/parafiawstarejwsi.pl\/wp-content\/uploads\/2023\/01\/20210608-IMG_8109-768x512.jpg\" data-width=\"768\" data-height=\"512\" aria-label=\"\" role=\"img\" ><\/div>\n\t\t\t\t\t\t\t\t\t\t\t<div class=\"elementor-gallery-item__overlay\"><\/div>\n\t\t\t\t\t\t\t\t\t\t\t\t\t\t<\/a>\n\t\t\t\t\t\t\t<a class=\"e-gallery-item elementor-gallery-item elementor-animated-content\" href=\"https:\/\/parafiawstarejwsi.pl\/wp-content\/uploads\/2023\/01\/20210608-IMG_8106.jpg\" data-elementor-open-lightbox=\"yes\" data-elementor-lightbox-slideshow=\"f53d373\" data-elementor-lightbox-title=\"20210608-IMG_8106\" data-e-action-hash=\"#elementor-action%3Aaction%3Dlightbox%26settings%3DeyJpZCI6MzkxLCJ1cmwiOiJodHRwczpcL1wvcGFyYWZpYXdzdGFyZWp3c2kucGxcL3dwLWNvbnRlbnRcL3VwbG9hZHNcLzIwMjNcLzAxXC8yMDIxMDYwOC1JTUdfODEwNi5qcGciLCJzbGlkZXNob3ciOiJmNTNkMzczIn0%3D\">\n\t\t\t\t\t<div class=\"e-gallery-image elementor-gallery-item__image\" data-thumbnail=\"https:\/\/parafiawstarejwsi.pl\/wp-content\/uploads\/2023\/01\/20210608-IMG_8106-768x512.jpg\" data-width=\"768\" data-height=\"512\" aria-label=\"\" role=\"img\" ><\/div>\n\t\t\t\t\t\t\t\t\t\t\t<div class=\"elementor-gallery-item__overlay\"><\/div>\n\t\t\t\t\t\t\t\t\t\t\t\t\t\t<\/a>\n\t\t\t\t\t\t\t<a class=\"e-gallery-item elementor-gallery-item elementor-animated-content\" href=\"https:\/\/parafiawstarejwsi.pl\/wp-content\/uploads\/2023\/01\/20210608-IMG_8083.jpg\" data-elementor-open-lightbox=\"yes\" data-elementor-lightbox-slideshow=\"f53d373\" data-elementor-lightbox-title=\"20210608-IMG_8083\" data-e-action-hash=\"#elementor-action%3Aaction%3Dlightbox%26settings%3DeyJpZCI6Mzg3LCJ1cmwiOiJodHRwczpcL1wvcGFyYWZpYXdzdGFyZWp3c2kucGxcL3dwLWNvbnRlbnRcL3VwbG9hZHNcLzIwMjNcLzAxXC8yMDIxMDYwOC1JTUdfODA4My5qcGciLCJzbGlkZXNob3ciOiJmNTNkMzczIn0%3D\">\n\t\t\t\t\t<div class=\"e-gallery-image elementor-gallery-item__image\" data-thumbnail=\"https:\/\/parafiawstarejwsi.pl\/wp-content\/uploads\/2023\/01\/20210608-IMG_8083-768x512.jpg\" data-width=\"768\" data-height=\"512\" aria-label=\"\" role=\"img\" ><\/div>\n\t\t\t\t\t\t\t\t\t\t\t<div class=\"elementor-gallery-item__overlay\"><\/div>\n\t\t\t\t\t\t\t\t\t\t\t\t\t\t<\/a>\n\t\t\t\t\t\t\t<a class=\"e-gallery-item elementor-gallery-item elementor-animated-content\" href=\"https:\/\/parafiawstarejwsi.pl\/wp-content\/uploads\/2023\/01\/20210608-IMG_8089.jpg\" data-elementor-open-lightbox=\"yes\" data-elementor-lightbox-slideshow=\"f53d373\" data-elementor-lightbox-title=\"20210608-IMG_8089\" data-e-action-hash=\"#elementor-action%3Aaction%3Dlightbox%26settings%3DeyJpZCI6Mzg5LCJ1cmwiOiJodHRwczpcL1wvcGFyYWZpYXdzdGFyZWp3c2kucGxcL3dwLWNvbnRlbnRcL3VwbG9hZHNcLzIwMjNcLzAxXC8yMDIxMDYwOC1JTUdfODA4OS5qcGciLCJzbGlkZXNob3ciOiJmNTNkMzczIn0%3D\">\n\t\t\t\t\t<div class=\"e-gallery-image elementor-gallery-item__image\" data-thumbnail=\"https:\/\/parafiawstarejwsi.pl\/wp-content\/uploads\/2023\/01\/20210608-IMG_8089-768x512.jpg\" data-width=\"768\" data-height=\"512\" aria-label=\"\" role=\"img\" ><\/div>\n\t\t\t\t\t\t\t\t\t\t\t<div class=\"elementor-gallery-item__overlay\"><\/div>\n\t\t\t\t\t\t\t\t\t\t\t\t\t\t<\/a>\n\t\t\t\t\t\t\t<a class=\"e-gallery-item elementor-gallery-item elementor-animated-content\" href=\"https:\/\/parafiawstarejwsi.pl\/wp-content\/uploads\/2023\/01\/20210608-IMG_8087.jpg\" data-elementor-open-lightbox=\"yes\" data-elementor-lightbox-slideshow=\"f53d373\" data-elementor-lightbox-title=\"20210608-IMG_8087\" data-e-action-hash=\"#elementor-action%3Aaction%3Dlightbox%26settings%3DeyJpZCI6Mzg4LCJ1cmwiOiJodHRwczpcL1wvcGFyYWZpYXdzdGFyZWp3c2kucGxcL3dwLWNvbnRlbnRcL3VwbG9hZHNcLzIwMjNcLzAxXC8yMDIxMDYwOC1JTUdfODA4Ny5qcGciLCJzbGlkZXNob3ciOiJmNTNkMzczIn0%3D\">\n\t\t\t\t\t<div class=\"e-gallery-image elementor-gallery-item__image\" data-thumbnail=\"https:\/\/parafiawstarejwsi.pl\/wp-content\/uploads\/2023\/01\/20210608-IMG_8087-768x512.jpg\" data-width=\"768\" data-height=\"512\" aria-label=\"\" role=\"img\" ><\/div>\n\t\t\t\t\t\t\t\t\t\t\t<div class=\"elementor-gallery-item__overlay\"><\/div>\n\t\t\t\t\t\t\t\t\t\t\t\t\t\t<\/a>\n\t\t\t\t\t\t\t<a class=\"e-gallery-item elementor-gallery-item elementor-animated-content\" href=\"https:\/\/parafiawstarejwsi.pl\/wp-content\/uploads\/2023\/01\/20210608-IMG_8079.jpg\" data-elementor-open-lightbox=\"yes\" data-elementor-lightbox-slideshow=\"f53d373\" data-elementor-lightbox-title=\"20210608-IMG_8079\" data-e-action-hash=\"#elementor-action%3Aaction%3Dlightbox%26settings%3DeyJpZCI6Mzg2LCJ1cmwiOiJodHRwczpcL1wvcGFyYWZpYXdzdGFyZWp3c2kucGxcL3dwLWNvbnRlbnRcL3VwbG9hZHNcLzIwMjNcLzAxXC8yMDIxMDYwOC1JTUdfODA3OS5qcGciLCJzbGlkZXNob3ciOiJmNTNkMzczIn0%3D\">\n\t\t\t\t\t<div class=\"e-gallery-image elementor-gallery-item__image\" data-thumbnail=\"https:\/\/parafiawstarejwsi.pl\/wp-content\/uploads\/2023\/01\/20210608-IMG_8079-768x512.jpg\" data-width=\"768\" data-height=\"512\" aria-label=\"\" role=\"img\" ><\/div>\n\t\t\t\t\t\t\t\t\t\t\t<div class=\"elementor-gallery-item__overlay\"><\/div>\n\t\t\t\t\t\t\t\t\t\t\t\t\t\t<\/a>\n\t\t\t\t\t\t\t<a class=\"e-gallery-item elementor-gallery-item elementor-animated-content\" href=\"https:\/\/parafiawstarejwsi.pl\/wp-content\/uploads\/2023\/01\/20210608-IMG_8053.jpg\" data-elementor-open-lightbox=\"yes\" data-elementor-lightbox-slideshow=\"f53d373\" data-elementor-lightbox-title=\"20210608-IMG_8053\" data-e-action-hash=\"#elementor-action%3Aaction%3Dlightbox%26settings%3DeyJpZCI6MzgxLCJ1cmwiOiJodHRwczpcL1wvcGFyYWZpYXdzdGFyZWp3c2kucGxcL3dwLWNvbnRlbnRcL3VwbG9hZHNcLzIwMjNcLzAxXC8yMDIxMDYwOC1JTUdfODA1My5qcGciLCJzbGlkZXNob3ciOiJmNTNkMzczIn0%3D\">\n\t\t\t\t\t<div class=\"e-gallery-image elementor-gallery-item__image\" data-thumbnail=\"https:\/\/parafiawstarejwsi.pl\/wp-content\/uploads\/2023\/01\/20210608-IMG_8053-768x1152.jpg\" data-width=\"768\" data-height=\"1152\" aria-label=\"\" role=\"img\" ><\/div>\n\t\t\t\t\t\t\t\t\t\t\t<div class=\"elementor-gallery-item__overlay\"><\/div>\n\t\t\t\t\t\t\t\t\t\t\t\t\t\t<\/a>\n\t\t\t\t\t\t\t<a class=\"e-gallery-item elementor-gallery-item elementor-animated-content\" href=\"https:\/\/parafiawstarejwsi.pl\/wp-content\/uploads\/2023\/01\/20210608-IMG_8064.jpg\" data-elementor-open-lightbox=\"yes\" data-elementor-lightbox-slideshow=\"f53d373\" data-elementor-lightbox-title=\"20210608-IMG_8064\" data-e-action-hash=\"#elementor-action%3Aaction%3Dlightbox%26settings%3DeyJpZCI6Mzg1LCJ1cmwiOiJodHRwczpcL1wvcGFyYWZpYXdzdGFyZWp3c2kucGxcL3dwLWNvbnRlbnRcL3VwbG9hZHNcLzIwMjNcLzAxXC8yMDIxMDYwOC1JTUdfODA2NC5qcGciLCJzbGlkZXNob3ciOiJmNTNkMzczIn0%3D\">\n\t\t\t\t\t<div class=\"e-gallery-image elementor-gallery-item__image\" data-thumbnail=\"https:\/\/parafiawstarejwsi.pl\/wp-content\/uploads\/2023\/01\/20210608-IMG_8064-768x512.jpg\" data-width=\"768\" data-height=\"512\" aria-label=\"\" role=\"img\" ><\/div>\n\t\t\t\t\t\t\t\t\t\t\t<div class=\"elementor-gallery-item__overlay\"><\/div>\n\t\t\t\t\t\t\t\t\t\t\t\t\t\t<\/a>\n\t\t\t\t\t\t\t<a class=\"e-gallery-item elementor-gallery-item elementor-animated-content\" href=\"https:\/\/parafiawstarejwsi.pl\/wp-content\/uploads\/2023\/01\/20210608-IMG_8058.jpg\" data-elementor-open-lightbox=\"yes\" data-elementor-lightbox-slideshow=\"f53d373\" data-elementor-lightbox-title=\"20210608-IMG_8058\" data-e-action-hash=\"#elementor-action%3Aaction%3Dlightbox%26settings%3DeyJpZCI6MzgyLCJ1cmwiOiJodHRwczpcL1wvcGFyYWZpYXdzdGFyZWp3c2kucGxcL3dwLWNvbnRlbnRcL3VwbG9hZHNcLzIwMjNcLzAxXC8yMDIxMDYwOC1JTUdfODA1OC5qcGciLCJzbGlkZXNob3ciOiJmNTNkMzczIn0%3D\">\n\t\t\t\t\t<div class=\"e-gallery-image elementor-gallery-item__image\" data-thumbnail=\"https:\/\/parafiawstarejwsi.pl\/wp-content\/uploads\/2023\/01\/20210608-IMG_8058-768x1152.jpg\" data-width=\"768\" data-height=\"1152\" aria-label=\"\" role=\"img\" ><\/div>\n\t\t\t\t\t\t\t\t\t\t\t<div class=\"elementor-gallery-item__overlay\"><\/div>\n\t\t\t\t\t\t\t\t\t\t\t\t\t\t<\/a>\n\t\t\t\t\t\t\t<a class=\"e-gallery-item elementor-gallery-item elementor-animated-content\" href=\"https:\/\/parafiawstarejwsi.pl\/wp-content\/uploads\/2023\/01\/20210608-IMG_8061.jpg\" data-elementor-open-lightbox=\"yes\" data-elementor-lightbox-slideshow=\"f53d373\" data-elementor-lightbox-title=\"20210608-IMG_8061\" data-e-action-hash=\"#elementor-action%3Aaction%3Dlightbox%26settings%3DeyJpZCI6Mzg0LCJ1cmwiOiJodHRwczpcL1wvcGFyYWZpYXdzdGFyZWp3c2kucGxcL3dwLWNvbnRlbnRcL3VwbG9hZHNcLzIwMjNcLzAxXC8yMDIxMDYwOC1JTUdfODA2MS5qcGciLCJzbGlkZXNob3ciOiJmNTNkMzczIn0%3D\">\n\t\t\t\t\t<div class=\"e-gallery-image elementor-gallery-item__image\" data-thumbnail=\"https:\/\/parafiawstarejwsi.pl\/wp-content\/uploads\/2023\/01\/20210608-IMG_8061-768x512.jpg\" data-width=\"768\" data-height=\"512\" aria-label=\"\" role=\"img\" ><\/div>\n\t\t\t\t\t\t\t\t\t\t\t<div class=\"elementor-gallery-item__overlay\"><\/div>\n\t\t\t\t\t\t\t\t\t\t\t\t\t\t<\/a>\n\t\t\t\t\t\t\t<a class=\"e-gallery-item elementor-gallery-item elementor-animated-content\" href=\"https:\/\/parafiawstarejwsi.pl\/wp-content\/uploads\/2023\/01\/20210608-IMG_8046.jpg\" data-elementor-open-lightbox=\"yes\" data-elementor-lightbox-slideshow=\"f53d373\" data-elementor-lightbox-title=\"20210608-IMG_8046\" data-e-action-hash=\"#elementor-action%3Aaction%3Dlightbox%26settings%3DeyJpZCI6MzgwLCJ1cmwiOiJodHRwczpcL1wvcGFyYWZpYXdzdGFyZWp3c2kucGxcL3dwLWNvbnRlbnRcL3VwbG9hZHNcLzIwMjNcLzAxXC8yMDIxMDYwOC1JTUdfODA0Ni5qcGciLCJzbGlkZXNob3ciOiJmNTNkMzczIn0%3D\">\n\t\t\t\t\t<div class=\"e-gallery-image elementor-gallery-item__image\" data-thumbnail=\"https:\/\/parafiawstarejwsi.pl\/wp-content\/uploads\/2023\/01\/20210608-IMG_8046-768x1152.jpg\" data-width=\"768\" data-height=\"1152\" aria-label=\"\" role=\"img\" ><\/div>\n\t\t\t\t\t\t\t\t\t\t\t<div class=\"elementor-gallery-item__overlay\"><\/div>\n\t\t\t\t\t\t\t\t\t\t\t\t\t\t<\/a>\n\t\t\t\t\t\t\t<a class=\"e-gallery-item elementor-gallery-item elementor-animated-content\" href=\"https:\/\/parafiawstarejwsi.pl\/wp-content\/uploads\/2023\/01\/20210608-IMG_8035.jpg\" data-elementor-open-lightbox=\"yes\" data-elementor-lightbox-slideshow=\"f53d373\" data-elementor-lightbox-title=\"20210608-IMG_8035\" data-e-action-hash=\"#elementor-action%3Aaction%3Dlightbox%26settings%3DeyJpZCI6Mzc4LCJ1cmwiOiJodHRwczpcL1wvcGFyYWZpYXdzdGFyZWp3c2kucGxcL3dwLWNvbnRlbnRcL3VwbG9hZHNcLzIwMjNcLzAxXC8yMDIxMDYwOC1JTUdfODAzNS5qcGciLCJzbGlkZXNob3ciOiJmNTNkMzczIn0%3D\">\n\t\t\t\t\t<div class=\"e-gallery-image elementor-gallery-item__image\" data-thumbnail=\"https:\/\/parafiawstarejwsi.pl\/wp-content\/uploads\/2023\/01\/20210608-IMG_8035-768x1152.jpg\" data-width=\"768\" data-height=\"1152\" aria-label=\"\" role=\"img\" ><\/div>\n\t\t\t\t\t\t\t\t\t\t\t<div class=\"elementor-gallery-item__overlay\"><\/div>\n\t\t\t\t\t\t\t\t\t\t\t\t\t\t<\/a>\n\t\t\t\t\t\t\t<a class=\"e-gallery-item elementor-gallery-item elementor-animated-content\" href=\"https:\/\/parafiawstarejwsi.pl\/wp-content\/uploads\/2023\/01\/20210608-IMG_8042.jpg\" data-elementor-open-lightbox=\"yes\" data-elementor-lightbox-slideshow=\"f53d373\" data-elementor-lightbox-title=\"20210608-IMG_8042\" data-e-action-hash=\"#elementor-action%3Aaction%3Dlightbox%26settings%3DeyJpZCI6Mzc5LCJ1cmwiOiJodHRwczpcL1wvcGFyYWZpYXdzdGFyZWp3c2kucGxcL3dwLWNvbnRlbnRcL3VwbG9hZHNcLzIwMjNcLzAxXC8yMDIxMDYwOC1JTUdfODA0Mi5qcGciLCJzbGlkZXNob3ciOiJmNTNkMzczIn0%3D\">\n\t\t\t\t\t<div class=\"e-gallery-image elementor-gallery-item__image\" data-thumbnail=\"https:\/\/parafiawstarejwsi.pl\/wp-content\/uploads\/2023\/01\/20210608-IMG_8042-768x512.jpg\" data-width=\"768\" data-height=\"512\" aria-label=\"\" role=\"img\" ><\/div>\n\t\t\t\t\t\t\t\t\t\t\t<div class=\"elementor-gallery-item__overlay\"><\/div>\n\t\t\t\t\t\t\t\t\t\t\t\t\t\t<\/a>\n\t\t\t\t\t\t\t<a class=\"e-gallery-item elementor-gallery-item elementor-animated-content\" href=\"https:\/\/parafiawstarejwsi.pl\/wp-content\/uploads\/2022\/10\/20210608-DJI_0807-HDR_kw.jpg\" data-elementor-open-lightbox=\"yes\" data-elementor-lightbox-slideshow=\"f53d373\" data-elementor-lightbox-title=\"20210608-DJI_0807-HDR_kw\" data-e-action-hash=\"#elementor-action%3Aaction%3Dlightbox%26settings%3DeyJpZCI6MTYwLCJ1cmwiOiJodHRwczpcL1wvcGFyYWZpYXdzdGFyZWp3c2kucGxcL3dwLWNvbnRlbnRcL3VwbG9hZHNcLzIwMjJcLzEwXC8yMDIxMDYwOC1ESklfMDgwNy1IRFJfa3cuanBnIiwic2xpZGVzaG93IjoiZjUzZDM3MyJ9\">\n\t\t\t\t\t<div class=\"e-gallery-image elementor-gallery-item__image\" data-thumbnail=\"https:\/\/parafiawstarejwsi.pl\/wp-content\/uploads\/2022\/10\/20210608-DJI_0807-HDR_kw-768x768.jpg\" data-width=\"768\" data-height=\"768\" aria-label=\"\" role=\"img\" ><\/div>\n\t\t\t\t\t\t\t\t\t\t\t<div class=\"elementor-gallery-item__overlay\"><\/div>\n\t\t\t\t\t\t\t\t\t\t\t\t\t\t<\/a>\n\t\t\t\t\t<\/div>\n\t\t\t\t\t<\/div>\n\t\t\t\t<\/div>\n\t\t\t\t\t<\/div>\n\t\t<\/div>\n\t\t\t\t<div class=\"elementor-column elementor-col-50 elementor-top-column elementor-element elementor-element-337bd3c8\" data-id=\"337bd3c8\" data-element_type=\"column\" data-e-type=\"column\">\n\t\t\t<div class=\"elementor-widget-wrap elementor-element-populated\">\n\t\t\t\t\t\t<div class=\"elementor-element elementor-element-534a769f elementor-invisible elementor-widget elementor-widget-heading\" data-id=\"534a769f\" data-element_type=\"widget\" data-e-type=\"widget\" data-settings=\"{&quot;_animation&quot;:&quot;fadeIn&quot;}\" data-widget_type=\"heading.default\">\n\t\t\t\t<div class=\"elementor-widget-container\">\n\t\t\t\t\t<h1 class=\"elementor-heading-title elementor-size-default\">STARA WIE\u015a<\/h1>\t\t\t\t<\/div>\n\t\t\t\t<\/div>\n\t\t\t\t<div class=\"elementor-element elementor-element-c399719 elementor-widget elementor-widget-text-editor\" data-id=\"c399719\" data-element_type=\"widget\" data-e-type=\"widget\" data-widget_type=\"text-editor.default\">\n\t\t\t\t<div class=\"elementor-widget-container\">\n\t\t\t\t\t\t\t\t\t<p><i>(dawne nazwy: Willamowicze Antiqua, Villa Atiqua, Starawicz)<\/i><\/p><p>Po\u0142o\u017cona na skraju Ma\u0142opolski w pobli\u017cu granicy ze \u015al\u0105skiem. Teren wioski jest pag\u00f3rkowaty, poprzecinany dolinami rzek i strumieniami pomi\u0119dzy kt\u00f3rymi rozci\u0105gaj\u0105 si\u0119 po\u0142acie p\u00f3l. W\u015br\u00f3d nich mo\u017cna spotka\u0107 urocze w\u0105wozy i jary, liczne zagajniki i \u0142\u0105ki. Wiosk\u0119 przecina centralnie rzeka Skowronka maj\u0105ca swe \u017ar\u00f3d\u0142a w dzielnicy zwanej Skowronkiem. Od zarania swych dziej\u00f3w Stara Wie\u015b nale\u017ca\u0142a do ksi\u0119stwa o\u015bwi\u0119cimskiego i dzieli\u0142a jego losy. Tak wi\u0119c najpierw tereny te przypada\u0142y w\u0142adcom Polski, nast\u0119pnie ksi\u0105\u017c\u0119tom \u015bl\u0105skim, a w 1457 r. zn\u00f3w wr\u00f3ci\u0142y we w\u0142adanie kr\u00f3l\u00f3w Polski, a\u017c do czas\u00f3w rozbior\u00f3w. Na terenie wioski wyst\u0119puje kilka wspania\u0142ych punkt\u00f3w widokowych, z kt\u00f3rych mo\u017cna podziwia\u0107 ca\u0142\u0105 okolic\u0119 oraz pobliski Beskid Ma\u0142y i \u015al\u0105ski. Najpi\u0119kniejszym punktem widokowym jest po\u0142o\u017cona na wysoko\u015bci 306 m n.p.m. tzw. &#8222;Bia\u0142a Glina&#8221;, gdzie w 2000 roku zosta\u0142 wybudowany przez mieszka\u0144c\u00f3w wysoki na 33 m pi\u0119kny, metalowy Krzy\u017c Jubileuszowy.<\/p><p>Historia Starej Wsi si\u0119ga XII i XIII w. kiedy to po po\u017cogach tatarskich ksi\u0105\u017c\u0119 opolski Mieszko II zwany Oty\u0142ym sprowadza kolonist\u00f3w prawdopodobnie z Bawarii lub Holandii. Grupa ta osiedli\u0142a si\u0119 najpierw w Starej Wsi cz\u0119\u015bciowo zamieszka\u0142ej przez ludno\u015b\u0107 tubylcz\u0105, a nast\u0119pnie z bli\u017cej nieznanych powod\u00f3w przesz\u0142a na inne miejsce lokuj\u0105c now\u0105 osad\u0119 Wilamowice. Stara osada istnia\u0142a jednak nadal w dawnym miejscu. W tym czasie powstaje drewniany ko\u015bci\u00f3\u0142ek.<\/p><p>Najstarsz\u0105 informacj\u0105 pisan\u0105, w kt\u00f3rej jest wymieniana Stara Wie\u015b to spis dziesi\u0119ciny sze\u015bcioletniej z lat 1325-1327 oraz \u015bwi\u0119topietrza z lat 1325-1328. Proboszczem Starej Wsi by\u0142 w tym czasie ksi\u0105dz Henryk. Tak wi\u0119c istnia\u0142a ju\u017c w\u00f3wczas parafia maj\u0105ca proboszcza i ko\u015bci\u00f3\u0142. Stara Wie\u015b liczy\u0142a w tym czasie oko\u0142o 210 mieszka\u0144c\u00f3w.<\/p><p>W 1377 roku niejaki Zdzis\u0142aw w\u0142a\u015bciciel Starej Wsi, oddaje wie\u015b swej \u017conie Katarzynie tytu\u0142em zastawu jej posagu. W XIV wieku wymienieni s\u0105 jako w\u0142a\u015bciciele Starej Wsi rycerze Bibersteinowie, kt\u00f3rzy przybyli tu spod Raciborza i z czasem przyj\u0119li nazwisko Starowieyskich.<\/p><p>W 1522 roku Krzysztof Biberstein Starowieyski rozbudowuje istniej\u0105cy ko\u015bci\u00f3\u0142, kt\u00f3ry w 1530 roku zostaje konsekrowany przez biskupa krakowskiego Dominika. Akt konsekracji ko\u015bcio\u0142a spisany na pergaminie odkryto w 1996 roku w mensie o\u0142tarza g\u0142\u00f3wnego, gdzie by\u0142 wmurowany. Znajdowa\u0142 si\u0119 on w pochodz\u0105cej z XIII wieku cynowej ampu\u0142ce opiecz\u0119towanej piecz\u0119ci\u0105 lakow\u0105. Ko\u015bci\u00f3\u0142 zbudowany jest z drewna jod\u0142owego na podwalinie d\u0119bowej. Badania dendrochronologiczne przeprowadzone w 2011 roku wykaza\u0142y, \u017ce prazbiterium, nawa i wie\u017ca zosta\u0142y zbudowane w tym samym 1522 roku i taka jego bry\u0142a zachowa\u0142a si\u0119 do dnia dzisiejszego. Drewniany ko\u015bci\u00f3\u0142 po\u0142o\u017cony jest na wzniesieniu (prawdopodobie dawnym miejscu poch\u00f3wk\u00f3w przedchrze\u015bcija\u0144skich i gontyny poga\u0144skiej) w otoczeniu starego drzewostanu &#8211; pomnik\u00f3w przyrody. Jest to obiekt niezwykle wysoki (wie\u017ca 30 m, nawa 20 m) o bardzo ciekawej bryle architektonicznej z zachowanym gotyckim kszta\u0142tem, co jest bardzo rzadko spotykane w \u015bredniowiecznej architekturze drewnianej. \u015awi\u0105tynia orientowana, konstrukcju zr\u0119bowej z wie\u017c\u0105 na s\u0142up. Wie\u017ca od zachodu kwadratowa o \u015bcianach pochy\u0142ych z nadwieszon\u0105 izbic\u0105 i he\u0142mem cebulastym z latarni\u0105. Dach kryty gontem. Otoczony sobotami (oblamkami), w kt\u00f3rych znajduj\u0105 si\u0119 Stacje Drogi Krzy\u017cowej. Od samego pocz\u0105tku ko\u015bci\u00f3\u0142 nosi nazw\u0119 Podwy\u017cszenia Krzy\u017ca \u015awi\u0119tego, o czym informuje minusku\u0142owy napis na \u0142uku t\u0119czy:<\/p><p><span style=\"color: var( --e-global-color-text ); font-family: var( --e-global-typography-text-font-family ), Sans-serif; font-size: var( --e-global-typography-text-font-size ); font-style: var( --e-global-typography-text-font-style ); letter-spacing: var( --e-global-typography-text-letter-spacing ); text-transform: var( --e-global-typography-text-text-transform ); text-decoration: var( --e-global-typography-text-text-decoration ); background-color: var( --e-global-color-1fd96a61 );\">&#8222;ITA (!sic) ECCELESIA AEDIFICATA IN HONOREM DEI ET BEATE DEI GENITRICIS MARIE ET HONOREM SANCITE CRUCIS&#8221;.<\/span><\/p><p>(Ten ko\u015bci\u00f3\u0142 zbudowano na cze\u015b\u0107 Boga i Jego Rodzicielki Maryi i na cze\u015b\u0107 \u015awi\u0119tego Krzy\u017ca.)<\/p><p>Wystr\u00f3j ko\u015bcio\u0142a stanowi\u0105: renesansowa polichromia strop\u00f3w; barokowa polichromia \u015bcian z licznymi obrazami; drewniane, bogato zdobione, barokowe o\u0142tarze z XIV i XV w. obrazami; drewniane, barokowe ambona i chrzcielnica, jedenastog\u0142osowy rokokowy organ o przepi\u0119knym brzmieniu; zabytkowy konfesjona\u0142 &#8211; ZOBACZ GALERIA! W wie\u017cy ko\u015bcielnej zawieszony jest dzwon im. \u015aw. Jana pochodz\u0105cy z 1748 r. W XVII w. dzi\u0119ki misjom dominika\u0144skim ko\u015bci\u00f3\u0142 otrzymuje drugie imi\u0119 Naj\u015bwi\u0119trzej Marii Panny R\u00f3\u017ca\u0144cowej dla czci kt\u00f3rej powstaje po\u017anobarokowy drewniany o\u0142tarz boczny ze \u015bredniowiecznym obrazem Matki Boskiej z Dzieci\u0105tkiem ciesz\u0105cy si\u0119 do dzi\u015b kultem jako Matka Bo\u017ca Starowiejska i \u015brodowiskowymi nabo\u017ce\u0144stwami. Przy wej\u015bciu g\u0142\u00f3wnym do ko\u015bcio\u0142a znajduj\u0105 si\u0119 dwie kamienne kropielnice.<\/p>\t\t\t\t\t\t\t\t<\/div>\n\t\t\t\t<\/div>\n\t\t\t\t\t<\/div>\n\t\t<\/div>\n\t\t\t\t\t<\/div>\n\t\t<\/section>\n\t\t\t\t<section class=\"elementor-section elementor-top-section elementor-element elementor-element-852c863 elementor-section-boxed elementor-section-height-default elementor-section-height-default\" data-id=\"852c863\" data-element_type=\"section\" data-e-type=\"section\">\n\t\t\t\t\t\t<div class=\"elementor-container elementor-column-gap-default\">\n\t\t\t\t\t<div class=\"elementor-column elementor-col-100 elementor-top-column elementor-element elementor-element-4856daa\" data-id=\"4856daa\" data-element_type=\"column\" data-e-type=\"column\">\n\t\t\t<div class=\"elementor-widget-wrap elementor-element-populated\">\n\t\t\t\t\t\t<div class=\"elementor-element elementor-element-743bca4 elementor-skin-carousel elementor-arrows-yes elementor-pagination-type-bullets elementor-pagination-position-outside elementor-widget elementor-widget-global elementor-global-562 elementor-widget-media-carousel\" data-id=\"743bca4\" data-element_type=\"widget\" data-e-type=\"widget\" data-settings=\"{&quot;autoplay_speed&quot;:3000,&quot;skin&quot;:&quot;carousel&quot;,&quot;effect&quot;:&quot;slide&quot;,&quot;show_arrows&quot;:&quot;yes&quot;,&quot;pagination&quot;:&quot;bullets&quot;,&quot;speed&quot;:500,&quot;autoplay&quot;:&quot;yes&quot;,&quot;loop&quot;:&quot;yes&quot;,&quot;pause_on_hover&quot;:&quot;yes&quot;,&quot;pause_on_interaction&quot;:&quot;yes&quot;,&quot;space_between&quot;:{&quot;unit&quot;:&quot;px&quot;,&quot;size&quot;:10,&quot;sizes&quot;:[]},&quot;space_between_tablet&quot;:{&quot;unit&quot;:&quot;px&quot;,&quot;size&quot;:10,&quot;sizes&quot;:[]},&quot;space_between_mobile&quot;:{&quot;unit&quot;:&quot;px&quot;,&quot;size&quot;:10,&quot;sizes&quot;:[]}}\" data-widget_type=\"media-carousel.default\">\n\t\t\t\t<div class=\"elementor-widget-container\">\n\t\t\t\t\t\t\t\t\t<div class=\"elementor-swiper\">\n\t\t\t\t\t<div class=\"elementor-main-swiper swiper\" role=\"region\" aria-roledescription=\"carousel\" aria-label=\"Slajdy\">\n\t\t\t\t<div class=\"swiper-wrapper\">\n\t\t\t\t\t\t\t\t\t\t\t<div class=\"swiper-slide\" role=\"group\" aria-roledescription=\"slide\">\n\t\t\t\t\t\t\t<a href=\"https:\/\/beskidzkiemuro.pl\" target=\"_blank\">\t\t<div class=\"elementor-carousel-image\" role=\"img\" aria-label=\"muro001\" style=\"background-image: url(&#039;https:\/\/parafiawstarejwsi.pl\/wp-content\/uploads\/elementor\/thumbs\/muro001-q0sh77tvr8sbh81r4aeybxnggl9n9g1uc5vpbf0xba.png&#039;)\">\n\n\t\t\t\n\t\t\t\t\t<\/div>\n\t\t<\/a>\t\t\t\t\t\t<\/div>\n\t\t\t\t\t\t\t\t\t\t\t<div class=\"swiper-slide\" role=\"group\" aria-roledescription=\"slide\">\n\t\t\t\t\t\t\t\t\t<div class=\"elementor-carousel-image\" role=\"img\" aria-label=\"drewno001\" style=\"background-image: url(&#039;https:\/\/parafiawstarejwsi.pl\/wp-content\/uploads\/elementor\/thumbs\/drewno001-q0shdbs46h5exz69fxhnje5bgr5jamb16ejbm5ysva.png&#039;)\">\n\n\t\t\t\n\t\t\t\t\t<\/div>\n\t\t\t\t\t\t\t\t<\/div>\n\t\t\t\t\t\t\t\t\t\t\t<div class=\"swiper-slide\" role=\"group\" aria-roledescription=\"slide\">\n\t\t\t\t\t\t\t<a href=\"https:\/\/www.lso.wstarejwsi.pl\" target=\"_blank\">\t\t<div class=\"elementor-carousel-image\" role=\"img\" aria-label=\"minis002\" style=\"background-image: url(&#039;https:\/\/parafiawstarejwsi.pl\/wp-content\/uploads\/elementor\/thumbs\/minis002-q0sgr5r504sz51dfvuje8hiz4mewrlax4oo368u1ly.png&#039;)\">\n\n\t\t\t\n\t\t\t\t\t<\/div>\n\t\t<\/a>\t\t\t\t\t\t<\/div>\n\t\t\t\t\t\t\t\t\t\t\t<div class=\"swiper-slide\" role=\"group\" aria-roledescription=\"slide\">\n\t\t\t\t\t\t\t<a href=\"https:\/\/diecezja.bielsko.pl\" target=\"_blank\">\t\t<div class=\"elementor-carousel-image\" role=\"img\" aria-label=\"diecezja001\" style=\"background-image: url(&#039;https:\/\/parafiawstarejwsi.pl\/wp-content\/uploads\/elementor\/thumbs\/diecezja001-q12u78rl1iqpjb3avml5if39488j3adt6pythl5odi.png&#039;)\">\n\n\t\t\t\n\t\t\t\t\t<\/div>\n\t\t<\/a>\t\t\t\t\t\t<\/div>\n\t\t\t\t\t\t\t\t\t<\/div>\n\t\t\t\t\t\t\t\t\t\t\t\t\t\t\t<div class=\"elementor-swiper-button elementor-swiper-button-prev\" role=\"button\" tabindex=\"0\" aria-label=\"Poprzedni\">\n\t\t\t\t\t\t\t<i aria-hidden=\"true\" class=\"eicon-chevron-left\"><\/i>\t\t\t\t\t\t<\/div>\n\t\t\t\t\t\t<div class=\"elementor-swiper-button elementor-swiper-button-next\" role=\"button\" tabindex=\"0\" aria-label=\"Nast\u0119pny\">\n\t\t\t\t\t\t\t<i aria-hidden=\"true\" class=\"eicon-chevron-right\"><\/i>\t\t\t\t\t\t<\/div>\n\t\t\t\t\t\t\t\t\t\t\t\t\t\t\t\t<div class=\"swiper-pagination\"><\/div>\n\t\t\t\t\t\t\t\t\t\t\t\t<\/div>\n\t\t\t\t<\/div>\n\t\t\t\t\t\t\t\t<\/div>\n\t\t\t\t<\/div>\n\t\t\t\t\t<\/div>\n\t\t<\/div>\n\t\t\t\t\t<\/div>\n\t\t<\/section>\n\t\t\t\t<\/div>\n\t\t","protected":false},"excerpt":{"rendered":"<p>STARA WIE\u015a (dawne nazwy: Willamowicze Antiqua, Villa Atiqua, Starawicz) Po\u0142o\u017cona na skraju Ma\u0142opolski w pobli\u017cu granicy ze \u015al\u0105skiem. Teren wioski jest pag\u00f3rkowaty, poprzecinany dolinami rzek i strumieniami pomi\u0119dzy kt\u00f3rymi rozci\u0105gaj\u0105 si\u0119 po\u0142acie p\u00f3l. W\u015br\u00f3d nich mo\u017cna spotka\u0107 urocze w\u0105wozy i jary, liczne zagajniki i \u0142\u0105ki. Wiosk\u0119 przecina centralnie rzeka Skowronka maj\u0105ca swe \u017ar\u00f3d\u0142a w dzielnicy [&hellip;]<\/p>\n","protected":false},"author":2,"featured_media":0,"parent":0,"menu_order":0,"comment_status":"closed","ping_status":"closed","template":"","meta":{"footnotes":""},"class_list":["post-30","page","type-page","status-publish","hentry"],"_links":{"self":[{"href":"https:\/\/parafiawstarejwsi.pl\/index.php\/wp-json\/wp\/v2\/pages\/30","targetHints":{"allow":["GET"]}}],"collection":[{"href":"https:\/\/parafiawstarejwsi.pl\/index.php\/wp-json\/wp\/v2\/pages"}],"about":[{"href":"https:\/\/parafiawstarejwsi.pl\/index.php\/wp-json\/wp\/v2\/types\/page"}],"author":[{"embeddable":true,"href":"https:\/\/parafiawstarejwsi.pl\/index.php\/wp-json\/wp\/v2\/users\/2"}],"replies":[{"embeddable":true,"href":"https:\/\/parafiawstarejwsi.pl\/index.php\/wp-json\/wp\/v2\/comments?post=30"}],"version-history":[{"count":73,"href":"https:\/\/parafiawstarejwsi.pl\/index.php\/wp-json\/wp\/v2\/pages\/30\/revisions"}],"predecessor-version":[{"id":610,"href":"https:\/\/parafiawstarejwsi.pl\/index.php\/wp-json\/wp\/v2\/pages\/30\/revisions\/610"}],"wp:attachment":[{"href":"https:\/\/parafiawstarejwsi.pl\/index.php\/wp-json\/wp\/v2\/media?parent=30"}],"curies":[{"name":"wp","href":"https:\/\/api.w.org\/{rel}","templated":true}]}}