{"id":2895,"date":"2024-08-14T07:38:42","date_gmt":"2024-08-14T05:38:42","guid":{"rendered":"https:\/\/parafiawstarejwsi.pl\/?page_id=2895"},"modified":"2024-08-14T08:16:57","modified_gmt":"2024-08-14T06:16:57","slug":"ochrona-dzieci","status":"publish","type":"page","link":"https:\/\/parafiawstarejwsi.pl\/index.php\/ochrona-dzieci\/","title":{"rendered":"Ochrona dzieci"},"content":{"rendered":"\t\t<div data-elementor-type=\"wp-page\" data-elementor-id=\"2895\" class=\"elementor elementor-2895\" data-elementor-post-type=\"page\">\n\t\t\t\t\t\t<section class=\"elementor-section elementor-top-section elementor-element elementor-element-96c928c elementor-section-boxed elementor-section-height-default elementor-section-height-default\" data-id=\"96c928c\" data-element_type=\"section\" data-e-type=\"section\">\n\t\t\t\t\t\t<div class=\"elementor-container elementor-column-gap-default\">\n\t\t\t\t\t<div class=\"elementor-column elementor-col-100 elementor-top-column elementor-element elementor-element-92b0616\" data-id=\"92b0616\" data-element_type=\"column\" data-e-type=\"column\">\n\t\t\t<div class=\"elementor-widget-wrap elementor-element-populated\">\n\t\t\t\t\t\t<div class=\"elementor-element elementor-element-97ac041 elementor-nav-menu__align-center elementor-nav-menu--dropdown-tablet elementor-nav-menu__text-align-aside elementor-nav-menu--toggle elementor-nav-menu--burger elementor-widget elementor-widget-global elementor-global-276 elementor-widget-nav-menu\" data-id=\"97ac041\" data-element_type=\"widget\" data-e-type=\"widget\" data-settings=\"{&quot;submenu_icon&quot;:{&quot;value&quot;:&quot;fas fa-chevron-down&quot;,&quot;library&quot;:&quot;fa-solid&quot;},&quot;layout&quot;:&quot;horizontal&quot;,&quot;toggle&quot;:&quot;burger&quot;}\" data-widget_type=\"nav-menu.default\">\n\t\t\t\t<div class=\"elementor-widget-container\">\n\t\t\t\t\t\t\t\t<nav aria-label=\"Menu\" class=\"elementor-nav-menu--main elementor-nav-menu__container elementor-nav-menu--layout-horizontal e--pointer-underline e--animation-fade\">\n\t\t\t\t<ul id=\"menu-1-97ac041\" class=\"elementor-nav-menu\"><li class=\"menu-item menu-item-type-post_type menu-item-object-page menu-item-home menu-item-64\"><a href=\"https:\/\/parafiawstarejwsi.pl\/\" class=\"elementor-item\">Strona g\u0142\u00f3wna<\/a><\/li>\n<li class=\"menu-item menu-item-type-post_type menu-item-object-page menu-item-65\"><a href=\"https:\/\/parafiawstarejwsi.pl\/index.php\/o-parafii\/\" class=\"elementor-item\">O Parafii<\/a><\/li>\n<li class=\"menu-item menu-item-type-post_type menu-item-object-page menu-item-67\"><a href=\"https:\/\/parafiawstarejwsi.pl\/index.php\/ogloszenia\/\" class=\"elementor-item\">Og\u0142oszenia<\/a><\/li>\n<li class=\"menu-item menu-item-type-post_type menu-item-object-page menu-item-152\"><a href=\"https:\/\/parafiawstarejwsi.pl\/index.php\/intencje-mszy\/\" class=\"elementor-item\">Intencje Mszy \u015bw.<\/a><\/li>\n<li class=\"menu-item menu-item-type-post_type menu-item-object-page menu-item-676\"><a href=\"https:\/\/parafiawstarejwsi.pl\/index.php\/galeria\/\" class=\"elementor-item\">Galeria<\/a><\/li>\n<li class=\"menu-item menu-item-type-custom menu-item-object-custom menu-item-635\"><a href=\"https:\/\/www.youtube.com\/@parafiawstarejwsi\" class=\"elementor-item\">Wideo<\/a><\/li>\n<li class=\"menu-item menu-item-type-post_type menu-item-object-page menu-item-291\"><a href=\"https:\/\/parafiawstarejwsi.pl\/index.php\/kontakt\/\" class=\"elementor-item\">Kontakt<\/a><\/li>\n<li class=\"menu-item menu-item-type-post_type menu-item-object-page menu-item-2897\"><a href=\"https:\/\/parafiawstarejwsi.pl\/index.php\/ochrona-dzieci\/\" class=\"elementor-item\">Ochrona dzieci<\/a><\/li>\n<\/ul>\t\t\t<\/nav>\n\t\t\t\t\t<div class=\"elementor-menu-toggle\" role=\"button\" tabindex=\"0\" aria-label=\"Menu Toggle\" aria-expanded=\"false\">\n\t\t\t<i aria-hidden=\"true\" role=\"presentation\" class=\"elementor-menu-toggle__icon--open eicon-menu-bar\"><\/i><i aria-hidden=\"true\" role=\"presentation\" class=\"elementor-menu-toggle__icon--close eicon-close\"><\/i>\t\t<\/div>\n\t\t\t\t\t<nav class=\"elementor-nav-menu--dropdown elementor-nav-menu__container\" aria-hidden=\"true\">\n\t\t\t\t<ul id=\"menu-2-97ac041\" class=\"elementor-nav-menu\"><li class=\"menu-item menu-item-type-post_type menu-item-object-page menu-item-home menu-item-64\"><a href=\"https:\/\/parafiawstarejwsi.pl\/\" class=\"elementor-item\" tabindex=\"-1\">Strona g\u0142\u00f3wna<\/a><\/li>\n<li class=\"menu-item menu-item-type-post_type menu-item-object-page menu-item-65\"><a href=\"https:\/\/parafiawstarejwsi.pl\/index.php\/o-parafii\/\" class=\"elementor-item\" tabindex=\"-1\">O Parafii<\/a><\/li>\n<li class=\"menu-item menu-item-type-post_type menu-item-object-page menu-item-67\"><a href=\"https:\/\/parafiawstarejwsi.pl\/index.php\/ogloszenia\/\" class=\"elementor-item\" tabindex=\"-1\">Og\u0142oszenia<\/a><\/li>\n<li class=\"menu-item menu-item-type-post_type menu-item-object-page menu-item-152\"><a href=\"https:\/\/parafiawstarejwsi.pl\/index.php\/intencje-mszy\/\" class=\"elementor-item\" tabindex=\"-1\">Intencje Mszy \u015bw.<\/a><\/li>\n<li class=\"menu-item menu-item-type-post_type menu-item-object-page menu-item-676\"><a href=\"https:\/\/parafiawstarejwsi.pl\/index.php\/galeria\/\" class=\"elementor-item\" tabindex=\"-1\">Galeria<\/a><\/li>\n<li class=\"menu-item menu-item-type-custom menu-item-object-custom menu-item-635\"><a href=\"https:\/\/www.youtube.com\/@parafiawstarejwsi\" class=\"elementor-item\" tabindex=\"-1\">Wideo<\/a><\/li>\n<li class=\"menu-item menu-item-type-post_type menu-item-object-page menu-item-291\"><a href=\"https:\/\/parafiawstarejwsi.pl\/index.php\/kontakt\/\" class=\"elementor-item\" tabindex=\"-1\">Kontakt<\/a><\/li>\n<li class=\"menu-item menu-item-type-post_type menu-item-object-page menu-item-2897\"><a href=\"https:\/\/parafiawstarejwsi.pl\/index.php\/ochrona-dzieci\/\" class=\"elementor-item\" tabindex=\"-1\">Ochrona dzieci<\/a><\/li>\n<\/ul>\t\t\t<\/nav>\n\t\t\t\t\t\t<\/div>\n\t\t\t\t<\/div>\n\t\t\t\t\t<\/div>\n\t\t<\/div>\n\t\t\t\t\t<\/div>\n\t\t<\/section>\n\t\t\t\t<section class=\"elementor-section elementor-top-section elementor-element elementor-element-c6c45e0 elementor-section-height-min-height elementor-section-full_width elementor-section-items-stretch elementor-section-content-middle elementor-section-height-default\" data-id=\"c6c45e0\" data-element_type=\"section\" data-e-type=\"section\" data-settings=\"{&quot;background_background&quot;:&quot;classic&quot;}\">\n\t\t\t\t\t\t<div class=\"elementor-container elementor-column-gap-no\">\n\t\t\t\t\t<div class=\"elementor-column elementor-col-100 elementor-top-column elementor-element elementor-element-1b38835\" data-id=\"1b38835\" data-element_type=\"column\" data-e-type=\"column\">\n\t\t\t<div class=\"elementor-widget-wrap elementor-element-populated\">\n\t\t\t\t\t\t<div class=\"elementor-element elementor-element-af21cdf elementor-widget elementor-widget-heading\" data-id=\"af21cdf\" data-element_type=\"widget\" data-e-type=\"widget\" data-widget_type=\"heading.default\">\n\t\t\t\t<div class=\"elementor-widget-container\">\n\t\t\t\t\t<h2 class=\"elementor-heading-title elementor-size-default\">Standardy ochrony dzieci <br>w Parafii Podwy\u017cszenia <br>Krzy\u017ca \u015awi\u0119tegow Starej Wsi  <\/h2>\t\t\t\t<\/div>\n\t\t\t\t<\/div>\n\t\t\t\t\t<\/div>\n\t\t<\/div>\n\t\t\t\t\t<\/div>\n\t\t<\/section>\n\t\t\t\t<section class=\"elementor-section elementor-top-section elementor-element elementor-element-52303b9 elementor-section-boxed elementor-section-height-default elementor-section-height-default\" data-id=\"52303b9\" data-element_type=\"section\" data-e-type=\"section\">\n\t\t\t\t\t\t<div class=\"elementor-container elementor-column-gap-default\">\n\t\t\t\t\t<div class=\"elementor-column elementor-col-100 elementor-top-column elementor-element elementor-element-702acfd\" data-id=\"702acfd\" data-element_type=\"column\" data-e-type=\"column\">\n\t\t\t<div class=\"elementor-widget-wrap elementor-element-populated\">\n\t\t\t\t\t\t<div class=\"elementor-element elementor-element-2e56bc4 elementor-widget__width-initial elementor-widget elementor-widget-text-editor\" data-id=\"2e56bc4\" data-element_type=\"widget\" data-e-type=\"widget\" data-widget_type=\"text-editor.default\">\n\t\t\t\t<div class=\"elementor-widget-container\">\n\t\t\t\t\t\t\t\t\t<p><b>1. Preambu\u0142a<\/b><\/p><p>Niniejszy dokument zosta\u0142 opracowany w parafii Podwy\u017cszenia Krzy\u017ca \u015awi\u0119tego w Starej Wsi jako odpowied\u017a na prawny obowi\u0105zek wprowadzenia standard\u00f3w ochrony dzieci przed krzywdzeniem we wszystkich instytucjach, w kt\u00f3rych przebywaj\u0105 dzieci, zgodnie z ustaw\u0105 z dnia 28 lipca 2023 roku o zmianie ustawy Kodeks rodzinny i opie-ku\u0144czy oraz niekt\u00f3rych innych ustaw (Dz.U. 2023 poz. 1606). Przy jego opracowywa-niu uwzgl\u0119dniono wytyczne zar\u00f3wno prawa pa\u0144stwowego, jak i ko\u015bcielnego.<\/p><p>Ochrona dzieci przed przemoc\u0105 jest nie tylko obowi\u0105zkiem prawnym, ale przede wszystkim moralnym imperatywem wynikaj\u0105cym z warto\u015bci chrze\u015bcija\u0144skich. Ko\u015bci\u00f3\u0142, realizuj\u0105c misj\u0119 powierzon\u0105 mu przez Pana, stawia na pierwszym miejscu dobro dziecka, uznaj\u0105c moraln\u0105 i prawn\u0105 odpowiedzialno\u015b\u0107 za jego ochron\u0119. Wszyscy zaan-ga\u017cowani w \u017cycie Ko\u015bcio\u0142a zobowi\u0105zuj\u0105 si\u0119 do stworzenia bezpiecznego i przyjaznego \u015brodowiska, w kt\u00f3rym dobro dziecka jest chronione i szanowane, a stosowanie wobec niego przemocy w jakiejkolwiek formie jest niedopuszczalne.<\/p><p>Dokument ten wyznacza standardy ochrony dzieci przed przemoc\u0105, zapewniaj\u0105c sku-teczne dzia\u0142ania zapobiegawcze i interwencyjne, oparte na wiedzy i empatii, zgodnie z Konwencj\u0105 o Prawach Dziecka. Poprzez odpowiedni\u0105 edukacj\u0119 i \u015bwiadomo\u015b\u0107 za-gro\u017ce\u0144, Ko\u015bci\u00f3\u0142 mo\u017ce efektywnie zapobiega\u0107 krzywdzeniu dzieci i skutecznie je chroni\u0107, realizuj\u0105c tym samym swoje ewangeliczne pos\u0142annictwo.<span style=\"font-family: var( --e-global-typography-text-font-family ), Sans-serif; font-size: var( --e-global-typography-text-font-size ); font-style: var( --e-global-typography-text-font-style ); letter-spacing: var( --e-global-typography-text-letter-spacing ); text-transform: var( --e-global-typography-text-text-transform ); text-decoration: var( --e-global-typography-text-text-decoration );\">\u2003<\/span><\/p><p><b>2. Zawarto\u015b\u0107 dokumentu<\/b><\/p><p>Dokument opisuje szczeg\u00f3\u0142owe zasady bezpiecze\u0144stwa i sposoby ochrony dzieci i bezbronnych doros\u0142ych uczestnicz\u0105cych w \u017cyciu parafii i dotyczy:<\/p><ul><li><span style=\"font-family: var( --e-global-typography-text-font-family ), Sans-serif; font-size: var( --e-global-typography-text-font-size ); font-style: var( --e-global-typography-text-font-style ); letter-spacing: var( --e-global-typography-text-letter-spacing ); text-transform: var( --e-global-typography-text-text-transform ); text-decoration: var( --e-global-typography-text-text-decoration );\">rekrutacji personelu i os\u00f3b zaanga\u017cowanych duszpastersko w parafii;<\/span><\/li><li><span style=\"font-family: var( --e-global-typography-text-font-family ), Sans-serif; font-size: var( --e-global-typography-text-font-size ); font-style: var( --e-global-typography-text-font-style ); letter-spacing: var( --e-global-typography-text-letter-spacing ); text-transform: var( --e-global-typography-text-text-transform ); text-decoration: var( --e-global-typography-text-text-decoration );\">bezpiecznych relacji pomi\u0119dzy doros\u0142ymi zatrudnionymi i pomagaj\u0105cymi duszpa-stersko w parafii a dzie\u0107mi i bezbronnymi doros\u0142ymi;<\/span><\/li><li><span style=\"font-family: var( --e-global-typography-text-font-family ), Sans-serif; font-size: var( --e-global-typography-text-font-size ); font-style: var( --e-global-typography-text-font-style ); letter-spacing: var( --e-global-typography-text-letter-spacing ); text-transform: var( --e-global-typography-text-text-transform ); text-decoration: var( --e-global-typography-text-text-decoration );\">bezpiecznych relacji pomi\u0119dzy r\u00f3wie\u015bnikami;<\/span><\/li><li><span style=\"font-family: var( --e-global-typography-text-font-family ), Sans-serif; font-size: var( --e-global-typography-text-font-size ); font-style: var( --e-global-typography-text-font-style ); letter-spacing: var( --e-global-typography-text-letter-spacing ); text-transform: var( --e-global-typography-text-text-transform ); text-decoration: var( --e-global-typography-text-text-decoration );\">bezpiecznego korzystania z Internetu i medi\u00f3w elektronicznych;<\/span><\/li><li><span style=\"font-family: var( --e-global-typography-text-font-family ), Sans-serif; font-size: var( --e-global-typography-text-font-size ); font-style: var( --e-global-typography-text-font-style ); letter-spacing: var( --e-global-typography-text-letter-spacing ); text-transform: var( --e-global-typography-text-text-transform ); text-decoration: var( --e-global-typography-text-text-decoration );\">zasady ochrony wizerunku i danych osobowych;<\/span><\/li><li><span style=\"font-family: var( --e-global-typography-text-font-family ), Sans-serif; font-size: var( --e-global-typography-text-font-size ); font-style: var( --e-global-typography-text-font-style ); letter-spacing: var( --e-global-typography-text-letter-spacing ); text-transform: var( --e-global-typography-text-text-transform ); text-decoration: var( --e-global-typography-text-text-decoration );\">sposobu reagowania w parafii na przypadki podejrzenia, \u017ce dziecko do\u015bwiadcza przemocy fizycznej, psychicznej czy seksualnej i zasad prowadzenia rejestru inter-wencji (Za\u0142\u0105cznik 3);<\/span><\/li><li><span style=\"font-family: var( --e-global-typography-text-font-family ), Sans-serif; font-size: var( --e-global-typography-text-font-size ); font-style: var( --e-global-typography-text-font-style ); letter-spacing: var( --e-global-typography-text-letter-spacing ); text-transform: var( --e-global-typography-text-text-transform ); text-decoration: var( --e-global-typography-text-text-decoration );\">pomocy osobom pokrzywdzonym.<\/span><\/li><\/ul><p>Standardy ochrony s\u0105 dost\u0119pne w parafii i podane do publicznej wiadomo\u015bci na stro-nie internetowej parafii.<\/p><p><b>3. Obja\u015bnienie termin\u00f3w (s\u0142owniczek)<\/b><\/p><p>Osoby, ich role i funkcje w Ko\u015bciele<\/p><p>ksi\u0105dz \u2013 duchowny chrze\u015bcija\u0144ski posiadaj\u0105cy \u015bwi\u0119cenia kap\u0142a\u0144skie.<\/p><p>kap\u0142an \u2013 osoba, kt\u00f3ra spe\u0142nia w imieniu wsp\u00f3lnoty religijnej funkcje kultowe i rytu-alne.<\/p><p>duchowie\u0144stwo \u2013 biskupi, ksi\u0119\u017ca i diakoni.<\/p><p>osoby konsekrowane \u2013 osoby, kt\u00f3re w spos\u00f3b szczeg\u00f3lny po\u015bwi\u0119caj\u0105 \u017cycie Bogu. \u0141\u0105czy je konsekracja, kt\u00f3ra wi\u0105\u017ce si\u0119 ze z\u0142o\u017ceniem Bogu \u015blub\u00f3w czysto\u015bci oraz najcz\u0119-\u015bciej r\u00f3wnie\u017c ub\u00f3stwa i pos\u0142usze\u0144stwa, cho\u0107 zale\u017cy to od formy \u017cycia konsekrowane-go. Nale\u017c\u0105 do nich cz\u0142onkowie stowarzysze\u0144 zakonnych oraz \u015bwieckie osoby konse-krowane.<\/p><p>osoba \u015bwiecka \u2013 cz\u0142onek Ko\u015bcio\u0142a katolickiego i personel Ko\u015bcio\u0142a inny ni\u017c biskupi, ksi\u0119\u017ca, diakoni i osoby zakonne.<\/p><p>biskup \u2013 biskup lub arcybiskup diecezjalny, ordynariusz ordynariatu i pra\u0142at Pra\u0142atury Personalnej Ko\u015bcio\u0142a \u0142aci\u0144skiego oraz hierarcha Ko\u015bcio\u0142\u00f3w wschodnich.<\/p><p>proboszcz, administrator \u2013 mianowany przez biskupa duszpasterz i zarz\u0105dca para-fii.<\/p><p>personel ko\u015bcielny \u2013 duchowny, osoba zakonna lub inna osoba zatrudniona przez Ko\u015bci\u00f3\u0142 na podstawie umowy, podwykonawstwa, dobrowolnie lub nieodp\u0142atnie.<\/p><p>szafarz nadzwyczajny Komunii \u015awi\u0119tej \u2013 osoba wyznaczona do udzielania Ko-munii \u015awi\u0119tej, gdy zabraknie odpowiedniej liczby szafarzy zwyczajnych.<\/p><p>wolontariusz \u2013 osoba, kt\u00f3ra na rzecz innych os\u00f3b lub danej grupy spo\u0142ecznej, do-browolnie i bezp\u0142atnie \u015bwiadczy prac\u0119 wykraczaj\u0105c\u0105 poza zwi\u0105zki rodzinno-kole\u017ce\u0144sko\u00adprzyjacielskie. Okre\u015blenie \u201ebezp\u0142atna\u201d nie oznacza \u201ebezinteresowna\u201d, lecz \u201ebez wynagrodzenia materialnego\u201d.<\/p><p>organizator wyjazdu \u2013 osoba\/podmiot uprawniony do organizacji wyjazdu dzieci \u2013 parafie, wsp\u00f3lnoty religijne, szko\u0142y i plac\u00f3wki, przedsi\u0119biorcy podlegaj\u0105cy ustawie o us\u0142ugach turystycznych, osoby fizyczne, osoby prawne i jednostki nieposiadaj\u0105ce osobowo\u015bci prawnej.<\/p><p>Organizacja pos\u0142ugi Ko\u015bcio\u0142a<\/p><p>diecezja \u2013 jednostka administracyjna w ko\u015bcio\u0142ach chrze\u015bcija\u0144skich podleg\u0142a bisku-powi.<\/p><p>parafia \u2013 okre\u015blona wsp\u00f3lnota wiernych, utworzona na spos\u00f3b sta\u0142y w Ko\u015bciele par-tykularnym, nad kt\u00f3r\u0105 pastersk\u0105 piecz\u0119, pod zwierzchnictwem biskupa diecezjalnego, powierza si\u0119 proboszczowi (administratorowi), jako jej w\u0142asnemu pasterzowi.<\/p><p>duszpasterstwo, w tym duszpasterstwo parafialne \u2013 sytuacja, w kt\u00f3rej jedna osoba jest odpowiedzialna za dobro drugiej lub za wsp\u00f3lnot\u0119 wyznaniow\u0105. Obejmuje celebrowanie liturgii, zapewnienie porad i wsparcia duchowego, edukacj\u0119, poradnic-two, opiek\u0119 medyczn\u0105 i pomoc w potrzebie. Wszelka praca polegaj\u0105ca na nadzorze lub wychowaniu dzieci jest dzie\u0142em duszpasterskim.<\/p><p>duszpasterstwo pozaparafialne \u2013 duszpasterstwa, wsp\u00f3lnoty, grupy gromadz\u0105ce m\u0142odych ludzi (m\u0142odzie\u017c licealna, studenci, m\u0142odzi doro\u015bli), w tym wolontariaty, waka-cyjne spotkania m\u0142odych (organizowane przez zakony, zgromadzenia zakonne, wsp\u00f3lnoty), festiwale m\u0142odzie\u017cowe, rekolekcje wyjazdowe, wsp\u00f3lnoty r\u00f3\u017cnych sta-n\u00f3w, pielgrzymki piesze, pielgrzymki autokarowe, \u015brodowiska harcerskie. To dzie\u0142a, kt\u00f3re mog\u0105 dzia\u0142a\u0107 przy parafiach, ale maj\u0105 struktury pozaparafialne.<\/p><p>Dzieci i osoby bezbronne<\/p><p>dziecko \u2013 osoba poni\u017cej 18. roku \u017cycia.<\/p><p>wiek bezwzgl\u0119dnej ochrony \u2013 wiek ni\u017cszy ni\u017c wiek zgody. Czynno\u015b\u0107 seksualna z osob\u0105 w wieku ochronnym jest czynem zabronionym (wykorzystaniem seksualnym), a osoba dopuszczaj\u0105ca si\u0119 jej i lub doprowadzaj\u0105ca do niej podlega odpowiedzialno\u015bci karnej. W Polsce obecnie wynosi 15 lat.<\/p><p>dziecko wykorzystane seksualnie \u2013 ka\u017cde dziecko w wieku bezwzgl\u0119dnej ochrony, je\u015bli osoba dojrza\u0142a seksualnie, czy to przez \u015bwiadome dzia\u0142anie, czy te\u017c przez zaniedbywanie swoich spo\u0142ecznych obowi\u0105zk\u00f3w lub obowi\u0105zk\u00f3w wynikaj\u0105cych ze specyficznej odpowiedzialno\u015bci za dziecko, dopuszcza si\u0119 zaanga\u017cowania dziecka w jak\u0105kolwiek aktywno\u015b\u0107 natury seksualnej, kt\u00f3rej intencj\u0105 jest zaspokojenie osoby doros\u0142ej (Standing Committee on Sexually Abused Children).<\/p><p>opiekun \u2013 osoba sprawuj\u0105ca piecz\u0119 nad dzieckiem, uprawniona do reprezentacji dziecka oraz posiadaj\u0105ca w\u0142adz\u0119 prawn\u0105 do dbania o interesy osobiste i maj\u0105tkowe innej osoby (rodzic, rodzic zast\u0119pczy lub osoba uprawniona przez rodzica).<\/p><p>zgoda opiekuna \u2013 zgoda rodzic\u00f3w albo zgoda opiekuna, rodzica zast\u0119pczego lub opiekuna tymczasowego. Jednak w przypadku braku porozumienia mi\u0119dzy rodzicami dziecka nale\u017cy poinformowa\u0107 rodzic\u00f3w o konieczno\u015bci rozstrzygni\u0119cia sprawy przez s\u0105d rodzinny (orzeczenie s\u0105du opieku\u0144czego zast\u0119puje zgod\u0119 rodzic\u00f3w).<\/p><p>osoba doros\u0142a bezbronna zgodnie z art. 1 ust. 2 b) Vos Estis Lux Mundi \u2013 ka\u017cda osoba znajduj\u0105ca si\u0119 w stanie niepe\u0142nosprawno\u015bci, upo\u015bledzeniu fizycznym lub psychicznym albo pozbawiona wolno\u015bci osobistej, kt\u00f3re w rzeczywisto\u015bci, nawet spo-radycznie, ograniczaj\u0105 ich zdolno\u015b\u0107 zrozumienia, ch\u0119ci lub przeciwstawienia si\u0119 prze-st\u0119pstwu w inny spos\u00f3b.<\/p><p>R\u00f3\u017cne formy przemocy<\/p><p>uwik\u0142anie \u2013 ka\u017cda relacja, w kt\u00f3rej kto\u015b do\u015bwiadcza strachu, l\u0119ku, poczucia winy, poczucia krzywdy, frustracji, poni\u017cenia, zniewolenia, zale\u017cno\u015bci, dominacji, niemo\u017c-no\u015bci bycia sob\u0105, nieszczero\u015bci, braku autentyczno\u015bci, przemocy emocjonalnej, fi-zycznej, seksualnej czy ekonomicznej.<\/p><p>nadu\u017cycie \u2013 post\u0119powanie lub czyn niezgodny z przyj\u0119tymi normami post\u0119powania, a nadu\u017cywa\u0107 oznacza u\u017cy\u0107 ponad miar\u0119 oraz wykorzysta\u0107 co\u015b w niew\u0142a\u015bciwy spos\u00f3b lub w nadmiernym stopniu (SJP). 9<\/p><p>nadu\u017cycie w\u0142adzy \u2013 nadu\u017cycie stanowiska, funkcji lub obowi\u0105zku w celu wykorzy-stania innej osoby. Mo\u017ce przybiera\u0107 r\u00f3\u017cne formy i obejmowa\u0107 sytuacje, w kt\u00f3rych dana osoba ma w\u0142adz\u0119 nad inn\u0105 osob\u0105 na mocy swojego zwi\u0105zku (np. pracodawca i pracownik, nauczyciel i ucze\u0144, trener i sportowiec, rodzic lub opiekun i dziecko, du-chowny\/osoba zakonna i parafianin) i wykorzystuje t\u0119 w\u0142adz\u0119 na swoj\u0105 korzy\u015b\u0107.<\/p><p>przemoc duchowa \u2013 odwo\u0142ywanie si\u0119 do przekona\u0144 religijnych i wiary osoby w celu wyrz\u0105dzenia jej szkody. Mo\u017ce mie\u0107 negatywny wp\u0142yw na duchowo\u015b\u0107 osoby po-szkodowanej, zw\u0142aszcza gdy dopuszcza si\u0119 jej osoba posiadaj\u0105ca duchowy autorytet i zaufanie w Ko\u015bciele.<\/p><p>przemoc domowa \u2013 jednorazowe lub powtarzaj\u0105ce si\u0119 umy\u015blne dzia\u0142anie lub za-niechanie naruszaj\u0105ce prawa lub dobra osobiste os\u00f3b, w szczeg\u00f3lno\u015bci nara\u017caj\u0105ce na niebezpiecze\u0144stwo utraty \u017cycia lub zdrowia, naruszaj\u0105ce godno\u015b\u0107, nietykalno\u015b\u0107 ciele-sn\u0105, wolno\u015b\u0107, w tym wolno\u015b\u0107 seksualn\u0105, powoduj\u0105ce szkody na ich zdrowiu fizycznym lub psychicznym, a tak\u017ce wywo\u0142uj\u0105ce cierpienia i krzywdy moralne u os\u00f3b dotkni\u0119-tych przemoc\u0105 (art. 2 Ustawy o przeciwdzia\u0142aniu przemocy w rodzinie).<\/p><p>zaniedbanie (wobec osoby doros\u0142ej) \u2013 niezapewnienie przez opiekuna \u015brodk\u00f3w niezb\u0119dnych do \u017cycia osobie, kt\u00f3r\u0105 si\u0119 opiekuje.<\/p><p>przemoc wobec os\u00f3b starszych \u2013 pojedyncze lub powtarzaj\u0105ce si\u0119 dzia\u0142anie lub brak odpowiedniego dzia\u0142ania, maj\u0105ce miejsce w jakimkolwiek zwi\u0105zku, w kt\u00f3rym oczekuje si\u0119 zaufania, kt\u00f3re powoduje krzywd\u0119 lub cierpienie starszej osoby.<\/p><p>przemoc emocjonalna (doro\u015bli) \u2013 powszechna forma przemocy maj\u0105ca miejsce w bliskich zwi\u0105zkach. Przemoc emocjonalna jest definiowana jako molestowanie, kt\u00f3-re ma miejsce, gdy dana osoba jest poddawana zachowaniom lub dzia\u0142aniom maj\u0105-cym na celu jej kontrolowanie, z zamiarem wyrz\u0105dzenia jej krzywdy emocjonalnej lub strachu, poprzez manipulacj\u0119, izolacj\u0119 lub zastraszanie.<\/p><p>bullying \u2013 zn\u0119canie, zastraszanie, prze\u015bladowanie werbalne, spo\u0142eczne, a tak\u017ce fi-zyczne.<\/p><p>gaslighting \u2013 przemoc psychiczna polegaj\u0105ca na manipulowania drug\u0105 osob\u0105 w taki spos\u00f3b, \u017ce ofiara przemocy z czasem przestaje ufa\u0107 swoim os\u0105dom, staje si\u0119 zdezo-rientowana, zal\u0119kniona i traci zaufanie do swojej pami\u0119ci czy percepcji. Je\u015bli manipu-lacja jest stosowana stale i metodycznie, mo\u017ce w ko\u0144cu doprowadzi\u0107 do tego, \u017ce ofiara zacznie kwestionowa\u0107 swoje zdrowie psychiczne. W ten spos\u00f3b manipulator przejmuje nad ni\u0105 ca\u0142kowit\u0105 kontrol\u0119.<\/p><p>grooming (wobec doros\u0142ego) \u2013 zachowania maj\u0105ce na celu izolacj\u0119 osoby, uczy-nienie jej zale\u017cn\u0105, sk\u0142onn\u0105 do zaufania i bardziej podatn\u0105 na agresywne zachowanie.<\/p><p>seksizm \u2013 uprzedzenie lub dyskryminacja ze wzgl\u0119du na p\u0142e\u0107.<\/p><p>seksualizacja \u2013 proces, w wyniku kt\u00f3rego warto\u015bciowanie drugiej osoby oraz siebie samego\/siebie samej dokonywane jest przez pryzmat atrakcyjno\u015bci seksualnej, uprzedmiotowienie osoby pod wzgl\u0119dem seksualnym lub narzucanie seksualno\u015bci w niew\u0142a\u015bciwy spos\u00f3b (wg Ameryka\u0144skiego Towarzystwa Psychologicznego).<\/p><p>cyberprzemoc \u2013 wszelka przemoc z u\u017cyciem technologii informacyjnych i komuni-kacyjnych \u2013 komunikator\u00f3w, czat\u00f3w, stron internetowych, medi\u00f3w spo\u0142eczno\u015bcio-wych, blog\u00f3w, SMS-\u00f3w, MMS-\u00f3w. Mo\u017ce mie\u0107 form\u0119 wulgarnych wiadomo\u015bci, obra\u017a-liwych komentarzy (hejt, trolling), rozpowszechniania zdj\u0119\u0107 ukazuj\u0105cych dziecko w niekorzystnym \u015bwietle, zastraszania, \u015bledzenia (cyberstalking), ujawniania tajemnic (outing) itp.<\/p><p>Wsparcie<\/p><p>Niebieska Linia \u2013 https:\/\/www.niebieskalinia.info\/<\/p><p>procedura \u201eNiebieskie Karty\u201d \u2013 jest narz\u0119dziem, kt\u00f3rego g\u0142\u00f3wnym celem jest zapewnienie bezpiecze\u0144stwa osobie doznaj\u0105cej przemocy domowej, obejmuje te\u017c wsp\u00f3\u0142prac\u0119 przedstawicieli r\u00f3\u017cnych instytucji i podmiot\u00f3w, kt\u00f3re s\u0105 zobowi\u0105zane do reagowania w przypadku uzyskania informacji o wyst\u0105pieniu przemocy domowej.<\/p><p>Przest\u0119pstwa motywowane seksualnie<\/p><p>przest\u0119pstwo kanoniczne wykorzystywania seksualnego \u2013 kanoniczne prze-st\u0119pstwa wykorzystywania seksualnego pope\u0142niane przez duchownych lub osoby konsekrowane, kt\u00f3rymi s\u0105: zmuszanie kogo\u015b, za pomoc\u0105 przemocy, gro\u017aby lub nadu-\u017cycia w\u0142adzy, do wykonywania lub poddawania si\u0119 czynno\u015bciom seksualnym; wyko-nywanie czynno\u015bci seksualnych z dzieckiem lub osob\u0105 bezbronn\u0105; produkcja, wysta-wianie, posiadanie lub dystrybucja, w tym drog\u0105 elektroniczn\u0105, pornografii z udzia\u0142em dzieci, a tak\u017ce werbowanie lub nak\u0142anianie dziecka lub osoby bezbronnej do udzia\u0142u w tworzeniu pornografii pope\u0142nione przez duchownych lub osoby zakonne, o kt\u00f3rych mowa w artykule 1 \u00a71 a) Vos Estis Lux Mundi.<\/p><p>przest\u0119pstwa przeciwko wolno\u015bci seksualnej i obyczajno\u015bci (art. 197-205 k.k.) \u2013 zgwa\u0142cenie (art. 197), wykorzystanie seksualne osoby bezradnej lub nie-poczytalnej (art. 198), seksualne wykorzystanie zale\u017cno\u015bci (art. 199), seksualne wyko-rzystanie dziecka (art. 200), uwodzenie dziecka poni\u017cej lat 15 z wykorzystaniem sys-temu teleinformatycznego lub sieci telekomunikacyjnej (art. 200a), propagowanie pedofilii (art. 200b), kazirodztwo (art. 201), pornografia (art. 202), zmuszanie do pro-stytucji (art. 203), czerpanie zysku z cudzego nierz\u0105du (art. 204).<\/p><p>Rejestr Sprawc\u00f3w Przest\u0119pstw na Tle Seksualnym \u2013 rejestr obywateli pol-skich, kt\u00f3rzy dopu\u015bcili si\u0119 przest\u0119pstwa z pobudek seksualnych. Sk\u0142ada si\u0119 z Rejestru publicznego i Rejestru z dost\u0119pem ograniczonym. https:\/\/arch-bip.ms.gov.pl\/pl\/rejestry-i-ewidencje\/rejestr-sprawcow-przestepstw-na-tle-seksualnym\/<\/p><p>Osoby dramatu<\/p><p>osoba pokrzywdzona \u2013 osoba fizyczna lub prawna, kt\u00f3rej dobro prawne zosta\u0142o bezpo\u015brednio naruszone lub zagro\u017cone przez przest\u0119pstwo (art. 49 \u00a71 k.p.k.).<\/p><p>osoby pokrzywdzone przemoc\u0105 w rodzinie \u2013 osoby najbli\u017csze, inne osoby po-zostaj\u0105ce w sta\u0142ym lub przemijaj\u0105cym stosunku zale\u017cno\u015bci od osoby stosuj\u0105cej prze-moc (art. 115 \u00a711 Ustawy o przeciwdzia\u0142aniu przemocy w rodzinie).<\/p><p>skar\u017c\u0105cy \u2013 ka\u017cda osoba sk\u0142adaj\u0105ca skarg\u0119, kt\u00f3ra mo\u017ce zawiera\u0107 zarzut, podejrzenie, obaw\u0119 lub zg\u0142oszenie naruszenia prawa.<\/p><p>pozwany \u2013 osoba, na kt\u00f3r\u0105 z\u0142o\u017cono skarg\u0119.<\/p><p>oskar\u017cony \u2013 osoba, kt\u00f3rej postawiono zarzuty karne.<\/p><p>przest\u0119pca seksualny \u2013 osoba, kt\u00f3ra przyzna\u0142a si\u0119 do wykorzystania seksualnego lub kt\u00f3rej odpowiedzialno\u015b\u0107 za wykorzystanie zosta\u0142a orzeczona przez w\u0142a\u015bciwy s\u0105d i\/lub procedur\u0119 ko\u015bcieln\u0105.<\/p><p>Zesp\u00f3\u0142 ds. Prewencji i jego praca<\/p><p>osoba odpowiedzialna za standardy ochrony dzieci \u2013 osoba wyznaczona przez proboszcza (administratora), sprawuj\u0105ca nadz\u00f3r nad prawid\u0142owym stosowaniem standard\u00f3w ochrony dzieci.<\/p><p>osoba zaufana \u2013 osoba wyznaczona przez proboszcza (administratora), ciesz\u0105ca si\u0119 zaufaniem i odpowiednio przygotowana, odpowiedzialna za przyjmowanie zg\u0142osze\u0144 o zdarzeniach dotycz\u0105cych przemocy.<\/p><p>osoba odpowiedzialna za interwencj\u0119 \u2013 zarz\u0105dca plac\u00f3wki (proboszcz, admini-strator) odpowiedzialny za podejmowanie interwencji w przypadku zaistnienia prze-mocy.<\/p><p>kompetencje mi\u0119kkie \u2013 umiej\u0119tno\u015bci psychospo\u0142eczne, np. komunikatywno\u015b\u0107, asertywno\u015b\u0107.<\/p><p>konflikt interes\u00f3w \u2013 sytuacja (postrzegana lub rzeczywista), w kt\u00f3rej powstaje kon-flikt pomi\u0119dzy obowi\u0105zkami s\u0142u\u017cbowymi danej osoby a jej prywatnymi interesami, kt\u00f3ry mo\u017ce mie\u0107 wp\u0142yw na wykonywanie tych obowi\u0105zk\u00f3w. Taki konflikt zazwyczaj wi\u0105\u017ce si\u0119 z przeciwstawnymi zasadami lub niezgodnymi \u017cyczeniami lub potrzebami i mo\u017ce wyst\u0105pi\u0107, gdy osoba pe\u0142ni wiele r\u00f3l.<\/p><p>lojalno\u015b\u0107 \u015brodowiskowa \u2013 silna lojalno\u015b\u0107 wobec danego \u015brodowiska, grupy ludzi, wsp\u00f3lnoty, instytucji, prze\u0142o\u017conego itp., kt\u00f3ra mo\u017ce przyjmowa\u0107 formy pozytywne, np. dochowanie tajemnicy, lub negatywne, np. niereagowanie b\u0105d\u017a zaprzeczanie przemocy.<\/p><p>dane osobowe \u2013 wszelkie informacje dotycz\u0105ce zidentyfikowanej lub mo\u017cliwej do zidentyfikowania \u017cyj\u0105cej osoby fizycznej, a tak\u017ce poszczeg\u00f3lne informacje, kt\u00f3re w po\u0142\u0105czeniu ze sob\u0105 mog\u0105 prowadzi\u0107 do zidentyfikowania to\u017csamo\u015bci danej osoby. Przyk\u0142adowe dane osobowe: imi\u0119 i nazwisko, adres zamieszkania, adres e-mail z imie-niem i nazwiskiem, numer dowodu to\u017csamo\u015bci, dane o lokalizacji, adres IP, dane przechowywane przez szpital lub lekarza, kt\u00f3re mog\u0105 jednoznacznie wskazywa\u0107 to\u017c-samo\u015b\u0107 danej osoby.<\/p><p>wniosek o wgl\u0105d w sytuacj\u0119 rodziny \u2013 pismo, kt\u00f3re mo\u017ce zosta\u0107 z\u0142o\u017cone przez ka\u017cd\u0105 osob\u0119 fizyczn\u0105 i prawn\u0105, kt\u00f3ra chce, aby s\u0105d zbada\u0142 aktualn\u0105 sytuacj\u0119 rodzinn\u0105. Wniosek nie podlega \u017cadnej op\u0142acie s\u0105dowej, mo\u017ce by\u0107 z\u0142o\u017cony w ka\u017cdej chwili i w przypadku jego odrzucenia przez s\u0105d nie rodzi \u017cadnych negatywnych konsekwencji wobec wnioskodawcy.<\/p><p>Formy przemocy wobec dziecka<\/p><p>przemoc wobec dzieci \u2013 wszelkie formy z\u0142ego traktowania fizycznego i\/lub emo-cjonalnego, wykorzystywania seksualnego, zaniedbania lub niedba\u0142ego traktowania, wyzysku komercyjnego lub innego, skutkuj\u0105ce rzeczywist\u0105 lub potencjaln\u0105 szkod\u0105 dla zdrowia, przetrwania, rozwoju lub godno\u015bci dziecka w kontek\u015bcie relacji odpo-wiedzialno\u015bci, zaufania lub si\u0142y. Dzieli si\u0119 powszechnie na pi\u0119\u0107 podtyp\u00f3w: przemoc fizyczna, zn\u0119canie si\u0119 emocjonalne\/psychiczne, zaniedbanie, nara\u017cenie na przemoc w rodzinie, wykorzystywanie seksualne. W kontek\u015bcie Ko\u015bcio\u0142a katolickiego wa\u017cne jest tak\u017ce uznanie przemocy duchowej za dodatkowy podtyp przemocy.<\/p><ul><li><span style=\"font-family: var( --e-global-typography-text-font-family ), Sans-serif; font-size: var( --e-global-typography-text-font-size ); font-style: var( --e-global-typography-text-font-style ); letter-spacing: var( --e-global-typography-text-letter-spacing ); text-transform: var( --e-global-typography-text-text-transform ); text-decoration: var( --e-global-typography-text-text-decoration );\">przemoc fizyczna to przemoc, w wyniku kt\u00f3rej dziecko doznaje fizycznej krzyw-dy lub jest ni\u0105 potencjalnie zagro\u017cone. Krzywda ta nast\u0119puje w wyniku dzia\u0142ania b\u0105d\u017a zaniechania dzia\u0142ania ze strony rodzica lub innej osoby odpowiedzialnej za dziecko, lub kt\u00f3rej dziecko ufa, b\u0105d\u017a kt\u00f3ra ma nad nim w\u0142adz\u0119. Przemoc fizyczna wobec dziecka mo\u017ce by\u0107 czynno\u015bci\u0105 powtarzaln\u0105 lub jednorazow\u0105.<\/span><\/li><li><span style=\"font-family: var( --e-global-typography-text-font-family ), Sans-serif; font-size: var( --e-global-typography-text-font-size ); font-style: var( --e-global-typography-text-font-style ); letter-spacing: var( --e-global-typography-text-letter-spacing ); text-transform: var( --e-global-typography-text-text-transform ); text-decoration: var( --e-global-typography-text-text-decoration );\">przemoc psychiczna i emocjonalna to przewlek\u0142a, niefizyczna, szkodliwa in-terakcja wobec dziecka, obejmuj\u0105ca zar\u00f3wno dzia\u0142ania, jak i zaniechania. Zaliczamy do niej m.in. niedost\u0119pno\u015b\u0107 emocjonaln\u0105, zaniedbywanie emocjonalne, relacj\u0119 z dzieckiem opart\u0105 na wrogo\u015bci, obwinianiu, oczernianiu, odrzucaniu, nieodpowied-nie rozwojowo lub niekonsekwentne interakcje z dzieckiem, niedostrzeganie lub nieuznawanie indywidualno\u015bci dziecka i jego granic psychicznych.<\/span><\/li><li><span style=\"font-family: var( --e-global-typography-text-font-family ), Sans-serif; font-size: var( --e-global-typography-text-font-size ); font-style: var( --e-global-typography-text-font-style ); letter-spacing: var( --e-global-typography-text-letter-spacing ); text-transform: var( --e-global-typography-text-text-transform ); text-decoration: var( --e-global-typography-text-text-decoration );\">zaniedbywanie dziecka to chroniczne lub incydentalne niezaspokajanie jego podstawowych potrzeb fizycznych\/psychicznych i\/lub nierespektowanie jego pod-stawowych praw, powoduj\u0105ce zaburzenia jego zdrowia i\/lub trudno\u015bci w rozwoju. Do zaniedbywania dochodzi w relacji dziecka z osob\u0105, kt\u00f3ra jest zobowi\u0105zana do opieki, wychowania, troski i ochrony dziecka.<\/span><\/li><li><span style=\"font-family: var( --e-global-typography-text-font-family ), Sans-serif; font-size: var( --e-global-typography-text-font-size ); font-style: var( --e-global-typography-text-font-style ); letter-spacing: var( --e-global-typography-text-letter-spacing ); text-transform: var( --e-global-typography-text-text-transform ); text-decoration: var( --e-global-typography-text-text-decoration );\">nara\u017cenie na przemoc w rodzinie \u2013 forma psychicznego zn\u0119cania si\u0119 nad dzieckiem, w kt\u00f3rej dziecko jest obecne \u2013 s\u0142yszy lub widzi \u2013 gdy inny cz\u0142onek ro-dziny do\u015bwiadcza przemocy fizycznej, psychicznej lub seksualnej albo widzi szkody wyrz\u0105dzone osobom lub mieniu w wyniku agresywnego zachowania cz\u0142onka ro-dziny.<\/span><\/li><li><span style=\"font-family: var( --e-global-typography-text-font-family ), Sans-serif; font-size: var( --e-global-typography-text-font-size ); font-style: var( --e-global-typography-text-font-style ); letter-spacing: var( --e-global-typography-text-letter-spacing ); text-transform: var( --e-global-typography-text-text-transform ); text-decoration: var( --e-global-typography-text-text-decoration );\">wykorzystywanie seksualne dziecka \u2013 wykorzystanie seksualne dziecka to w\u0142\u0105czanie dziecka w aktywno\u015b\u0107 seksualn\u0105, kt\u00f3rej nie jest ono w stanie w pe\u0142ni zro-zumie\u0107 i udzieli\u0107 na ni\u0105 \u015bwiadomej zgody i\/lub na kt\u00f3r\u0105 nie jest dojrza\u0142e rozwojowe i nie mo\u017ce zgodzi\u0107 si\u0119 w wa\u017cny prawnie spos\u00f3b i\/lub kt\u00f3ra jest niezgodna z nor-mami prawnymi lub obyczajowymi danego spo\u0142ecze\u0144stwa. Z wykorzystaniem sek-sualnym mamy do czynienia, gdy taka aktywno\u015b\u0107 wyst\u0105pi mi\u0119dzy dzieckiem a do-ros\u0142ym lub dzieckiem a innym dzieckiem, je\u015bli te osoby ze wzgl\u0119du na wiek b\u0105d\u017a stopie\u0144 rozwoju pozostaj\u0105 w relacji opieki, zale\u017cno\u015bci, w\u0142adzy. Celem takiej aktyw-no\u015bci jest zaspokojenie potrzeb innej osoby (World Health Organization). Obejmu-je zachowania z kontaktem fizycznym (w tym penetracyjne) oraz bez kontaktu fi-zycznego, mo\u017ce wtedy przybra\u0107 form\u0119 seksualizacji, robienia zdj\u0119\u0107 lub film\u00f3w wi-deo przedstawiaj\u0105cych dzieci o charakterze jednoznacznie seksualnym, zmuszania dzieci do ogl\u0105dania czynno\u015bci seksualnych lub wzi\u0119cia w nich udzia\u0142u lub zmusza-nia dzieci do uprawiania seksu lub anga\u017cowania si\u0119 w czynno\u015bci seksualne z inny-mi dzie\u0107mi lub doros\u0142ymi. Obejmuje r\u00f3wnie\u017c wyzyskiwanie seksualne dzieci, czyli czerpanie zysku np. z pornografii z udzia\u0142em dzieci lub prostytucji dzieci\u0119cej. Ro-oming (wobec dziecka) \u2013 zachowania, kt\u00f3rych celem jest przygotowanie dziec-ka do wykorzystywania seksualnego. Obejmuje nawi\u0105zanie szczeg\u00f3lnej relacji z dzieckiem, cz\u0119sto r\u00f3wnie\u017c warunkowanie rodzic\u00f3w i innych doros\u0142ych oraz os\u0142a-bienie ich czujno\u015bci, aby my\u015bleli, \u017ce relacja z dzieckiem jest normalna i pozytywna.<\/span><\/li><\/ul><p>przemoc r\u00f3wie\u015bnicza (agresja r\u00f3wie\u015bnicza, bullying) \u2013 wyst\u0119puje, gdy dziec-ko do\u015bwiadcza r\u00f3\u017cnych form przemocy ze strony r\u00f3wie\u015bnik\u00f3w, bezpo\u015brednio lub z u\u017cyciem technologii komunikacyjnych. Ma miejsce wtedy, gdy dzia\u0142anie ma na celu wyrz\u0105dzenie komu\u015b przykro\u015bci lub krzywdy (intencjonalno\u015b\u0107), ma charakter systema-tyczny (powtarzalno\u015b\u0107), a ofiara jest s\u0142absza od sprawcy b\u0105d\u017a grupy sprawc\u00f3w. Obej-muje przemoc werbaln\u0105 (np. przezywanie, dogadywanie, o\u015bmieszanie), relacyjn\u0105 (np. wykluczenie z grupy, ignorowanie, nastawianie innych przeciwko osobie), fizyczn\u0105 (np. pobicie, kopanie, popychanie, szarpanie), materialn\u0105 (np. kradzie\u017c, niszczenie przedmiot\u00f3w) oraz elektroniczn\u0105 (z\u0142o\u015bliwy SMS lub e-mail, wpis w mediach spo\u0142ecz-no\u015bciowych, umieszczanie w Internecie zdj\u0119\u0107 lub film\u00f3w o\u015bmieszaj\u0105cych ofiar\u0119), a tak\u017ce przemoc podczas randki ze strony ch\u0142opaka\/dziewczyny.<\/p><p><b>4. Weryfikacja, delegowanie i edukacja kap\u0142an\u00f3w, os\u00f3b konsekrowanych i \u015bwieckich pracuj\u0105cych z dzie\u0107mi i z osobami bezbronnymi w parafii<\/b><\/p><p>Za wdro\u017cenie i stosowanie standard\u00f3w ochrony dzieci przed przemoc\u0105 w parafii od-powiada proboszcz\/administrator.\u00a0<\/p><p>Do obowi\u0105zk\u00f3w proboszcza\/administratora nale\u017cy:<\/p><p>POZYSKANIE INFORMACJI Z REJESTRU PRZEST\u0118C\u00d3W NA TLE SEKSU-ALNYM<\/p><p>O ka\u017cdej osobie zaanga\u017cowanej w parafii i maj\u0105cej kontakt z dzie\u0107mi w obszarze zwi\u0105zanym z wychowaniem, edukacj\u0105, wypoczynkiem, leczeniem, \u015bwiadczeniem po-rad psychologicznych, rozwojem duchowym, uprawianiem sportu lub realizacj\u0105 in-nych zainteresowa\u0144 przez dzieci, lub z opiek\u0105 nad dzie\u0107mi proboszcz uzyskuje dane z Rejestru Sprawc\u00f3w Przest\u0119pstw na Tle Seksualnym (https:\/\/arch-bip. ms.gov.pl\/pl\/rejestry-i-ewidencje\/rejestr-sprawcow-przestepstw-na-tle-seksualnym\/).<\/p><p>OTRZYMANIE ZA\u015aWIADCZENIA Z KRAJOWEGO REJESTRU KARNEGO<\/p><p>Przed nawi\u0105zaniem stosunku pracy lub przed dopuszczeniem osoby do dzia\u0142alno\u015bci (np. wolontariackiej) zwi\u0105zanej z wychowaniem, edukacj\u0105, wypoczynkiem, \u015bwiadcze-niem porad psychologicznych, rozwojem duchowym, uprawianiem sportu lub realiza-cj\u0105 innych zainteresowa\u0144 przez dzieci, lub z opiek\u0105 nad nimi proboszcz ma obowi\u0105zek uzyskania od tej osoby informacji z Krajowego Rejestru Karnego.\u00a0<\/p><p>Jakie informacje nale\u017cy zaznaczy\u0107, aby dokument z KRK by\u0142 prawid\u0142owy:<\/p><p>W punkcie 12 formularza \u201eRodzaj danych, kt\u00f3re maj\u0105 by\u0107 przedmiotem informacji o osobie\u201d nale\u017cy zaznaczy\u0107: Kartotek\u0119 karn\u0105 oraz Kartotek\u0119 nieletnich.<\/p><p>W punkcie 13 formularza \u201eZakres danych, kt\u00f3re maj\u0105 by\u0107 przedmiotem informacji o osobie\u201d nale\u017cy wskaza\u0107:<\/p><ul><li><span style=\"font-family: var( --e-global-typography-text-font-family ), Sans-serif; font-size: var( --e-global-typography-text-font-size ); font-style: var( --e-global-typography-text-font-style ); letter-spacing: var( --e-global-typography-text-letter-spacing ); text-transform: var( --e-global-typography-text-text-transform ); text-decoration: var( --e-global-typography-text-text-decoration );\">w zakresie przest\u0119pstw okre\u015blonych w rozdziale XIX i XXV Kodeksu karnego, w art. 189a i art. 207 Kodeksu karnego oraz w ustawie z dnia 29 lipca 2005 r. o przeciwdzia-\u0142aniu narkomanii (Dz. U. z 2023 r. poz. 172), albo<\/span><\/li><li><span style=\"font-family: var( --e-global-typography-text-font-family ), Sans-serif; font-size: var( --e-global-typography-text-font-size ); font-style: var( --e-global-typography-text-font-style ); letter-spacing: var( --e-global-typography-text-letter-spacing ); text-transform: var( --e-global-typography-text-text-transform ); text-decoration: var( --e-global-typography-text-text-decoration );\">art. 21 ust. 3 ustawy z dnia 13 maja 2016 r. o przeciwdzia\u0142aniu zagro\u017ceniom prze-st\u0119pczo\u015bci\u0105 na tle seksualnym i ochronie ma\u0142oletnich (Dz. U. z 2023 r. poz. 1304 i 1606).<\/span><\/li><li>\u00a0<\/li><li><span style=\"font-family: var( --e-global-typography-text-font-family ), Sans-serif; font-size: var( --e-global-typography-text-font-size ); font-style: var( --e-global-typography-text-font-style ); letter-spacing: var( --e-global-typography-text-letter-spacing ); text-transform: var( --e-global-typography-text-text-transform ); text-decoration: var( --e-global-typography-text-text-decoration );\">Je\u015bli parafia zatrudnia firmy z zewn\u0105trz lub udost\u0119pnia im pomieszczenia, w\u0142a\u015bciciel firmy musi przedstawi\u0107 proboszczowi o\u015bwiadczenie o sprawdzeniu swoich pracow-nik\u00f3w, kt\u00f3rzy wejd\u0105 na teren parafii i b\u0119d\u0105 mogli mie\u0107 kontakt z dzie\u0107mi, w Reje-strze Sprawc\u00f3w Przest\u0119pstw na Tle Seksualnym.<\/span><\/li><li><span style=\"font-family: var( --e-global-typography-text-font-family ), Sans-serif; font-size: var( --e-global-typography-text-font-size ); font-style: var( --e-global-typography-text-font-style ); letter-spacing: var( --e-global-typography-text-letter-spacing ); text-transform: var( --e-global-typography-text-text-transform ); text-decoration: var( --e-global-typography-text-text-decoration );\">Proboszcz\/administrator parafii powo\u0142uje Zesp\u00f3\u0142 ds. Prewencji. W jego sk\u0142ad wchodz\u0105: osoba odpowiedzialna za standardy ochrony dzieci, osoba zaufana oraz osoba odpowiedzialna za interwencj\u0119.<\/span><\/li><\/ul><p>Osoba odpowiedzialna za standardy troszczy si\u0119 o to, aby standardy by\u0142y w pa-rafii znane, wdra\u017cane i przestrzegane. Ka\u017cda odr\u0119bna grupa parafialna mo\u017ce wyzna-czy\u0107 w\u0142asn\u0105 tak\u0105 osob\u0119.<\/p><p>Osoba zaufana powo\u0142ana jest do przyjmowania zg\u0142osze\u0144 w przypadku naruszenia standard\u00f3w lub zaistnienia incydent\u00f3w przemocy. Musi to by\u0107 osoba faktycznie bu-dz\u0105ca zaufanie, odpowiednio przygotowana oraz posiadaj\u0105ca tzw. kompetencje mi\u0119kkie, predysponuj\u0105ce j\u0105 do kontaktu z osobami skrzywdzonymi. Nie mo\u017ce ona na w\u0142asn\u0105 r\u0119k\u0119 podejmowa\u0107 dzia\u0142a\u0144 s\u0142u\u017c\u0105cych wyja\u015bnieniu podejrze\u0144 i zarzut\u00f3w lub we-ryfikacji zg\u0142aszanych fakt\u00f3w. Wsp\u00f3\u0142pracuje \u015bci\u015ble z osob\u0105 odpowiedzialn\u0105 za inter-wencj\u0119. Osoby te zobowi\u0105zane s\u0105 do zachowania poufno\u015bci (Za\u0142\u0105cznik 4).<\/p><p>Osob\u0105 odpowiedzialn\u0105 za interwencj\u0119 w przypadku podejrzenia lub zaistnienia przemocy mo\u017ce by\u0107 proboszcz\/administrator parafii, lub inna osoba oddelegowana do tego zadania o ile posiada odpowiednie kompetencje.<\/p><p>Osoby powy\u017csze tworz\u0105 wraz z proboszczem (administratorem) Zesp\u00f3\u0142 ds. Prewencji i \u015bci\u015ble z sob\u0105 wsp\u00f3\u0142pracuj\u0105. Wskazane jest, aby by\u0142y to \u015bwieckie osoby ciesz\u0105ce si\u0119 zaufaniem, odpowiednio przeszkolone i kompetentne, kt\u00f3re b\u0119d\u0105 wiedzia\u0142y, jakie dzia\u0142ania w danej sytuacji s\u0105 stosowne i konieczne. Nie mog\u0105 to by\u0107 osoby uwik\u0142ane w lojalno\u015b\u0107 \u015brodowiskow\u0105 lub w konflikcie interes\u00f3w. W sytuacji, gdy nie ma mo\u017cli-wo\u015bci powo\u0142ania ca\u0142ego zespo\u0142u, nale\u017cy powo\u0142a\u0107 przynajmniej jedn\u0105 osob\u0119, kt\u00f3ra b\u0119dzie \u0142\u0105czy\u0142a powy\u017csze funkcje. Zesp\u00f3\u0142 ten wsp\u00f3\u0142pracuje r\u00f3wnie\u017c z osobami odpo-wiedzialnymi w diecezji za prewencj\u0119 oraz z delegatem ds. ochrony dzieci i m\u0142odzie\u017cy<\/p><p>Wszelka dzia\u0142alno\u015b\u0107 dotycz\u0105ca ochrony oraz interwencji i pomocy musi by\u0107 doku-mentowana. Wpis\u00f3w w rejestrze zdarze\u0144 dokonuj\u0105 osoby bezpo\u015brednio zaanga\u017cowa-ne w dan\u0105 aktywno\u015b\u0107, ale za bezpieczne przechowywanie informacji odpowiedzialny jest proboszcz\/administrator. Rejestr (Za\u0142\u0105cznik 3) prowadzi si\u0119 zgodnie z zasadami ochrony danych wra\u017cliwych.\u00a0<\/p><p>Obowi\u0105zki duszpasterzy dzieci<\/p><p>Duszpasterze dzieci powinni:\u00a0<\/p><ul><li><span style=\"font-family: var( --e-global-typography-text-font-family ), Sans-serif; font-size: var( --e-global-typography-text-font-size ); font-style: var( --e-global-typography-text-font-style ); letter-spacing: var( --e-global-typography-text-letter-spacing ); text-transform: var( --e-global-typography-text-text-transform ); text-decoration: var( --e-global-typography-text-text-decoration );\">czuwa\u0107 nad w\u0142asn\u0105 dojrza\u0142o\u015bci\u0105 emocjonaln\u0105, psychiczn\u0105, duchow\u0105;<\/span><\/li><li><span style=\"font-family: var( --e-global-typography-text-font-family ), Sans-serif; font-size: var( --e-global-typography-text-font-size ); font-style: var( --e-global-typography-text-font-style ); letter-spacing: var( --e-global-typography-text-letter-spacing ); text-transform: var( --e-global-typography-text-text-transform ); text-decoration: var( --e-global-typography-text-text-decoration );\">stara\u0107 si\u0119 o dob\u00f3r \u017cywo wierz\u0105cych, rzetelnych, zweryfikowanych i odpowiednio przeszkolonych os\u00f3b do pe\u0142nienia funkcji animator\u00f3w, wychowawc\u00f3w itd.;<\/span><\/li><li><span style=\"font-family: var( --e-global-typography-text-font-family ), Sans-serif; font-size: var( --e-global-typography-text-font-size ); font-style: var( --e-global-typography-text-font-style ); letter-spacing: var( --e-global-typography-text-letter-spacing ); text-transform: var( --e-global-typography-text-text-transform ); text-decoration: var( --e-global-typography-text-text-decoration );\">wspiera\u0107 dzieci w ich rozwoju ku dojrza\u0142o\u015bci;<\/span><\/li><li><span style=\"font-family: var( --e-global-typography-text-font-family ), Sans-serif; font-size: var( --e-global-typography-text-font-size ); font-style: var( --e-global-typography-text-font-style ); letter-spacing: var( --e-global-typography-text-letter-spacing ); text-transform: var( --e-global-typography-text-text-transform ); text-decoration: var( --e-global-typography-text-text-decoration );\">dba\u0107 o respektowanie zasad kultury (wobec dzieci i mi\u0119dzy nimi);<\/span><\/li><li><span style=\"font-family: var( --e-global-typography-text-font-family ), Sans-serif; font-size: var( --e-global-typography-text-font-size ); font-style: var( --e-global-typography-text-font-style ); letter-spacing: var( --e-global-typography-text-letter-spacing ); text-transform: var( --e-global-typography-text-text-transform ); text-decoration: var( --e-global-typography-text-text-decoration );\">czuwa\u0107 nad r\u00f3wnym traktowaniem wszystkich dzieci, uwzgl\u0119dnieniem ich szcze-g\u00f3lnych potrzeb i osobistych uwarunkowa\u0144;<\/span><\/li><li><span style=\"font-family: var( --e-global-typography-text-font-family ), Sans-serif; font-size: var( --e-global-typography-text-font-size ); font-style: var( --e-global-typography-text-font-style ); letter-spacing: var( --e-global-typography-text-letter-spacing ); text-transform: var( --e-global-typography-text-text-transform ); text-decoration: var( --e-global-typography-text-text-decoration );\">dba\u0107 o przestrzeganie prawa do nienaruszalno\u015bci cielesnej i prywatno\u015bci;<\/span><\/li><li><span style=\"font-family: var( --e-global-typography-text-font-family ), Sans-serif; font-size: var( --e-global-typography-text-font-size ); font-style: var( --e-global-typography-text-font-style ); letter-spacing: var( --e-global-typography-text-letter-spacing ); text-transform: var( --e-global-typography-text-text-transform ); text-decoration: var( --e-global-typography-text-text-decoration );\">organizowa\u0107 dzia\u0142ania duszpasterskie w miejscach bezpiecznych;<\/span><\/li><li><span style=\"font-family: var( --e-global-typography-text-font-family ), Sans-serif; font-size: var( --e-global-typography-text-font-size ); font-style: var( --e-global-typography-text-font-style ); letter-spacing: var( --e-global-typography-text-letter-spacing ); text-transform: var( --e-global-typography-text-text-transform ); text-decoration: var( --e-global-typography-text-text-decoration );\">utrzymywa\u0107 mo\u017cliwie \u017cywy i transparentny kontakt z rodzicami dzieci;<\/span><\/li><li><span style=\"font-family: var( --e-global-typography-text-font-family ), Sans-serif; font-size: var( --e-global-typography-text-font-size ); font-style: var( --e-global-typography-text-font-style ); letter-spacing: var( --e-global-typography-text-letter-spacing ); text-transform: var( --e-global-typography-text-text-transform ); text-decoration: var( --e-global-typography-text-text-decoration );\">dba\u0107 o przestrzeganie zasad prywatno\u015bci i ochrony wizerunku oraz danych osobo-wych dzieci (Za\u0142\u0105cznik 5).<\/span><\/li><\/ul><p>Zakres szkole\u0144 w temacie ochrony dzieci i os\u00f3b bezbronnych oraz kto je prowadzi<\/p><p>Wszyscy pracownicy i wolontariusze w parafii otrzymuj\u0105 potrzebn\u0105 im wiedz\u0119 o stan-dardach przyj\u0119tych i obowi\u0105zuj\u0105cych w parafii \u2013 kodeksie zachowa\u0144, procedurach zwi\u0105zanych z interwencj\u0105 i zg\u0142oszeniem.<\/p><p>Pracownicy i wolontariusze pe\u0142ni\u0105cy funkcje wychowawcze lub formacyjne dodatko-wo otrzymuj\u0105 potrzebn\u0105 wiedz\u0119 dotycz\u0105c\u0105:<\/p><ul><li><span style=\"font-family: var( --e-global-typography-text-font-family ), Sans-serif; font-size: var( --e-global-typography-text-font-size ); font-style: var( --e-global-typography-text-font-style ); letter-spacing: var( --e-global-typography-text-letter-spacing ); text-transform: var( --e-global-typography-text-text-transform ); text-decoration: var( --e-global-typography-text-text-decoration );\">rodzaj\u00f3w przemocy (w tym przemocy r\u00f3wie\u015bniczej);<\/span><\/li><li><span style=\"font-family: var( --e-global-typography-text-font-family ), Sans-serif; font-size: var( --e-global-typography-text-font-size ); font-style: var( --e-global-typography-text-font-style ); letter-spacing: var( --e-global-typography-text-letter-spacing ); text-transform: var( --e-global-typography-text-text-transform ); text-decoration: var( --e-global-typography-text-text-decoration );\">rozpoznawania oznak przemocy (w tym wykorzystania seksualnego);<\/span><\/li><li><span style=\"font-family: var( --e-global-typography-text-font-family ), Sans-serif; font-size: var( --e-global-typography-text-font-size ); font-style: var( --e-global-typography-text-font-style ); letter-spacing: var( --e-global-typography-text-letter-spacing ); text-transform: var( --e-global-typography-text-text-transform ); text-decoration: var( --e-global-typography-text-text-decoration );\">strategii dzia\u0142ania sprawc\u00f3w przemocy (w tym przemocy seksualnej);<\/span><\/li><li><span style=\"font-family: var( --e-global-typography-text-font-family ), Sans-serif; font-size: var( --e-global-typography-text-font-size ); font-style: var( --e-global-typography-text-font-style ); letter-spacing: var( --e-global-typography-text-letter-spacing ); text-transform: var( --e-global-typography-text-text-transform ); text-decoration: var( --e-global-typography-text-text-decoration );\">rozmowy z dzieckiem\/nastolatkiem\/osob\u0105 bezbronn\u0105 na temat krzywdy;<\/span><\/li><li><span style=\"font-family: var( --e-global-typography-text-font-family ), Sans-serif; font-size: var( --e-global-typography-text-font-size ); font-style: var( --e-global-typography-text-font-style ); letter-spacing: var( --e-global-typography-text-letter-spacing ); text-transform: var( --e-global-typography-text-text-transform ); text-decoration: var( --e-global-typography-text-text-decoration );\">rozmowy z doros\u0142ymi (gdy kto\u015b pracuje z grup\u0105 doros\u0142ych) dotycz\u0105c\u0105 przemocy;<\/span><\/li><li><span style=\"font-family: var( --e-global-typography-text-font-family ), Sans-serif; font-size: var( --e-global-typography-text-font-size ); font-style: var( --e-global-typography-text-font-style ); letter-spacing: var( --e-global-typography-text-letter-spacing ); text-transform: var( --e-global-typography-text-text-transform ); text-decoration: var( --e-global-typography-text-text-decoration );\">zagro\u017ce\u0144 i ochrony przed szkodliwymi tre\u015bciami w Internecie;<\/span><\/li><li><span style=\"font-family: var( --e-global-typography-text-font-family ), Sans-serif; font-size: var( --e-global-typography-text-font-size ); font-style: var( --e-global-typography-text-font-style ); letter-spacing: var( --e-global-typography-text-letter-spacing ); text-transform: var( --e-global-typography-text-text-transform ); text-decoration: var( --e-global-typography-text-text-decoration );\">innych zalece\u0144 obowi\u0105zuj\u0105cych w danej plac\u00f3wce\/miejscu duszpasterskim.<\/span><b style=\"font-family: var( --e-global-typography-text-font-family ), Sans-serif; font-size: var( --e-global-typography-text-font-size ); font-style: var( --e-global-typography-text-font-style ); letter-spacing: var( --e-global-typography-text-letter-spacing ); text-transform: var( --e-global-typography-text-text-transform ); text-decoration: var( --e-global-typography-text-text-decoration );\">\u2003<\/b><\/li><\/ul><div><b>\u00a0<\/b><\/div><p><b>5. Zasady chroni\u0105ce &#8211; kodeks zachowa\u0144<\/b><\/p><p>Dzieckiem jest osoba, kt\u00f3ra nie uko\u0144czy\u0142a 18. roku \u017cycia. Dziecko, rozwijaj\u0105c si\u0119, kon-stytuuje siebie jako osob\u0119. Potrzebuje do tego opieki, troski, serdeczno\u015bci, kszta\u0142ce-nia i wychowania. Dzieje si\u0119 to w rodzinie, poprzez relacje z autorytetami oraz warto-\u015bci przekazywane w \u015brodowisku r\u00f3wie\u015bniczym i wychowawczym. Wszelkie oddzia\u0142y-wanie wychowawcze zawsze musi si\u0119 dokonywa\u0107 z poszanowaniem woli rodzic\u00f3w b\u0105d\u017a prawnych opiekun\u00f3w.<\/p><p>W zachowaniu nale\u017cy kierowa\u0107 si\u0119 poni\u017cszymi wskaz\u00f3wkami oraz roztropno\u015bci\u0105 i wra\u017cliwo\u015bci\u0105 ewangeliczn\u0105. Zasady te dotycz\u0105 nie tylko relacji doros\u0142y \u2013 dziecko, ale r\u00f3wnie\u017c relacji pomi\u0119dzy dzie\u0107mi (Za\u0142\u0105cznik 5).<\/p><p>Zasady chroni\u0105ce w kontakcie bezpo\u015brednim<\/p><ul><li><span style=\"font-family: var( --e-global-typography-text-font-family ), Sans-serif; font-size: var( --e-global-typography-text-font-size ); font-style: var( --e-global-typography-text-font-style ); letter-spacing: var( --e-global-typography-text-letter-spacing ); text-transform: var( --e-global-typography-text-text-transform ); text-decoration: var( --e-global-typography-text-text-decoration );\">Wszystkie spotkania z dzie\u0107mi na terenie parafii powinny by\u0107 organizowane w miejscach oficjalnych, og\u00f3lnodost\u0119pnych i do tego przygotowanych.\u00a0<\/span><\/li><li><span style=\"font-family: var( --e-global-typography-text-font-family ), Sans-serif; font-size: var( --e-global-typography-text-font-size ); font-style: var( --e-global-typography-text-font-style ); letter-spacing: var( --e-global-typography-text-letter-spacing ); text-transform: var( --e-global-typography-text-text-transform ); text-decoration: var( --e-global-typography-text-text-decoration );\">Nie mo\u017cna przebywa\u0107 z dzieckiem sam na sam w warunkach odizolowanych. Je\u017celi dobro dziecka wymaga indywidualnego spotkania, nie mo\u017ce si\u0119 ono odbywa\u0107 w sekrecie (zalecane powiadomienie rodzic\u00f3w lub prze\u0142o\u017conego) i w warunkach odi-zolowanych. Osoba przeprowadzaj\u0105ca spotkanie powinna zatroszczy\u0107 si\u0119 o trans-parentno\u015b\u0107 (np. przeszklone lub uchylone drzwi pomieszczenia, kt\u00f3re nie mog\u0105 by\u0107 zamkni\u0119te na klucz, obecno\u015b\u0107 innych os\u00f3b w bezpo\u015brednim pobli\u017cu, powia-domienie innych os\u00f3b o spotkaniu itp.). Indywidualnych spotka\u0144 z dzie\u0107mi nie wolno w nieroztropny spos\u00f3b mno\u017cy\u0107 ani przed\u0142u\u017ca\u0107. Spotkania takie nie powinny odbywa\u0107 si\u0119 w p\u00f3\u017anych godzinach wieczornych (po godz. 21.00 lub noc\u0105).<\/span><\/li><li><span style=\"font-family: var( --e-global-typography-text-font-family ), Sans-serif; font-size: var( --e-global-typography-text-font-size ); font-style: var( --e-global-typography-text-font-style ); letter-spacing: var( --e-global-typography-text-letter-spacing ); text-transform: var( --e-global-typography-text-text-transform ); text-decoration: var( --e-global-typography-text-text-decoration );\">Dzieci nie mog\u0105 przebywa\u0107 w parafialnych pomieszczeniach mieszkalnych bez opieki rodzica lub opiekuna prawnego. Nie powinny te\u017c towarzyszy\u0107 duszpaste-rzom w miejscach lub w sprawach niezwi\u0105zanych ze sprawowaniem pos\u0142ugi lub formacj\u0105.<\/span><\/li><li><span style=\"font-family: var( --e-global-typography-text-font-family ), Sans-serif; font-size: var( --e-global-typography-text-font-size ); font-style: var( --e-global-typography-text-font-style ); letter-spacing: var( --e-global-typography-text-letter-spacing ); text-transform: var( --e-global-typography-text-text-transform ); text-decoration: var( --e-global-typography-text-text-decoration );\">Dzieci powinny zawsze pozostawa\u0107 pod opiek\u0105 osoby doros\u0142ej. Podczas pe\u0142nienia funkcji wychowawczych opiekunowie nie mog\u0105 pozostawa\u0107 pod wp\u0142ywem alkoho-lu lub substancji psychoaktywnych ani przyjmowa\u0107 ich w obecno\u015bci dzieci.<\/span><\/li><li><span style=\"font-family: var( --e-global-typography-text-font-family ), Sans-serif; font-size: var( --e-global-typography-text-font-size ); font-style: var( --e-global-typography-text-font-style ); letter-spacing: var( --e-global-typography-text-letter-spacing ); text-transform: var( --e-global-typography-text-text-transform ); text-decoration: var( --e-global-typography-text-text-decoration );\">Dzieci na terenie parafii nie mog\u0105 przebywa\u0107 pod wy\u0142\u0105czn\u0105 opiek\u0105 innego dziec-ka, chyba \u017ce inaczej stanowi\u0105 regulaminy religijnych ruch\u00f3w duszpasterstwa poza-parafialnego, np. Ruchu \u015awiat\u0142o-\u017bycie, KSM, w tym wypadku stosuje si\u0119 standardy opracowane przez te grupy. Osoby te powinny by\u0107 odpowiednio uformowane, przygotowane i pe\u0142ni\u0107 pos\u0142ug\u0119 pod okiem doros\u0142ych.<\/span><\/li><li><span style=\"font-family: var( --e-global-typography-text-font-family ), Sans-serif; font-size: var( --e-global-typography-text-font-size ); font-style: var( --e-global-typography-text-font-style ); letter-spacing: var( --e-global-typography-text-letter-spacing ); text-transform: var( --e-global-typography-text-text-transform ); text-decoration: var( --e-global-typography-text-text-decoration );\">Je\u015bli spotkania formacyjne, np. przygotowanie do bierzmowania, odbywaj\u0105 si\u0119 w domach wybranych rodzin, r\u00f3wnie\u017c musz\u0105 by\u0107 przeprowadzane w grupie, nigdy indywidualnie.<\/span><\/li><li><span style=\"font-family: var( --e-global-typography-text-font-family ), Sans-serif; font-size: var( --e-global-typography-text-font-size ); font-style: var( --e-global-typography-text-font-style ); letter-spacing: var( --e-global-typography-text-letter-spacing ); text-transform: var( --e-global-typography-text-text-transform ); text-decoration: var( --e-global-typography-text-text-decoration );\">Zakazuje si\u0119 przewo\u017cenia dzieci prywatnymi samochodami, zw\u0142aszcza w pojedyn-k\u0119, bez wiedzy i wyra\u017anej zgody rodzic\u00f3w lub opiekun\u00f3w prawnych.\u00a0<\/span><\/li><li><span style=\"font-family: var( --e-global-typography-text-font-family ), Sans-serif; font-size: var( --e-global-typography-text-font-size ); font-style: var( --e-global-typography-text-font-style ); letter-spacing: var( --e-global-typography-text-letter-spacing ); text-transform: var( --e-global-typography-text-text-transform ); text-decoration: var( --e-global-typography-text-text-decoration );\">Niestosowne jest skracanie dystansu przez przechodzenie na \u201ety\u201d osoby doros\u0142ej z dzieckiem.<\/span><\/li><li><span style=\"font-family: var( --e-global-typography-text-font-family ), Sans-serif; font-size: var( --e-global-typography-text-font-size ); font-style: var( --e-global-typography-text-font-style ); letter-spacing: var( --e-global-typography-text-letter-spacing ); text-transform: var( --e-global-typography-text-text-transform ); text-decoration: var( --e-global-typography-text-text-decoration );\">W prywatne \u017cycie dziecka wolno ingerowa\u0107 tylko w takim wymiarze, w jakim wy-maga tego konkretny problem.<\/span><\/li><li><span style=\"font-family: var( --e-global-typography-text-font-family ), Sans-serif; font-size: var( --e-global-typography-text-font-size ); font-style: var( --e-global-typography-text-font-style ); letter-spacing: var( --e-global-typography-text-letter-spacing ); text-transform: var( --e-global-typography-text-text-transform ); text-decoration: var( --e-global-typography-text-text-decoration );\">W przypadku konieczno\u015bci podj\u0119cia rozm\u00f3w na temat seksualno\u015bci nale\u017cy wykaza\u0107 si\u0119 delikatno\u015bci\u0105 i roztropnie rozezna\u0107, czy takiej rozmowy nie powinien przepro-wadzi\u0107 specjalista.<\/span><\/li><li><span style=\"font-family: var( --e-global-typography-text-font-family ), Sans-serif; font-size: var( --e-global-typography-text-font-size ); font-style: var( --e-global-typography-text-font-style ); letter-spacing: var( --e-global-typography-text-letter-spacing ); text-transform: var( --e-global-typography-text-text-transform ); text-decoration: var( --e-global-typography-text-text-decoration );\">W obecno\u015bci dzieci nie wolno wypowiada\u0107 tre\u015bci i \u017cart\u00f3w o podtek\u015bcie seksual-nym. Zabronione jest prezentowanie dzieciom tre\u015bci obscenicznych, erotycznych, pornograficznych lub maj\u0105cych podtekst seksualny, zawieraj\u0105cych sceny brutalnej przemocy b\u0105d\u017a nieodpowiednich do wieku i wra\u017cliwo\u015bci odbiorc\u00f3w w jakikolwiek spos\u00f3b i za pomoc\u0105 jakiegokolwiek urz\u0105dzenia.<\/span><\/li><li><span style=\"font-family: var( --e-global-typography-text-font-family ), Sans-serif; font-size: var( --e-global-typography-text-font-size ); font-style: var( --e-global-typography-text-font-style ); letter-spacing: var( --e-global-typography-text-letter-spacing ); text-transform: var( --e-global-typography-text-text-transform ); text-decoration: var( --e-global-typography-text-text-decoration );\">Niedozwolone jest stosowanie przemocy fizycznej oraz psychicznej, takiej jak: po-ni\u017canie, upokarzanie, o\u015bmieszanie, dokuczanie, szykanowane, zn\u0119canie si\u0119 itp., za-r\u00f3wno w bezpo\u015brednich kontaktach, jak i za po\u015brednictwem medi\u00f3w spo\u0142eczno-\u015bciowych.<\/span><\/li><li><span style=\"font-family: var( --e-global-typography-text-font-family ), Sans-serif; font-size: var( --e-global-typography-text-font-size ); font-style: var( --e-global-typography-text-font-style ); letter-spacing: var( --e-global-typography-text-letter-spacing ); text-transform: var( --e-global-typography-text-text-transform ); text-decoration: var( --e-global-typography-text-text-decoration );\">Niedopuszczalne s\u0105 wszelkiego rodzaju nadu\u017cycia duchowe (w obszarze spowie-dzi, poradnictwa itp.).<\/span><\/li><li><span style=\"font-family: var( --e-global-typography-text-font-family ), Sans-serif; font-size: var( --e-global-typography-text-font-size ); font-style: var( --e-global-typography-text-font-style ); letter-spacing: var( --e-global-typography-text-letter-spacing ); text-transform: var( --e-global-typography-text-text-transform ); text-decoration: var( --e-global-typography-text-text-decoration );\">Ka\u017cdy przypadek przemocy fizycznej, psychicznej (emocjonalnej) czy seksualnej pomi\u0119dzy dzie\u0107mi wymaga natychmiastowej reakcji ze strony opiekun\u00f3w.<\/span><\/li><li><span style=\"font-family: var( --e-global-typography-text-font-family ), Sans-serif; font-size: var( --e-global-typography-text-font-size ); font-style: var( --e-global-typography-text-font-style ); letter-spacing: var( --e-global-typography-text-letter-spacing ); text-transform: var( --e-global-typography-text-text-transform ); text-decoration: var( --e-global-typography-text-text-decoration );\">Nie wolno dotyka\u0107 dzieci wbrew ich woli ani w spos\u00f3b nieadekwatny do relacji duszpasterskich lub wychowawczych.\u00a0<\/span><\/li><\/ul><div>\u00a0<\/div><p>Zachowania niedozwolone:<\/p><ul><li><span style=\"font-family: var( --e-global-typography-text-font-family ), Sans-serif; font-size: var( --e-global-typography-text-font-size ); font-style: var( --e-global-typography-text-font-style ); letter-spacing: var( --e-global-typography-text-letter-spacing ); text-transform: var( --e-global-typography-text-text-transform ); text-decoration: var( --e-global-typography-text-text-decoration );\">wszelkie formy okazywania niechcianej czu\u0142o\u015bci;<\/span><\/li><li><span style=\"font-family: var( --e-global-typography-text-font-family ), Sans-serif; font-size: var( --e-global-typography-text-font-size ); font-style: var( --e-global-typography-text-font-style ); letter-spacing: var( --e-global-typography-text-letter-spacing ); text-transform: var( --e-global-typography-text-text-transform ); text-decoration: var( --e-global-typography-text-text-decoration );\">dotykanie piersi, po\u015bladk\u00f3w, genitali\u00f3w i ich okolic (cho\u0107by przez bielizn\u0119 lub odzie\u017c);<\/span><\/li><li><span style=\"font-family: var( --e-global-typography-text-font-family ), Sans-serif; font-size: var( --e-global-typography-text-font-size ); font-style: var( --e-global-typography-text-font-style ); letter-spacing: var( --e-global-typography-text-letter-spacing ); text-transform: var( --e-global-typography-text-text-transform ); text-decoration: var( --e-global-typography-text-text-decoration );\">poca\u0142unki;<\/span><\/li><li><span style=\"font-family: var( --e-global-typography-text-font-family ), Sans-serif; font-size: var( --e-global-typography-text-font-size ); font-style: var( --e-global-typography-text-font-style ); letter-spacing: var( --e-global-typography-text-letter-spacing ); text-transform: var( --e-global-typography-text-text-transform ); text-decoration: var( --e-global-typography-text-text-decoration );\">mocne i zamykaj\u0105ce u\u015bciski, uniemo\u017cliwiaj\u0105ce przerwanie kontaktu;<\/span><\/li><li><span style=\"font-family: var( --e-global-typography-text-font-family ), Sans-serif; font-size: var( --e-global-typography-text-font-size ); font-style: var( --e-global-typography-text-font-style ); letter-spacing: var( --e-global-typography-text-letter-spacing ); text-transform: var( --e-global-typography-text-text-transform ); text-decoration: var( --e-global-typography-text-text-decoration );\">klepanie po po\u015bladkach, udach, kolanach, g\u0142owie; \u0142askotanie lub mocowanie si\u0119 w du\u017cej blisko\u015bci cielesnej;<\/span><\/li><li><span style=\"font-family: var( --e-global-typography-text-font-family ), Sans-serif; font-size: var( --e-global-typography-text-font-size ); font-style: var( --e-global-typography-text-font-style ); letter-spacing: var( --e-global-typography-text-letter-spacing ); text-transform: var( --e-global-typography-text-text-transform ); text-decoration: var( --e-global-typography-text-text-decoration );\">masa\u017ce;<\/span><\/li><li><span style=\"font-family: var( --e-global-typography-text-font-family ), Sans-serif; font-size: var( --e-global-typography-text-font-size ); font-style: var( --e-global-typography-text-font-style ); letter-spacing: var( --e-global-typography-text-letter-spacing ); text-transform: var( --e-global-typography-text-text-transform ); text-decoration: var( --e-global-typography-text-text-decoration );\">sadzanie na kolanach;<\/span><\/li><li><span style=\"font-family: var( --e-global-typography-text-font-family ), Sans-serif; font-size: var( --e-global-typography-text-font-size ); font-style: var( --e-global-typography-text-font-style ); letter-spacing: var( --e-global-typography-text-letter-spacing ); text-transform: var( --e-global-typography-text-text-transform ); text-decoration: var( --e-global-typography-text-text-decoration );\">k\u0142adzenie si\u0119 lub spanie obok;<\/span><\/li><li><span style=\"font-family: var( --e-global-typography-text-font-family ), Sans-serif; font-size: var( --e-global-typography-text-font-size ); font-style: var( --e-global-typography-text-font-style ); letter-spacing: var( --e-global-typography-text-letter-spacing ); text-transform: var( --e-global-typography-text-text-transform ); text-decoration: var( --e-global-typography-text-text-decoration );\">ocieranie si\u0119;<\/span><\/li><li><span style=\"font-family: var( --e-global-typography-text-font-family ), Sans-serif; font-size: var( --e-global-typography-text-font-size ); font-style: var( --e-global-typography-text-font-style ); letter-spacing: var( --e-global-typography-text-letter-spacing ); text-transform: var( --e-global-typography-text-text-transform ); text-decoration: var( --e-global-typography-text-text-decoration );\">seksualizacja i seksizm;<\/span><\/li><li><span style=\"font-family: var( --e-global-typography-text-font-family ), Sans-serif; font-size: var( --e-global-typography-text-font-size ); font-style: var( --e-global-typography-text-font-style ); letter-spacing: var( --e-global-typography-text-letter-spacing ); text-transform: var( --e-global-typography-text-text-transform ); text-decoration: var( --e-global-typography-text-text-decoration );\">r\u00f3\u017cne formy poni\u017cania oraz mobbing;<\/span><\/li><li><span style=\"font-family: var( --e-global-typography-text-font-family ), Sans-serif; font-size: var( --e-global-typography-text-font-size ); font-style: var( --e-global-typography-text-font-style ); letter-spacing: var( --e-global-typography-text-letter-spacing ); text-transform: var( --e-global-typography-text-text-transform ); text-decoration: var( --e-global-typography-text-text-decoration );\">u\u017cywanie wulgaryzm\u00f3w.<\/span><\/li><li><span style=\"font-family: var( --e-global-typography-text-font-family ), Sans-serif; font-size: var( --e-global-typography-text-font-size ); font-style: var( --e-global-typography-text-font-style ); letter-spacing: var( --e-global-typography-text-letter-spacing ); text-transform: var( --e-global-typography-text-text-transform ); text-decoration: var( --e-global-typography-text-text-decoration );\">zabrania si\u0119 cz\u0119stowania dzieci tytoniem, alkoholem i innymi substancjami psy-choaktywnymi, posiadania \u015brodk\u00f3w niedozwolonych przez prawo. Nie wolno r\u00f3w-nie\u017c tolerowa\u0107 ich posiadania oraz za\u017cywania przez dzieci.<\/span><\/li><\/ul><div>\u00a0<\/div><p><span style=\"font-family: var( --e-global-typography-text-font-family ), Sans-serif; font-size: var( --e-global-typography-text-font-size ); font-style: var( --e-global-typography-text-font-style ); letter-spacing: var( --e-global-typography-text-letter-spacing ); text-transform: var( --e-global-typography-text-text-transform ); text-decoration: var( --e-global-typography-text-text-decoration );\">Zachowania w\u0142a\u015bciwe w naszym kr\u0119gu kulturowym:<\/span><\/p><ul><li><span style=\"font-family: var( --e-global-typography-text-font-family ), Sans-serif; font-size: var( --e-global-typography-text-font-size ); font-style: var( --e-global-typography-text-font-style ); letter-spacing: var( --e-global-typography-text-letter-spacing ); text-transform: var( --e-global-typography-text-text-transform ); text-decoration: var( --e-global-typography-text-text-decoration );\">u\u015bcisk d\u0142oni lub delikatne obj\u0119cie, przytulenie, poca\u0142unki w policzek;<\/span><\/li><li><span style=\"font-family: var( --e-global-typography-text-font-family ), Sans-serif; font-size: var( --e-global-typography-text-font-size ); font-style: var( --e-global-typography-text-font-style ); letter-spacing: var( --e-global-typography-text-letter-spacing ); text-transform: var( --e-global-typography-text-text-transform ); text-decoration: var( --e-global-typography-text-text-decoration );\">delikatne poklepanie po ramionach lub plecach jako wyraz akceptacji wsparcia, pocieszenia;<\/span><\/li><li><span style=\"font-family: var( --e-global-typography-text-font-family ), Sans-serif; font-size: var( --e-global-typography-text-font-size ); font-style: var( --e-global-typography-text-font-style ); letter-spacing: var( --e-global-typography-text-letter-spacing ); text-transform: var( --e-global-typography-text-text-transform ); text-decoration: var( --e-global-typography-text-text-decoration );\">dotyk ramion, r\u0105k czy barku jako wyraz blisko\u015bci;<\/span><\/li><li><span style=\"font-family: var( --e-global-typography-text-font-family ), Sans-serif; font-size: var( --e-global-typography-text-font-size ); font-style: var( --e-global-typography-text-font-style ); letter-spacing: var( --e-global-typography-text-letter-spacing ); text-transform: var( --e-global-typography-text-text-transform ); text-decoration: var( --e-global-typography-text-text-decoration );\">trzymanie si\u0119 za r\u0119ce w czasie np. zabawy lub dla uspokojenia wzburzenia emocjo-nalnego;<\/span><\/li><li><span style=\"font-family: var( --e-global-typography-text-font-family ), Sans-serif; font-size: var( --e-global-typography-text-font-size ); font-style: var( --e-global-typography-text-font-style ); letter-spacing: var( --e-global-typography-text-letter-spacing ); text-transform: var( --e-global-typography-text-text-transform ); text-decoration: var( --e-global-typography-text-text-decoration );\">trzymanie za r\u0119ce dzieci w czasie spaceru;<\/span><\/li><li><span style=\"font-family: var( --e-global-typography-text-font-family ), Sans-serif; font-size: var( --e-global-typography-text-font-size ); font-style: var( --e-global-typography-text-font-style ); letter-spacing: var( --e-global-typography-text-letter-spacing ); text-transform: var( --e-global-typography-text-text-transform ); text-decoration: var( --e-global-typography-text-text-decoration );\">siadanie w pobli\u017cu ma\u0142ych dzieci;<\/span><\/li><li><span style=\"font-family: var( --e-global-typography-text-font-family ), Sans-serif; font-size: var( --e-global-typography-text-font-size ); font-style: var( --e-global-typography-text-font-style ); letter-spacing: var( --e-global-typography-text-letter-spacing ); text-transform: var( --e-global-typography-text-text-transform ); text-decoration: var( --e-global-typography-text-text-decoration );\">podnoszenie lub trzymanie na r\u0119kach dzieci do ok. 3. roku \u017cycia;<\/span><\/li><li><span style=\"font-family: var( --e-global-typography-text-font-family ), Sans-serif; font-size: var( --e-global-typography-text-font-size ); font-style: var( --e-global-typography-text-font-style ); letter-spacing: var( --e-global-typography-text-letter-spacing ); text-transform: var( --e-global-typography-text-text-transform ); text-decoration: var( --e-global-typography-text-text-decoration );\">przytulanie i branie na kolana ma\u0142ych dzieci za zgod\u0105 ich rodzic\u00f3w i najlepiej w ich obecno\u015bci;<\/span><\/li><li><span style=\"font-family: var( --e-global-typography-text-font-family ), Sans-serif; font-size: var( --e-global-typography-text-font-size ); font-style: var( --e-global-typography-text-font-style ); letter-spacing: var( --e-global-typography-text-letter-spacing ); text-transform: var( --e-global-typography-text-text-transform ); text-decoration: var( --e-global-typography-text-text-decoration );\">dzieciom nie wolno robi\u0107 zdj\u0119\u0107 lub filmowa\u0107 bez ich zgody. Nie wolno upublicz-nia\u0107 zdj\u0119\u0107, film\u00f3w z udzia\u0142em dzieci bez pisemnej zgody ich rodzic\u00f3w lub opieku-n\u00f3w prawnych, z wyj\u0105tkiem zdj\u0119\u0107 du\u017cych grup w miejscach publicznych w zwi\u0105zku z informowaniem o wydarzeniach;<\/span><\/li><\/ul><p><br \/><span style=\"font-family: var( --e-global-typography-text-font-family ), Sans-serif; font-size: var( --e-global-typography-text-font-size ); font-style: var( --e-global-typography-text-font-style ); letter-spacing: var( --e-global-typography-text-letter-spacing ); text-transform: var( --e-global-typography-text-text-transform ); text-decoration: var( --e-global-typography-text-text-decoration );\">Zasady ochrony dotycz\u0105ce organizowania spotka\u0144 i wyjazd\u00f3w<\/span><\/p><div><br \/><span style=\"font-family: var( --e-global-typography-text-font-family ), Sans-serif; font-size: var( --e-global-typography-text-font-size ); font-style: var( --e-global-typography-text-font-style ); letter-spacing: var( --e-global-typography-text-letter-spacing ); text-transform: var( --e-global-typography-text-text-transform ); text-decoration: var( --e-global-typography-text-text-decoration );\">Obowi\u0105zuje zasada pe\u0142nej transparentno\u015bci w organizowaniu spotka\u0144 z dzie\u0107mi. Na pocz\u0105tku roku formacyjnego w parafii nale\u017cy:<\/span><\/div><div><p>\u00a0<\/p><ul><li><span style=\"font-family: var( --e-global-typography-text-font-family ), Sans-serif; font-size: var( --e-global-typography-text-font-size ); font-style: var( --e-global-typography-text-font-style ); letter-spacing: var( --e-global-typography-text-letter-spacing ); text-transform: var( --e-global-typography-text-text-transform ); text-decoration: var( --e-global-typography-text-text-decoration );\">zapozna\u0107 rodzic\u00f3w lub opiekun\u00f3w prawnych dzieci z harmonogramem prowadzo-nych spotka\u0144;<\/span><\/li><li><span style=\"font-family: var( --e-global-typography-text-font-family ), Sans-serif; font-size: var( --e-global-typography-text-font-size ); font-style: var( --e-global-typography-text-font-style ); letter-spacing: var( --e-global-typography-text-letter-spacing ); text-transform: var( --e-global-typography-text-text-transform ); text-decoration: var( --e-global-typography-text-text-decoration );\">zadba\u0107 o wyra\u017cenie przez nich zgody w formie pisemnej na udzia\u0142 w spotkaniach;<\/span><\/li><li><span style=\"font-family: var( --e-global-typography-text-font-family ), Sans-serif; font-size: var( --e-global-typography-text-font-size ); font-style: var( --e-global-typography-text-font-style ); letter-spacing: var( --e-global-typography-text-letter-spacing ); text-transform: var( --e-global-typography-text-text-transform ); text-decoration: var( --e-global-typography-text-text-decoration );\">ustali\u0107 zasady odbioru dzieci;<\/span><\/li><li><span style=\"font-family: var( --e-global-typography-text-font-family ), Sans-serif; font-size: var( --e-global-typography-text-font-size ); font-style: var( --e-global-typography-text-font-style ); letter-spacing: var( --e-global-typography-text-letter-spacing ); text-transform: var( --e-global-typography-text-text-transform ); text-decoration: var( --e-global-typography-text-text-decoration );\">ustali\u0107 zasady komunikacji elektronicznej z dzie\u0107mi; wszystkie formy zorganizowa-nego czasu, a w spos\u00f3b szczeg\u00f3lny wypoczynku dzieci powinny by\u0107 realizowane zgodnie z obowi\u0105zuj\u0105cymi przepisami prawa;<\/span><\/li><li><span style=\"font-family: var( --e-global-typography-text-font-family ), Sans-serif; font-size: var( --e-global-typography-text-font-size ); font-style: var( --e-global-typography-text-font-style ); letter-spacing: var( --e-global-typography-text-letter-spacing ); text-transform: var( --e-global-typography-text-text-transform ); text-decoration: var( --e-global-typography-text-text-decoration );\">na wyjazdy grupowe nale\u017cy uzyska\u0107 pisemn\u0105 zgod\u0119 rodzic\u00f3w lub opiekun\u00f3w prawnych, po uprzednim zapoznaniu ich z ramowym planem dzia\u0142ania i zasadami jego organizacji (regulaminem). Podczas wyjazdu rodzice lub opiekunowie prawni maj\u0105 prawo do kontaktu ze swoim dzieckiem oraz z jego opiekunem;<\/span><\/li><li><span style=\"font-family: var( --e-global-typography-text-font-family ), Sans-serif; font-size: var( --e-global-typography-text-font-size ); font-style: var( --e-global-typography-text-font-style ); letter-spacing: var( --e-global-typography-text-letter-spacing ); text-transform: var( --e-global-typography-text-text-transform ); text-decoration: var( --e-global-typography-text-text-decoration );\">podczas wyjazd\u00f3w parafialnych opiekunowie nie powinni nocowa\u0107 w tym samym pomieszczeniu co podopieczni. W sytuacji szczeg\u00f3lnej, wymagaj\u0105cej od opiekuna pozostania w nocy w pomieszczeniu z wychowankiem, powinien on o tym fakcie zawiadomi\u0107 inn\u0105 osob\u0119 doros\u0142\u0105, kierownika wyjazdu oraz, je\u015bli to mo\u017cliwe, rodzica lub opiekuna prawnego wychowanka. Je\u015bli wyjazd przewiduje noclegi zbiorowe, organizator zawiera informacj\u0119 na ten temat w regulaminie. Szczeg\u00f3lnie zadba\u0107 nale\u017cy o ochron\u0119 dzieci w toaletach, \u0142azienkach, przebieralniach czy szatniach.\u00a0<\/span><\/li><\/ul><div>\u00a0<\/div><p>Zasady ochrony dotycz\u0105ce kontakt\u00f3w przez media oraz udo-st\u0119pniania z Internetu<\/p><p>Daj\u0105c mo\u017cliwo\u015b\u0107 dost\u0119pu dzieciom do Internetu parafia wdra\u017ca \u015brodki bezpiecze\u0144-stwa uniemo\u017cliwiaj\u0105ce dost\u0119p do tre\u015bci stanowi\u0105cych zagro\u017cenie dla ich prawid\u0142owe-go rozwoju. Na urz\u0105dzeniach umo\u017cliwiaj\u0105cych dost\u0119p do Internetu powinno by\u0107 zain-stalowane i aktualizowane oprogramowanie filtruj\u0105ce tre\u015bci, za\u015b korzystanie z Interne-tu powinno by\u0107 monitorowane przez wyznaczon\u0105 osob\u0119 przynajmniej w spos\u00f3b umo\u017cliwiaj\u0105cy ustalenie, kto, kiedy i z jakich tre\u015bci korzysta\u0142 (np. indywidualne konta dla wszystkich u\u017cytkownik\u00f3w). Szczeg\u00f3\u0142owe zasady korzystania z Internetu powinny by\u0107 zawarte w stosownym regulaminie.<\/p><p>Zasady chroni\u0105ce dotycz\u0105ce wszystkich, r\u00f3wnie\u017c doros\u0142ych<\/p><ul><li><span style=\"font-family: var( --e-global-typography-text-font-family ), Sans-serif; font-size: var( --e-global-typography-text-font-size ); font-style: var( --e-global-typography-text-font-style ); letter-spacing: var( --e-global-typography-text-letter-spacing ); text-transform: var( --e-global-typography-text-text-transform ); text-decoration: var( --e-global-typography-text-text-decoration );\">Sakrament pokuty i pojednania, a tak\u017ce spotkania zwi\u0105zane z towarzyszeniem du-chowym powinny odbywa\u0107 si\u0119 w miejscach do tego wyznaczonych (konfesjona\u0142 lub miejsce osobne, ale widoczne). Je\u015bli nie mo\u017cna zachowa\u0107 tej zasady (np. w czasie wakacji, pielgrzymki czy przy spowiedzi osoby chorej czy z niepe\u0142nospraw-no\u015bci\u0105), nale\u017cy zadba\u0107 o to, by spowiednik i penitent byli dost\u0119pni (drzwi pomiesz-czenia nie mog\u0105 by\u0107 zamkni\u0119te na klucz) lub widoczni dla innych os\u00f3b (np. prze-szklenia w drzwiach, uchylone drzwi do pomieszczenia). Niedopuszczalne jest spowiadanie lub tzw. rozmowy duchowe w pokojach prywatnych.\u00a0<\/span><\/li><li><span style=\"font-family: var( --e-global-typography-text-font-family ), Sans-serif; font-size: var( --e-global-typography-text-font-size ); font-style: var( --e-global-typography-text-font-style ); letter-spacing: var( --e-global-typography-text-letter-spacing ); text-transform: var( --e-global-typography-text-text-transform ); text-decoration: var( --e-global-typography-text-text-decoration );\">Podczas Mszy \u015bwi\u0119tych o uzdrowienie po\u0142\u0105czonych z modlitw\u0105 wstawiennicz\u0105 na-le\u017cy zadba\u0107 o to, aby modlitwa taka odbywa\u0142a si\u0119 przy g\u0142\u00f3wnym o\u0142tarzu, w miej-scach godnych, widocznych, centralnych, a nie w r\u00f3\u017cnych \u201ezau\u0142kach\u201d, przyciem-nionych pomieszczeniach itp.\u00a0<\/span><\/li><li><span style=\"font-family: var( --e-global-typography-text-font-family ), Sans-serif; font-size: var( --e-global-typography-text-font-size ); font-style: var( --e-global-typography-text-font-style ); letter-spacing: var( --e-global-typography-text-letter-spacing ); text-transform: var( --e-global-typography-text-text-transform ); text-decoration: var( --e-global-typography-text-text-decoration );\">Zaleca si\u0119, aby odwiedziny chorych (dotyczy ksi\u0119\u017cy oraz szafarzy i wolontariuszy) odbywa\u0142y si\u0119 w obecno\u015bci osoby trzeciej (kogo\u015b z rodziny, z s\u0105siedztwa, osoby po-s\u0142uguj\u0105cej w parafii).<\/span><\/li><li><span style=\"font-family: var( --e-global-typography-text-font-family ), Sans-serif; font-size: var( --e-global-typography-text-font-size ); font-style: var( --e-global-typography-text-font-style ); letter-spacing: var( --e-global-typography-text-letter-spacing ); text-transform: var( --e-global-typography-text-text-transform ); text-decoration: var( --e-global-typography-text-text-decoration );\">Do udzia\u0142u w wizytach duszpasterskich (kol\u0119da) nale\u017cy zaprasza\u0107 tylko takie osoby (s\u0142u\u017cba liturgiczn\u0105, organista, zakrystianin, ko\u015bcielny), kt\u00f3re wykazuj\u0105 si\u0119 odpo-wiedni\u0105 dojrza\u0142o\u015bci\u0105 np. w obszarze zachowania dyskrecji.<\/span><\/li><\/ul><div>\u00a0<\/div><p><b>6. Spos\u00f3b reagowania na oskar\u017cenia lub niew\u0142a\u015bciwe zachowania<\/b><\/p><ul><li><span style=\"font-family: var( --e-global-typography-text-font-family ), Sans-serif; font-size: var( --e-global-typography-text-font-size ); font-style: var( --e-global-typography-text-font-style ); letter-spacing: var( --e-global-typography-text-letter-spacing ); text-transform: var( --e-global-typography-text-text-transform ); text-decoration: var( --e-global-typography-text-text-decoration );\">W przypadkach przemocy fizycznej b\u0105d\u017a seksualnej, gdy sprawc\u0105 jest osoba doro-s\u0142a lub dziecko, nale\u017cy zg\u0142osi\u0107 ten fakt zgodnie z prawem do organ\u00f3w \u015bcigania. Je-\u017celi przemocy dopu\u015bci\u0142a si\u0119 osoba duchowna to dodatkowo nale\u017cy zg\u0142osi\u0107 to do delegata diecezjalnego.<\/span><\/li><li><span style=\"font-family: var( --e-global-typography-text-font-family ), Sans-serif; font-size: var( --e-global-typography-text-font-size ); font-style: var( --e-global-typography-text-font-style ); letter-spacing: var( --e-global-typography-text-letter-spacing ); text-transform: var( --e-global-typography-text-text-transform ); text-decoration: var( --e-global-typography-text-text-decoration );\">Gdy sprawa dotyczy niew\u0142a\u015bciwego zachowania os\u00f3b \u015bwieckich zatrudnionych w parafii b\u0105d\u017a wolontariuszy, spraw\u0119 nale\u017cy zbada\u0107 i podj\u0105\u0107 adekwatne kroki w za-le\u017cno\u015bci od tego, czego dotyczy\u0142o to zachowanie. Ka\u017cdorazowo nale\u017cy podj\u0105\u0107 z t\u0105 osob\u0105 rozmow\u0119 i je\u015bli zajdzie taka potrzeba, to okresowo lub stale wycofa\u0107 j\u0105 z pracy duszpasterskiej.<\/span><\/li><li><span style=\"font-family: var( --e-global-typography-text-font-family ), Sans-serif; font-size: var( --e-global-typography-text-font-size ); font-style: var( --e-global-typography-text-font-style ); letter-spacing: var( --e-global-typography-text-letter-spacing ); text-transform: var( --e-global-typography-text-text-transform ); text-decoration: var( --e-global-typography-text-text-decoration );\">Je\u015bli niew\u0142a\u015bciwe zachowanie dotyczy dziecka, nale\u017cy o tym zawiadomi\u0107 jego ro-dzic\u00f3w i wraz z nimi podj\u0105\u0107 odpowiednie dzia\u0142ania.<\/span><\/li><li><span style=\"font-family: var( --e-global-typography-text-font-family ), Sans-serif; font-size: var( --e-global-typography-text-font-size ); font-style: var( --e-global-typography-text-font-style ); letter-spacing: var( --e-global-typography-text-letter-spacing ); text-transform: var( --e-global-typography-text-text-transform ); text-decoration: var( --e-global-typography-text-text-decoration );\">Je\u015bli sprawa dotyczy niew\u0142a\u015bciwych zachowa\u0144 dzieci wobec siebie nawzajem, na-le\u017cy niezw\u0142ocznie zawiadomi\u0107 rodzic\u00f3w dzieci i wraz z nimi podj\u0105\u0107 odpowiednie dzia\u0142ania.<\/span><\/li><li><span style=\"font-family: var( --e-global-typography-text-font-family ), Sans-serif; font-size: var( --e-global-typography-text-font-size ); font-style: var( --e-global-typography-text-font-style ); letter-spacing: var( --e-global-typography-text-letter-spacing ); text-transform: var( --e-global-typography-text-text-transform ); text-decoration: var( --e-global-typography-text-text-decoration );\">Osoba odpowiedzialna za przyjmowanie zg\u0142osze\u0144 wsp\u00f3\u0142pracuje z proboszczem i delegatem diecezjalnym.\u00a0<\/span><\/li><li><span style=\"font-family: var( --e-global-typography-text-font-family ), Sans-serif; font-size: var( --e-global-typography-text-font-size ); font-style: var( --e-global-typography-text-font-style ); letter-spacing: var( --e-global-typography-text-letter-spacing ); text-transform: var( --e-global-typography-text-text-transform ); text-decoration: var( --e-global-typography-text-text-decoration );\">Ka\u017cda informacja o niew\u0142a\u015bciwym zachowaniu powinna by\u0107 traktowana powa\u017cnie, gdy\u017c jest dzia\u0142aniem prewencyjnym.<\/span><\/li><li><span style=\"font-family: var( --e-global-typography-text-font-family ), Sans-serif; font-size: var( --e-global-typography-text-font-size ); font-style: var( --e-global-typography-text-font-style ); letter-spacing: var( --e-global-typography-text-letter-spacing ); text-transform: var( --e-global-typography-text-text-transform ); text-decoration: var( --e-global-typography-text-text-decoration );\">Je\u015bli jakakolwiek osoba doros\u0142a zaanga\u017cowana w prac\u0119 duszpastersk\u0105 w parafii dowie si\u0119 od dziecka, \u017ce do\u015bwiadcza ono przemocy, automatycznie ma obowi\u0105zek zastosowania si\u0119 do art. 304 k.p.k. m\u00f3wi\u0105cego o tym, \u017ce ka\u017cdy, kto dowie si\u0119 o po-pe\u0142nieniu przest\u0119pstwa \u015bciganego z urz\u0119du, ma spo\u0142eczny obowi\u0105zek zawiadomi\u0107 o tym prokuratora lub policj\u0119.<\/span><\/li><li><span style=\"font-family: var( --e-global-typography-text-font-family ), Sans-serif; font-size: var( --e-global-typography-text-font-size ); font-style: var( --e-global-typography-text-font-style ); letter-spacing: var( --e-global-typography-text-letter-spacing ); text-transform: var( --e-global-typography-text-text-transform ); text-decoration: var( --e-global-typography-text-text-decoration );\">Wszelka dzia\u0142alno\u015b\u0107 dotycz\u0105ca ochrony oraz interwencji i pomocy jest dokumen-towana. Wpis\u00f3w w rejestrze zdarze\u0144 dokonuj\u0105 osoby bezpo\u015brednio zaanga\u017cowane w dan\u0105 aktywno\u015b\u0107 (zazwyczaj osoba zaufana oraz\/lub osoba odpowiedzialna za in-terwencj\u0119). Za bezpieczne przechowywanie notatek odpowiedzialny jest pro-boszcz (administrator). Rejestr (Za\u0142\u0105cznik 3) prowadzi si\u0119 zgodnie z zasadami ochro-ny danych wra\u017cliwych. Notatk\u0105 tak\u0105 pos\u0142ugujemy si\u0119 w dzia\u0142aniach interwencyj-nych (np. przy zg\u0142oszeniu do prokuratury).<\/span><\/li><\/ul><div>\u00a0<\/div><p><b>7. Pomoc osobom skrzywdzonym<\/b><\/p><ul><li><span style=\"font-family: var( --e-global-typography-text-font-family ), Sans-serif; font-size: var( --e-global-typography-text-font-size ); font-style: var( --e-global-typography-text-font-style ); letter-spacing: var( --e-global-typography-text-letter-spacing ); text-transform: var( --e-global-typography-text-text-transform ); text-decoration: var( --e-global-typography-text-text-decoration );\">Ka\u017cda osoba, kt\u00f3ra m\u00f3wi o do\u015bwiadczanej przez siebie krzywdzie, winna zosta\u0107 przyj\u0119ta z szacunkiem i uwa\u017cnie wys\u0142uchana.<\/span><\/li><li><span style=\"font-family: var( --e-global-typography-text-font-family ), Sans-serif; font-size: var( --e-global-typography-text-font-size ); font-style: var( --e-global-typography-text-font-style ); letter-spacing: var( --e-global-typography-text-letter-spacing ); text-transform: var( --e-global-typography-text-text-transform ); text-decoration: var( --e-global-typography-text-text-decoration );\">Osoba skrzywdzona powinna otrzyma\u0107 informacj\u0119 o mo\u017cliwych formach pomocy, z kt\u00f3rej mo\u017ce skorzysta\u0107 na terenie parafii lub poza ni\u0105.\u00a0<\/span><\/li><li><span style=\"font-family: var( --e-global-typography-text-font-family ), Sans-serif; font-size: var( --e-global-typography-text-font-size ); font-style: var( --e-global-typography-text-font-style ); letter-spacing: var( --e-global-typography-text-letter-spacing ); text-transform: var( --e-global-typography-text-text-transform ); text-decoration: var( --e-global-typography-text-text-decoration );\">W sytuacji, gdy osoba wskazana jako sprawca jest kap\u0142anem lub inn\u0105 osob\u0105 zaan-ga\u017cowan\u0105 w parafii, nale\u017cy jak najszybciej zapewni\u0107 bezpiecze\u0144stwo osobie skrzywdzonej (np. przez niedopuszczanie do niej osoby wskazanej lub podejrzanej o krzywd\u0119). Nast\u0119pnie nale\u017cy jej udzieli\u0107 pomocy, jakiej potrzebuje. Osoby po-szkodowane nie powinny by\u0107 obarczane kosztami udzielanej im pomocy.<\/span><\/li><li><span style=\"font-family: var( --e-global-typography-text-font-family ), Sans-serif; font-size: var( --e-global-typography-text-font-size ); font-style: var( --e-global-typography-text-font-style ); letter-spacing: var( --e-global-typography-text-letter-spacing ); text-transform: var( --e-global-typography-text-text-transform ); text-decoration: var( --e-global-typography-text-text-decoration );\">Troska duszpasterska wobec osoby skrzywdzonej i jej bliskich polega przede wszystkim na \u017cyczliwym wys\u0142uchaniu i pomocy w odbudowaniu jej wi\u0119zi z Bogiem i zaufania do Ko\u015bcio\u0142a. Organizowana jest w porozumieniu z diecezjalnym duszpa-sterzem ds. pomocy duchowej osobom skrzywdzonym.<\/span><\/li><li><span style=\"font-family: var( --e-global-typography-text-font-family ), Sans-serif; font-size: var( --e-global-typography-text-font-size ); font-style: var( --e-global-typography-text-font-style ); letter-spacing: var( --e-global-typography-text-letter-spacing ); text-transform: var( --e-global-typography-text-text-transform ); text-decoration: var( --e-global-typography-text-text-decoration );\">Je\u015bli osoba skrzywdzona nale\u017ca\u0142a do jakiej\u015b grupy parafialnej, r\u00f3wnie\u017c inni uczest-nicy tej grupy powinni otrzyma\u0107 pomoc duszpastersk\u0105 i ewentualnie psycholo-giczn\u0105.<\/span><\/li><li><span style=\"font-family: var( --e-global-typography-text-font-family ), Sans-serif; font-size: var( --e-global-typography-text-font-size ); font-style: var( --e-global-typography-text-font-style ); letter-spacing: var( --e-global-typography-text-letter-spacing ); text-transform: var( --e-global-typography-text-text-transform ); text-decoration: var( --e-global-typography-text-text-decoration );\">Je\u015bli osob\u0105 skrzywdzon\u0105 jest dziecko, pomoc powinna otrzyma\u0107 r\u00f3wnie\u017c jego ro-dzina.<\/span><\/li><li><span style=\"font-family: var( --e-global-typography-text-font-family ), Sans-serif; font-size: var( --e-global-typography-text-font-size ); font-style: var( --e-global-typography-text-font-style ); letter-spacing: var( --e-global-typography-text-letter-spacing ); text-transform: var( --e-global-typography-text-text-transform ); text-decoration: var( --e-global-typography-text-text-decoration );\">Parafianie powinni by\u0107 we w\u0142a\u015bciwy spos\u00f3b poinformowani o tym, co si\u0119 wydarzy-\u0142o, oraz otrzyma\u0107 stosown\u0105 pomoc. Nale\u017cy przy tym zachowa\u0107 zasad\u0119 ochrony do-brego imienia osoby skrzywdzonej.<\/span><\/li><li><span style=\"font-family: var( --e-global-typography-text-font-family ), Sans-serif; font-size: var( --e-global-typography-text-font-size ); font-style: var( --e-global-typography-text-font-style ); letter-spacing: var( --e-global-typography-text-letter-spacing ); text-transform: var( --e-global-typography-text-text-transform ); text-decoration: var( --e-global-typography-text-text-decoration );\">Je\u015bli zg\u0142oszenie dotyczy przest\u0119pstwa okre\u015blonego w prawie karnym i\/lub kano-nicznym, osoba przyjmuj\u0105ca zg\u0142oszenie post\u0119puje zgodnie z procedurami zawar-tymi w Wytycznych KEP.<\/span><\/li><li><span style=\"font-family: var( --e-global-typography-text-font-family ), Sans-serif; font-size: var( --e-global-typography-text-font-size ); font-style: var( --e-global-typography-text-font-style ); letter-spacing: var( --e-global-typography-text-letter-spacing ); text-transform: var( --e-global-typography-text-text-transform ); text-decoration: var( --e-global-typography-text-text-decoration );\">Je\u015bli zg\u0142oszenie dotyczy innej krzywdy czy niew\u0142a\u015bciwego zachowania, osoba zg\u0142a-szaj\u0105ca otrzymuje informacj\u0119 o podj\u0119tych w sprawie krokach.<\/span><\/li><li><span style=\"font-family: var( --e-global-typography-text-font-family ), Sans-serif; font-size: var( --e-global-typography-text-font-size ); font-style: var( --e-global-typography-text-font-style ); letter-spacing: var( --e-global-typography-text-letter-spacing ); text-transform: var( --e-global-typography-text-text-transform ); text-decoration: var( --e-global-typography-text-text-decoration );\">Wszelkie dzia\u0142ania i uzyskane informacje obj\u0119te s\u0105 zasad\u0105 poufno\u015bci, ale osoby skrzywdzonej nie wolno zobowi\u0105zywa\u0107 do zachowania tajemnicy.<\/span><\/li><\/ul><div>\u00a0<\/div><p><b>8. Spos\u00f3b post\u0119powania z oskar\u017conymi o przemoc<\/b><\/p><ul><li><span style=\"font-family: var( --e-global-typography-text-font-family ), Sans-serif; font-size: var( --e-global-typography-text-font-size ); font-style: var( --e-global-typography-text-font-style ); letter-spacing: var( --e-global-typography-text-letter-spacing ); text-transform: var( --e-global-typography-text-text-transform ); text-decoration: var( --e-global-typography-text-text-decoration );\">Do parafii mog\u0105 nale\u017ce\u0107 osoby, kt\u00f3re s\u0105 oskar\u017cone o r\u00f3\u017cne przest\u0119pstwa b\u0105d\u017a ma-j\u0105 wyrok w zawieszeniu, lub te\u017c wr\u00f3ci\u0142y do \u015brodowiska po odbytym wyroku. Nie powinny one pracowa\u0107 z dzie\u0107mi, natomiast powinny zosta\u0107 obj\u0119te pomoc\u0105 dusz-pastersk\u0105.\u00a0<\/span><\/li><li><span style=\"font-family: var( --e-global-typography-text-font-family ), Sans-serif; font-size: var( --e-global-typography-text-font-size ); font-style: var( --e-global-typography-text-font-style ); letter-spacing: var( --e-global-typography-text-letter-spacing ); text-transform: var( --e-global-typography-text-text-transform ); text-decoration: var( --e-global-typography-text-text-decoration );\">W sytuacji, gdy oskar\u017conym jest dziecko, nale\u017cy wsp\u00f3\u0142pracowa\u0107 z jego rodzicami lub opiekunami prawnymi w takim zakresie, w jakim jest to mo\u017cliwe i potrzebne. Ich r\u00f3wnie\u017c dobrze jest otoczy\u0107 opiek\u0105 duszpastersk\u0105.<\/span><\/li><li><span style=\"font-family: var( --e-global-typography-text-font-family ), Sans-serif; font-size: var( --e-global-typography-text-font-size ); font-style: var( --e-global-typography-text-font-style ); letter-spacing: var( --e-global-typography-text-letter-spacing ); text-transform: var( --e-global-typography-text-text-transform ); text-decoration: var( --e-global-typography-text-text-decoration );\">W sytuacji, gdy osob\u0105 oskar\u017con\u0105 jest kap\u0142an lub osoba konsekrowana, nale\u017cy za-stosowa\u0107 si\u0119 do wskaza\u0144 uzyskanych od biskupa miejsca lub prze\u0142o\u017conych. Wobec takiej osoby powzi\u0119te zostaj\u0105 kroki przewidziane przez Wytyczne KEP.<\/span><\/li><li><span style=\"font-family: var( --e-global-typography-text-font-family ), Sans-serif; font-size: var( --e-global-typography-text-font-size ); font-style: var( --e-global-typography-text-font-style ); letter-spacing: var( --e-global-typography-text-letter-spacing ); text-transform: var( --e-global-typography-text-text-transform ); text-decoration: var( --e-global-typography-text-text-decoration );\">Gdy osob\u0105 oskar\u017con\u0105 jest \u015bwiecki pracownik lub wolontariusz parafialny, nale\u017cy odsun\u0105\u0107 tak\u0105 osob\u0119 od podejmowanej pracy na czas wyja\u015bnienia sprawy lub do czasu decyzji prokuratury oraz obj\u0105\u0107 j\u0105 opiek\u0105 duszpastersk\u0105.<\/span><\/li><li><span style=\"font-family: var( --e-global-typography-text-font-family ), Sans-serif; font-size: var( --e-global-typography-text-font-size ); font-style: var( --e-global-typography-text-font-style ); letter-spacing: var( --e-global-typography-text-letter-spacing ); text-transform: var( --e-global-typography-text-text-transform ); text-decoration: var( --e-global-typography-text-text-decoration );\">W procesie wyja\u015bniania sprawy oraz w podawaniu informacji nale\u017cy r\u00f3wnie\u017c za-dba\u0107 o zachowanie ochrony dobrego imienia domniemanego sprawcy.<\/span><\/li><li><span style=\"font-family: var( --e-global-typography-text-font-family ), Sans-serif; font-size: var( --e-global-typography-text-font-size ); font-style: var( --e-global-typography-text-font-style ); letter-spacing: var( --e-global-typography-text-letter-spacing ); text-transform: var( --e-global-typography-text-text-transform ); text-decoration: var( --e-global-typography-text-text-decoration );\">W przypadku zaistnienia fa\u0142szywego oskar\u017cenia, je\u015bli zarzuty nie zostan\u0105 potwier-dzone, a oskar\u017cenie znane by\u0142o osobom postronnym, nale\u017cy przekaza\u0107 im informa-cj\u0119 o niewinno\u015bci oskar\u017conego w formie komunikatu biskupa miejsca lub delegata.<\/span><\/li><\/ul><div>\u00a0<\/div><p><b>9. Zapewnienie jako\u015bci i ci\u0105g\u0142o\u015bci dzia\u0142a\u0144 w zakresie prewencji<\/b><\/p><ul><li><span style=\"font-family: var( --e-global-typography-text-font-family ), Sans-serif; font-size: var( --e-global-typography-text-font-size ); font-style: var( --e-global-typography-text-font-style ); letter-spacing: var( --e-global-typography-text-letter-spacing ); text-transform: var( --e-global-typography-text-text-transform ); text-decoration: var( --e-global-typography-text-text-decoration );\">Dokument zawieraj\u0105cy standardy ochrony dzieci i os\u00f3b bezbronnych w parafii ak-tualizowany jest co dwa lata.<\/span><\/li><li><span style=\"font-family: var( --e-global-typography-text-font-family ), Sans-serif; font-size: var( --e-global-typography-text-font-size ); font-style: var( --e-global-typography-text-font-style ); letter-spacing: var( --e-global-typography-text-letter-spacing ); text-transform: var( --e-global-typography-text-text-transform ); text-decoration: var( --e-global-typography-text-text-decoration );\">Ewaluacja dokumentu dokonywana jest przez osob\u0119 odpowiedzialn\u0105 za prewencj\u0119 we wsp\u00f3\u0142pracy z proboszczem\/administratorem i osobami wyznaczonymi przez proboszcza, a nast\u0119pnie konsultowana z osobami zaanga\u017cowanymi w duszpaster-stwo parafialne. Nast\u0119pnie jest zatwierdzana przez osob\u0119 odpowiedzialn\u0105 w diece-zji za prewencj\u0119.<\/span><\/li><\/ul><div>\u00a0<\/div><p><b>Osob\u0105 zaufania w parafii jest pani Bogus\u0142awa K\u00f3ska &#8211;\u00a0<\/b><b style=\"font-family: var( --e-global-typography-text-font-family ), Sans-serif; font-size: var( --e-global-typography-text-font-size ); font-style: var( --e-global-typography-text-font-style ); letter-spacing: var( --e-global-typography-text-letter-spacing ); text-transform: var( --e-global-typography-text-text-transform ); text-decoration: var( --e-global-typography-text-text-decoration );\">Kontakt: boguslawa.koska@pomagamy.com.pl<\/b><\/p><p><b style=\"font-family: var( --e-global-typography-text-font-family ), Sans-serif; font-size: var( --e-global-typography-text-font-size ); font-style: var( --e-global-typography-text-font-style ); letter-spacing: var( --e-global-typography-text-letter-spacing ); text-transform: var( --e-global-typography-text-text-transform ); text-decoration: var( --e-global-typography-text-text-decoration );\">\u00a0<\/b><\/p><p style=\"text-align: right;\"><b>ks. dr Szymon Tracz \u2013 proboszcz,\u00a0<\/b><b style=\"font-family: var( --e-global-typography-text-font-family ), Sans-serif; font-size: var( --e-global-typography-text-font-size ); font-style: var( --e-global-typography-text-font-style ); letter-spacing: var( --e-global-typography-text-letter-spacing ); text-transform: var( --e-global-typography-text-text-transform ); text-decoration: var( --e-global-typography-text-text-decoration );\">Stara Wie\u015b, 12 sierpie\u0144 2024 rok<\/b><\/p><\/div>\t\t\t\t\t\t\t\t<\/div>\n\t\t\t\t<\/div>\n\t\t\t\t\t<\/div>\n\t\t<\/div>\n\t\t\t\t\t<\/div>\n\t\t<\/section>\n\t\t\t\t<\/div>\n\t\t","protected":false},"excerpt":{"rendered":"<p>Standardy ochrony dzieci w Parafii Podwy\u017cszenia Krzy\u017ca \u015awi\u0119tegow Starej Wsi 1. Preambu\u0142a Niniejszy dokument zosta\u0142 opracowany w parafii Podwy\u017cszenia Krzy\u017ca \u015awi\u0119tego w Starej Wsi jako odpowied\u017a na prawny obowi\u0105zek wprowadzenia standard\u00f3w ochrony dzieci przed krzywdzeniem we wszystkich instytucjach, w kt\u00f3rych przebywaj\u0105 dzieci, zgodnie z ustaw\u0105 z dnia 28 lipca 2023 roku o zmianie ustawy Kodeks [&hellip;]<\/p>\n","protected":false},"author":2,"featured_media":0,"parent":0,"menu_order":0,"comment_status":"closed","ping_status":"closed","template":"","meta":{"footnotes":""},"class_list":["post-2895","page","type-page","status-publish","hentry"],"_links":{"self":[{"href":"https:\/\/parafiawstarejwsi.pl\/index.php\/wp-json\/wp\/v2\/pages\/2895","targetHints":{"allow":["GET"]}}],"collection":[{"href":"https:\/\/parafiawstarejwsi.pl\/index.php\/wp-json\/wp\/v2\/pages"}],"about":[{"href":"https:\/\/parafiawstarejwsi.pl\/index.php\/wp-json\/wp\/v2\/types\/page"}],"author":[{"embeddable":true,"href":"https:\/\/parafiawstarejwsi.pl\/index.php\/wp-json\/wp\/v2\/users\/2"}],"replies":[{"embeddable":true,"href":"https:\/\/parafiawstarejwsi.pl\/index.php\/wp-json\/wp\/v2\/comments?post=2895"}],"version-history":[{"count":12,"href":"https:\/\/parafiawstarejwsi.pl\/index.php\/wp-json\/wp\/v2\/pages\/2895\/revisions"}],"predecessor-version":[{"id":2909,"href":"https:\/\/parafiawstarejwsi.pl\/index.php\/wp-json\/wp\/v2\/pages\/2895\/revisions\/2909"}],"wp:attachment":[{"href":"https:\/\/parafiawstarejwsi.pl\/index.php\/wp-json\/wp\/v2\/media?parent=2895"}],"curies":[{"name":"wp","href":"https:\/\/api.w.org\/{rel}","templated":true}]}}