{"id":23,"date":"2022-10-18T10:49:43","date_gmt":"2022-10-18T08:49:43","guid":{"rendered":"http:\/\/serwer2161206.home.pl\/autoinstalator\/wordpress\/index.php\/kind-words\/"},"modified":"2026-04-27T20:21:10","modified_gmt":"2026-04-27T18:21:10","slug":"ogloszenia","status":"publish","type":"page","link":"https:\/\/parafiawstarejwsi.pl\/index.php\/ogloszenia\/","title":{"rendered":"Og\u0142oszenia"},"content":{"rendered":"\t\t<div data-elementor-type=\"wp-page\" data-elementor-id=\"23\" class=\"elementor elementor-23\" data-elementor-post-type=\"page\">\n\t\t\t\t\t\t<section class=\"elementor-section elementor-top-section elementor-element elementor-element-6fe106d elementor-section-boxed elementor-section-height-default elementor-section-height-default\" data-id=\"6fe106d\" data-element_type=\"section\" data-e-type=\"section\">\n\t\t\t\t\t\t<div class=\"elementor-container elementor-column-gap-default\">\n\t\t\t\t\t<div class=\"elementor-column elementor-col-100 elementor-top-column elementor-element elementor-element-8575827\" data-id=\"8575827\" data-element_type=\"column\" data-e-type=\"column\">\n\t\t\t<div class=\"elementor-widget-wrap elementor-element-populated\">\n\t\t\t\t\t\t<div class=\"elementor-element elementor-element-1e7769a elementor-nav-menu__align-center elementor-nav-menu--dropdown-tablet elementor-nav-menu__text-align-aside elementor-nav-menu--toggle elementor-nav-menu--burger elementor-widget elementor-widget-global elementor-global-276 elementor-widget-nav-menu\" data-id=\"1e7769a\" data-element_type=\"widget\" data-e-type=\"widget\" data-settings=\"{&quot;submenu_icon&quot;:{&quot;value&quot;:&quot;fas fa-chevron-down&quot;,&quot;library&quot;:&quot;fa-solid&quot;},&quot;layout&quot;:&quot;horizontal&quot;,&quot;toggle&quot;:&quot;burger&quot;}\" data-widget_type=\"nav-menu.default\">\n\t\t\t\t<div class=\"elementor-widget-container\">\n\t\t\t\t\t\t\t\t<nav aria-label=\"Menu\" class=\"elementor-nav-menu--main elementor-nav-menu__container elementor-nav-menu--layout-horizontal e--pointer-underline e--animation-fade\">\n\t\t\t\t<ul id=\"menu-1-1e7769a\" class=\"elementor-nav-menu\"><li class=\"menu-item menu-item-type-post_type menu-item-object-page menu-item-home menu-item-64\"><a href=\"https:\/\/parafiawstarejwsi.pl\/\" class=\"elementor-item\">Strona g\u0142\u00f3wna<\/a><\/li>\n<li class=\"menu-item menu-item-type-post_type menu-item-object-page menu-item-65\"><a href=\"https:\/\/parafiawstarejwsi.pl\/index.php\/o-parafii\/\" class=\"elementor-item\">O Parafii<\/a><\/li>\n<li class=\"menu-item menu-item-type-post_type menu-item-object-page menu-item-67\"><a href=\"https:\/\/parafiawstarejwsi.pl\/index.php\/ogloszenia\/\" class=\"elementor-item\">Og\u0142oszenia<\/a><\/li>\n<li class=\"menu-item menu-item-type-post_type menu-item-object-page menu-item-152\"><a href=\"https:\/\/parafiawstarejwsi.pl\/index.php\/intencje-mszy\/\" class=\"elementor-item\">Intencje Mszy \u015bw.<\/a><\/li>\n<li class=\"menu-item menu-item-type-post_type menu-item-object-page menu-item-676\"><a href=\"https:\/\/parafiawstarejwsi.pl\/index.php\/galeria\/\" class=\"elementor-item\">Galeria<\/a><\/li>\n<li class=\"menu-item menu-item-type-custom menu-item-object-custom menu-item-635\"><a href=\"https:\/\/www.youtube.com\/@parafiawstarejwsi\" class=\"elementor-item\">Wideo<\/a><\/li>\n<li class=\"menu-item menu-item-type-post_type menu-item-object-page menu-item-291\"><a href=\"https:\/\/parafiawstarejwsi.pl\/index.php\/kontakt\/\" class=\"elementor-item\">Kontakt<\/a><\/li>\n<li class=\"menu-item menu-item-type-post_type menu-item-object-page menu-item-2897\"><a href=\"https:\/\/parafiawstarejwsi.pl\/index.php\/ochrona-dzieci\/\" class=\"elementor-item\">Ochrona dzieci<\/a><\/li>\n<\/ul>\t\t\t<\/nav>\n\t\t\t\t\t<div class=\"elementor-menu-toggle\" role=\"button\" tabindex=\"0\" aria-label=\"Menu Toggle\" aria-expanded=\"false\">\n\t\t\t<i aria-hidden=\"true\" role=\"presentation\" class=\"elementor-menu-toggle__icon--open eicon-menu-bar\"><\/i><i aria-hidden=\"true\" role=\"presentation\" class=\"elementor-menu-toggle__icon--close eicon-close\"><\/i>\t\t<\/div>\n\t\t\t\t\t<nav class=\"elementor-nav-menu--dropdown elementor-nav-menu__container\" aria-hidden=\"true\">\n\t\t\t\t<ul id=\"menu-2-1e7769a\" class=\"elementor-nav-menu\"><li class=\"menu-item menu-item-type-post_type menu-item-object-page menu-item-home menu-item-64\"><a href=\"https:\/\/parafiawstarejwsi.pl\/\" class=\"elementor-item\" tabindex=\"-1\">Strona g\u0142\u00f3wna<\/a><\/li>\n<li class=\"menu-item menu-item-type-post_type menu-item-object-page menu-item-65\"><a href=\"https:\/\/parafiawstarejwsi.pl\/index.php\/o-parafii\/\" class=\"elementor-item\" tabindex=\"-1\">O Parafii<\/a><\/li>\n<li class=\"menu-item menu-item-type-post_type menu-item-object-page menu-item-67\"><a href=\"https:\/\/parafiawstarejwsi.pl\/index.php\/ogloszenia\/\" class=\"elementor-item\" tabindex=\"-1\">Og\u0142oszenia<\/a><\/li>\n<li class=\"menu-item menu-item-type-post_type menu-item-object-page menu-item-152\"><a href=\"https:\/\/parafiawstarejwsi.pl\/index.php\/intencje-mszy\/\" class=\"elementor-item\" tabindex=\"-1\">Intencje Mszy \u015bw.<\/a><\/li>\n<li class=\"menu-item menu-item-type-post_type menu-item-object-page menu-item-676\"><a href=\"https:\/\/parafiawstarejwsi.pl\/index.php\/galeria\/\" class=\"elementor-item\" tabindex=\"-1\">Galeria<\/a><\/li>\n<li class=\"menu-item menu-item-type-custom menu-item-object-custom menu-item-635\"><a href=\"https:\/\/www.youtube.com\/@parafiawstarejwsi\" class=\"elementor-item\" tabindex=\"-1\">Wideo<\/a><\/li>\n<li class=\"menu-item menu-item-type-post_type menu-item-object-page menu-item-291\"><a href=\"https:\/\/parafiawstarejwsi.pl\/index.php\/kontakt\/\" class=\"elementor-item\" tabindex=\"-1\">Kontakt<\/a><\/li>\n<li class=\"menu-item menu-item-type-post_type menu-item-object-page menu-item-2897\"><a href=\"https:\/\/parafiawstarejwsi.pl\/index.php\/ochrona-dzieci\/\" class=\"elementor-item\" tabindex=\"-1\">Ochrona dzieci<\/a><\/li>\n<\/ul>\t\t\t<\/nav>\n\t\t\t\t\t\t<\/div>\n\t\t\t\t<\/div>\n\t\t\t\t\t<\/div>\n\t\t<\/div>\n\t\t\t\t\t<\/div>\n\t\t<\/section>\n\t\t\t\t<section class=\"elementor-section elementor-top-section elementor-element elementor-element-bcdce6f elementor-section-height-min-height elementor-section-full_width elementor-section-items-stretch elementor-section-content-middle elementor-section-height-default\" data-id=\"bcdce6f\" data-element_type=\"section\" data-e-type=\"section\" data-settings=\"{&quot;background_background&quot;:&quot;classic&quot;}\">\n\t\t\t\t\t\t<div class=\"elementor-container elementor-column-gap-no\">\n\t\t\t\t\t<div class=\"elementor-column elementor-col-100 elementor-top-column elementor-element elementor-element-7785e42b\" data-id=\"7785e42b\" data-element_type=\"column\" data-e-type=\"column\">\n\t\t\t<div class=\"elementor-widget-wrap elementor-element-populated\">\n\t\t\t\t\t\t<div class=\"elementor-element elementor-element-651e056d elementor-widget elementor-widget-heading\" data-id=\"651e056d\" data-element_type=\"widget\" data-e-type=\"widget\" data-widget_type=\"heading.default\">\n\t\t\t\t<div class=\"elementor-widget-container\">\n\t\t\t\t\t<h2 class=\"elementor-heading-title elementor-size-default\">Og\u0142OSZENIA PARAFIALNE<\/h2>\t\t\t\t<\/div>\n\t\t\t\t<\/div>\n\t\t\t\t\t<\/div>\n\t\t<\/div>\n\t\t\t\t\t<\/div>\n\t\t<\/section>\n\t\t\t\t<section class=\"elementor-section elementor-top-section elementor-element elementor-element-caec2f7 elementor-section-boxed elementor-section-height-default elementor-section-height-default\" data-id=\"caec2f7\" data-element_type=\"section\" data-e-type=\"section\">\n\t\t\t\t\t\t<div class=\"elementor-container elementor-column-gap-default\">\n\t\t\t\t\t<div class=\"elementor-column elementor-col-100 elementor-top-column elementor-element elementor-element-12bb73c\" data-id=\"12bb73c\" data-element_type=\"column\" data-e-type=\"column\">\n\t\t\t<div class=\"elementor-widget-wrap elementor-element-populated\">\n\t\t\t\t\t\t<div class=\"elementor-element elementor-element-9193a72 elementor-widget__width-initial elementor-widget elementor-widget-text-editor\" data-id=\"9193a72\" data-element_type=\"widget\" data-e-type=\"widget\" data-widget_type=\"text-editor.default\">\n\t\t\t\t<div class=\"elementor-widget-container\">\n\t\t\t\t\t\t\t\t\t<p><b>IV NIEDZIELA WIELKANOCNA 26 IV 2026<\/b><\/p><p>Zapraszamy na nabo\u017ce\u0144stwo do Bo\u017cego Mi\u0142osierdzia o godz. 15.00.<\/p><div><b>Obchody liturgiczne tygodnia:\u00a0<\/b><\/div><div><b>\u00a0<\/b><\/div><ul><li><b>\u015broda <\/b>\u2013 \u015bwi\u0119to \u015bw. Katarzyny Siene\u0144skiej, dziewicy i doktora Ko\u015bcio\u0142a, patronki Europy \u2013 Msza \u015bw. z nowenn\u0105 do Matki Boskiej Starowiejskiej;<\/li><li><b>czwartek <\/b>\u2013 od godz. 8.00 wyj\u0105tkowo odwiedziny chorych w domach z racji pierwszego pi\u0105tku miesi\u0105ca. Od godziny 17.30 mo\u017cliwo\u015b\u0107 spowiedzi \u015bw., po Mszy \u015bw. wieczornej procesja z Naj\u015bwi\u0119tszym Sakramentem i Litani\u0105 loreta\u0144sk\u0105 na rozpocz\u0119cie nabo\u017ce\u0144stw majowych. Serdecznie zapraszamy do licznego udzia\u0142u. Prosimy o przybycie pa\u0144 nios\u0105cych \u015bwiat\u0142o i pan\u00f3w do baldachimu. Zapraszamy naszych tr\u0119baczy, aby kontynuowali pi\u0119kn\u0105 tradycj\u0119 grania pie\u015bni z wie\u017cy ko\u015bcielnej przed nabo\u017ce\u0144stwami majowymi.<\/li><li><b>pi\u0105tek <\/b>\u2013 pierwszy miesi\u0105ca \u2013 wspomnienie \u015bw. J\u00f3zefa Robotnika, o godz. 8.00 z parkingu spod ko\u015bcio\u0142a wyruszamy na pielgrzymk\u0119 do Matki Boskiej Frydeckiej we Frydku-Mistku w Czeskiej Republice. O godz. 10.30 Msza \u015bw. w tamtejszym sanktuarium, a nast\u0119pnie powr\u00f3t do Starej Wsi. Jest pro\u015bba, aby ubra\u0107 si\u0119 w stroje regionalne.\u00a0<span style=\"font-family: var( --e-global-typography-text-font-family ), Sans-serif; font-style: var( --e-global-typography-text-font-style ); letter-spacing: var( --e-global-typography-text-letter-spacing ); text-transform: var( --e-global-typography-text-text-transform );\">Od godz. 17.00 Spowied\u017a \u015bw. W tym dniu prosimy o doko\u0144czenie sprz\u0105tania ko\u015bcio\u0142a rodzic\u00f3w dzieci z klas II, dzi\u0119kuj\u0105c za wczorajsze porz\u0105dki i sprz\u0105tanie ko\u015bcio\u0142a oraz otoczenia plebanii.\u00a0<\/span><span style=\"font-family: var( --e-global-typography-text-font-family ), Sans-serif; font-style: var( --e-global-typography-text-font-style ); letter-spacing: var( --e-global-typography-text-letter-spacing ); text-transform: var( --e-global-typography-text-text-transform );\">Z racji 1 maja ks. bp Roman Pindel udzieli\u0142 wszystkim wiernym dyspensy od wstrzemi\u0119\u017aliwo\u015bci od pokarm\u00f3w mi\u0119snych. Jednocze\u015bnie ks. Biskup zobowi\u0105zuje korzystaj\u0105cych dobrowolnie z dyspensy, do podj\u0119cia dowolnej formy pokuty w innym czasie (np. odm\u00f3wienie dowolnej modlitwy w intencjach Ojca \u015awi\u0119tego lub z\u0142o\u017cenie ofiary na misje, biednych lub inne dzie\u0142a charytatywne).\u00a0<\/span><\/li><li><b>sobota <\/b>\u2013 pierwsza miesi\u0105ca \u2013 liturgiczna uroczysto\u015b\u0107 Naj\u015bwi\u0119tszej Marii Panny Kr\u00f3lowej Polski; o godz. 7.15 rozpocz\u0119cie nabo\u017ce\u0144stwa wynagradzaj\u0105cego Niepokalanemu Sercu NMP; o godz. 15.30 odnowienie przyrzecze\u0144 chrzcielnych dla dzieci przygotowuj\u0105cych si\u0119 do I Komunii \u015bw. (dzieci przynosz\u0105 ze sob\u0105 \u015bwiece chrzcielne), a nast\u0119pnie spowied\u017a \u015bw. dla nich i cz\u0142onk\u00f3w ich rodzin;<\/li><li><b>niedziela <\/b>\u2013 po Mszy \u015bw. o godz. 8.00 zmianka r\u00f3\u017ca\u0144cowa, na Sumie o godz. 11.00 uroczysto\u015b\u0107 Pierwszej Komunii \u015bw. Prosimy, aby Parafianie niezwi\u0105zani z dzie\u0107mi przyst\u0119puj\u0105cymi do I Komunii \u015bw. wybrali inn\u0105 godzin\u0119 Mszy \u015bw. Z racji bia\u0142ego tygodnia do nast\u0119pnej niedzieli zapraszamy codziennie dzieci pierwszokomunijne w strojach i ich rodzic\u00f3w na nabo\u017ce\u0144stwo majowe i Msz\u0119 \u015bw.<\/li><\/ul>\t\t\t\t\t\t\t\t<\/div>\n\t\t\t\t<\/div>\n\t\t\t\t\t<\/div>\n\t\t<\/div>\n\t\t\t\t\t<\/div>\n\t\t<\/section>\n\t\t\t\t<section class=\"elementor-section elementor-top-section elementor-element elementor-element-ccd688c elementor-section-boxed elementor-section-height-default elementor-section-height-default\" data-id=\"ccd688c\" data-element_type=\"section\" data-e-type=\"section\">\n\t\t\t\t\t\t<div class=\"elementor-container elementor-column-gap-default\">\n\t\t\t\t\t<div class=\"elementor-column elementor-col-100 elementor-top-column elementor-element elementor-element-676f350\" data-id=\"676f350\" data-element_type=\"column\" data-e-type=\"column\">\n\t\t\t<div class=\"elementor-widget-wrap elementor-element-populated\">\n\t\t\t\t\t\t<div class=\"elementor-element elementor-element-80f8d82 elementor-widget__width-initial elementor-widget elementor-widget-text-editor\" data-id=\"80f8d82\" data-element_type=\"widget\" data-e-type=\"widget\" data-widget_type=\"text-editor.default\">\n\t\t\t\t<div class=\"elementor-widget-container\">\n\t\t\t\t\t\t\t\t\t<div style=\"text-align: left;\">\n<p><b>Nabo\u017ce\u0144stwa majowe w naszym ko\u015bciele w tygodniu o godz. 17.30, a w niedziel\u0119 o godz. 15.00. Serdecznie zapraszamy. &nbsp;&nbsp;<\/b><\/p>\n<p><b>Pr\u00f3by dla dzieci z klas III przed uroczysto\u015bci\u0105 I Komunii \u015bw. w poniedzia\u0142ek i \u015brod\u0119 o godz. 16.30.<\/b><\/p>\n<p><b>Podobnie jak w minionym roku Msza \u015bw. dzi\u0119kczynna w I. rocznic\u0119 Komunii \u015bw. <\/b>dzieci z klas IV b\u0119dzie pod Krzy\u017cem Jubileuszowym w Bo\u017ce Cia\u0142o, z tej okazji planowana jest tak\u017ce pielgrzymka w sobot\u0119 13 czerwca br. do Lud\u017amierza i Zakopanego.<\/p>\n<p><b>Beskidzkie Muzeum Rozproszone Diecezji Bielsko-\u017bywieckiej zaprasza na wernisa\u017c wystawy pt.: \u201eBlask ikony\u201d, we wtorek 28 kwietnia 2026 r., o godz. 18.00 w ko\u015bciele \u015a\u015a. Aposto\u0142\u00f3w Szymona i Judy Tadeusza w Nidku, prezentuj\u0105cej ikony namalowane przez nasze Parafianki (wystawa potrwa do 31 pa\u017adziernika 2026 r.).<\/b><\/p>\n<\/div>\t\t\t\t\t\t\t\t<\/div>\n\t\t\t\t<\/div>\n\t\t\t\t\t<\/div>\n\t\t<\/div>\n\t\t\t\t\t<\/div>\n\t\t<\/section>\n\t\t\t\t<section class=\"elementor-section elementor-top-section elementor-element elementor-element-04b045b elementor-section-boxed elementor-section-height-default elementor-section-height-default\" data-id=\"04b045b\" data-element_type=\"section\" data-e-type=\"section\">\n\t\t\t\t\t\t<div class=\"elementor-container elementor-column-gap-default\">\n\t\t\t\t\t<div class=\"elementor-column elementor-col-100 elementor-top-column elementor-element elementor-element-ea16e99\" data-id=\"ea16e99\" data-element_type=\"column\" data-e-type=\"column\">\n\t\t\t<div class=\"elementor-widget-wrap elementor-element-populated\">\n\t\t\t\t\t\t<div class=\"elementor-element elementor-element-97e17f3 elementor-skin-carousel elementor-arrows-yes elementor-pagination-type-bullets elementor-pagination-position-outside elementor-widget elementor-widget-global elementor-global-562 elementor-widget-media-carousel\" data-id=\"97e17f3\" data-element_type=\"widget\" data-e-type=\"widget\" data-settings=\"{&quot;autoplay_speed&quot;:3000,&quot;skin&quot;:&quot;carousel&quot;,&quot;effect&quot;:&quot;slide&quot;,&quot;show_arrows&quot;:&quot;yes&quot;,&quot;pagination&quot;:&quot;bullets&quot;,&quot;speed&quot;:500,&quot;autoplay&quot;:&quot;yes&quot;,&quot;loop&quot;:&quot;yes&quot;,&quot;pause_on_hover&quot;:&quot;yes&quot;,&quot;pause_on_interaction&quot;:&quot;yes&quot;,&quot;space_between&quot;:{&quot;unit&quot;:&quot;px&quot;,&quot;size&quot;:10,&quot;sizes&quot;:[]},&quot;space_between_tablet&quot;:{&quot;unit&quot;:&quot;px&quot;,&quot;size&quot;:10,&quot;sizes&quot;:[]},&quot;space_between_mobile&quot;:{&quot;unit&quot;:&quot;px&quot;,&quot;size&quot;:10,&quot;sizes&quot;:[]}}\" data-widget_type=\"media-carousel.default\">\n\t\t\t\t<div class=\"elementor-widget-container\">\n\t\t\t\t\t\t\t\t\t<div class=\"elementor-swiper\">\n\t\t\t\t\t<div class=\"elementor-main-swiper swiper\" role=\"region\" aria-roledescription=\"carousel\" aria-label=\"Slajdy\">\n\t\t\t\t<div class=\"swiper-wrapper\">\n\t\t\t\t\t\t\t\t\t\t\t<div class=\"swiper-slide\" role=\"group\" aria-roledescription=\"slide\">\n\t\t\t\t\t\t\t<a href=\"https:\/\/beskidzkiemuro.pl\" target=\"_blank\">\t\t<div class=\"elementor-carousel-image\" role=\"img\" aria-label=\"muro001\" style=\"background-image: url(&#039;https:\/\/parafiawstarejwsi.pl\/wp-content\/uploads\/elementor\/thumbs\/muro001-q0sh77tvr8sbh81r4aeybxnggl9n9g1uc5vpbf0xba.png&#039;)\">\n\n\t\t\t\n\t\t\t\t\t<\/div>\n\t\t<\/a>\t\t\t\t\t\t<\/div>\n\t\t\t\t\t\t\t\t\t\t\t<div class=\"swiper-slide\" role=\"group\" aria-roledescription=\"slide\">\n\t\t\t\t\t\t\t\t\t<div class=\"elementor-carousel-image\" role=\"img\" aria-label=\"drewno001\" style=\"background-image: url(&#039;https:\/\/parafiawstarejwsi.pl\/wp-content\/uploads\/elementor\/thumbs\/drewno001-q0shdbs46h5exz69fxhnje5bgr5jamb16ejbm5ysva.png&#039;)\">\n\n\t\t\t\n\t\t\t\t\t<\/div>\n\t\t\t\t\t\t\t\t<\/div>\n\t\t\t\t\t\t\t\t\t\t\t<div class=\"swiper-slide\" role=\"group\" aria-roledescription=\"slide\">\n\t\t\t\t\t\t\t<a href=\"https:\/\/www.lso.wstarejwsi.pl\" target=\"_blank\">\t\t<div class=\"elementor-carousel-image\" role=\"img\" aria-label=\"minis002\" style=\"background-image: url(&#039;https:\/\/parafiawstarejwsi.pl\/wp-content\/uploads\/elementor\/thumbs\/minis002-q0sgr5r504sz51dfvuje8hiz4mewrlax4oo368u1ly.png&#039;)\">\n\n\t\t\t\n\t\t\t\t\t<\/div>\n\t\t<\/a>\t\t\t\t\t\t<\/div>\n\t\t\t\t\t\t\t\t\t\t\t<div class=\"swiper-slide\" role=\"group\" aria-roledescription=\"slide\">\n\t\t\t\t\t\t\t<a href=\"https:\/\/diecezja.bielsko.pl\" target=\"_blank\">\t\t<div class=\"elementor-carousel-image\" role=\"img\" aria-label=\"diecezja001\" style=\"background-image: url(&#039;https:\/\/parafiawstarejwsi.pl\/wp-content\/uploads\/elementor\/thumbs\/diecezja001-q12u78rl1iqpjb3avml5if39488j3adt6pythl5odi.png&#039;)\">\n\n\t\t\t\n\t\t\t\t\t<\/div>\n\t\t<\/a>\t\t\t\t\t\t<\/div>\n\t\t\t\t\t\t\t\t\t<\/div>\n\t\t\t\t\t\t\t\t\t\t\t\t\t\t\t<div class=\"elementor-swiper-button elementor-swiper-button-prev\" role=\"button\" tabindex=\"0\" aria-label=\"Poprzedni\">\n\t\t\t\t\t\t\t<i aria-hidden=\"true\" class=\"eicon-chevron-left\"><\/i>\t\t\t\t\t\t<\/div>\n\t\t\t\t\t\t<div class=\"elementor-swiper-button elementor-swiper-button-next\" role=\"button\" tabindex=\"0\" aria-label=\"Nast\u0119pny\">\n\t\t\t\t\t\t\t<i aria-hidden=\"true\" class=\"eicon-chevron-right\"><\/i>\t\t\t\t\t\t<\/div>\n\t\t\t\t\t\t\t\t\t\t\t\t\t\t\t\t<div class=\"swiper-pagination\"><\/div>\n\t\t\t\t\t\t\t\t\t\t\t\t<\/div>\n\t\t\t\t<\/div>\n\t\t\t\t\t\t\t\t<\/div>\n\t\t\t\t<\/div>\n\t\t\t\t\t<\/div>\n\t\t<\/div>\n\t\t\t\t\t<\/div>\n\t\t<\/section>\n\t\t\t\t<\/div>\n\t\t","protected":false},"excerpt":{"rendered":"<p>Og\u0142OSZENIA PARAFIALNE IV NIEDZIELA WIELKANOCNA 26 IV 2026 Zapraszamy na nabo\u017ce\u0144stwo do Bo\u017cego Mi\u0142osierdzia o godz. 15.00. Obchody liturgiczne tygodnia:\u00a0\u00a0 \u015broda \u2013 \u015bwi\u0119to \u015bw. Katarzyny Siene\u0144skiej, dziewicy i doktora Ko\u015bcio\u0142a, patronki Europy \u2013 Msza \u015bw. z nowenn\u0105 do Matki Boskiej Starowiejskiej; czwartek \u2013 od godz. 8.00 wyj\u0105tkowo odwiedziny chorych w domach z racji pierwszego pi\u0105tku [&hellip;]<\/p>\n","protected":false},"author":2,"featured_media":0,"parent":0,"menu_order":0,"comment_status":"closed","ping_status":"closed","template":"","meta":{"footnotes":""},"class_list":["post-23","page","type-page","status-publish","hentry"],"_links":{"self":[{"href":"https:\/\/parafiawstarejwsi.pl\/index.php\/wp-json\/wp\/v2\/pages\/23","targetHints":{"allow":["GET"]}}],"collection":[{"href":"https:\/\/parafiawstarejwsi.pl\/index.php\/wp-json\/wp\/v2\/pages"}],"about":[{"href":"https:\/\/parafiawstarejwsi.pl\/index.php\/wp-json\/wp\/v2\/types\/page"}],"author":[{"embeddable":true,"href":"https:\/\/parafiawstarejwsi.pl\/index.php\/wp-json\/wp\/v2\/users\/2"}],"replies":[{"embeddable":true,"href":"https:\/\/parafiawstarejwsi.pl\/index.php\/wp-json\/wp\/v2\/comments?post=23"}],"version-history":[{"count":862,"href":"https:\/\/parafiawstarejwsi.pl\/index.php\/wp-json\/wp\/v2\/pages\/23\/revisions"}],"predecessor-version":[{"id":3665,"href":"https:\/\/parafiawstarejwsi.pl\/index.php\/wp-json\/wp\/v2\/pages\/23\/revisions\/3665"}],"wp:attachment":[{"href":"https:\/\/parafiawstarejwsi.pl\/index.php\/wp-json\/wp\/v2\/media?parent=23"}],"curies":[{"name":"wp","href":"https:\/\/api.w.org\/{rel}","templated":true}]}}